{"id":256,"date":"2021-08-15T09:48:48","date_gmt":"2021-08-15T09:48:48","guid":{"rendered":"https:\/\/progettoconcittadino.it\/?page_id=256"},"modified":"2021-08-15T10:04:15","modified_gmt":"2021-08-15T10:04:15","slug":"sindaco-a-della-notte","status":"publish","type":"page","link":"https:\/\/progettoconcittadino.it\/?page_id=256","title":{"rendered":"Sindaco\/a della notte"},"content":{"rendered":"\t\t<div data-elementor-type=\"wp-page\" data-elementor-id=\"256\" class=\"elementor elementor-256\" data-elementor-settings=\"[]\">\n\t\t\t\t\t\t\t<div class=\"elementor-section-wrap\">\n\t\t\t\t\t\t\t<section class=\"elementor-section elementor-top-section elementor-element elementor-element-caf8aac elementor-section-boxed elementor-section-height-default elementor-section-height-default\" data-id=\"caf8aac\" data-element_type=\"section\">\n\t\t\t\t\t\t<div class=\"elementor-container elementor-column-gap-default\">\n\t\t\t\t\t<div class=\"elementor-column elementor-col-100 elementor-top-column elementor-element elementor-element-481caac6\" data-id=\"481caac6\" data-element_type=\"column\">\n\t\t\t<div class=\"elementor-widget-wrap elementor-element-populated\">\n\t\t\t\t\t\t\t\t<div class=\"elementor-element elementor-element-58c94920 elementor-widget elementor-widget-spacer\" data-id=\"58c94920\" data-element_type=\"widget\" data-widget_type=\"spacer.default\">\n\t\t\t\t<div class=\"elementor-widget-container\">\n\t\t\t\t\t<div class=\"elementor-spacer\">\n\t\t\t<div class=\"elementor-spacer-inner\"><\/div>\n\t\t<\/div>\n\t\t\t\t<\/div>\n\t\t\t\t<\/div>\n\t\t\t\t\t<\/div>\n\t\t<\/div>\n\t\t\t\t\t\t\t<\/div>\n\t\t<\/section>\n\t\t\t\t<section class=\"elementor-section elementor-top-section elementor-element elementor-element-4b6d52c0 elementor-section-boxed elementor-section-height-default elementor-section-height-default\" data-id=\"4b6d52c0\" data-element_type=\"section\">\n\t\t\t\t\t\t<div class=\"elementor-container elementor-column-gap-default\">\n\t\t\t\t\t<div class=\"elementor-column elementor-col-100 elementor-top-column elementor-element elementor-element-530a34a1\" data-id=\"530a34a1\" data-element_type=\"column\">\n\t\t\t<div class=\"elementor-widget-wrap elementor-element-populated\">\n\t\t\t\t\t\t\t\t<div class=\"elementor-element elementor-element-7d626983 elementor-widget elementor-widget-heading\" data-id=\"7d626983\" data-element_type=\"widget\" data-widget_type=\"heading.default\">\n\t\t\t\t<div class=\"elementor-widget-container\">\n\t\t\t<h3 class=\"elementor-heading-title elementor-size-default\">Sindaco\/a della notte \/\/ Vita notturna, impresa culturale giovanile e\ncreativit\u00e0 in citt\u00e0<\/h3>\t\t<\/div>\n\t\t\t\t<\/div>\n\t\t\t\t\t<\/div>\n\t\t<\/div>\n\t\t\t\t\t\t\t<\/div>\n\t\t<\/section>\n\t\t\t\t<section class=\"elementor-section elementor-top-section elementor-element elementor-element-1d25965d elementor-section-boxed elementor-section-height-default elementor-section-height-default\" data-id=\"1d25965d\" data-element_type=\"section\">\n\t\t\t\t\t\t<div class=\"elementor-container elementor-column-gap-default\">\n\t\t\t\t\t<div class=\"elementor-column elementor-col-100 elementor-top-column elementor-element elementor-element-5b9b9e8\" data-id=\"5b9b9e8\" data-element_type=\"column\">\n\t\t\t<div class=\"elementor-widget-wrap elementor-element-populated\">\n\t\t\t\t\t\t\t\t<div class=\"elementor-element elementor-element-795a7a7b elementor-widget elementor-widget-spacer\" data-id=\"795a7a7b\" data-element_type=\"widget\" data-widget_type=\"spacer.default\">\n\t\t\t\t<div class=\"elementor-widget-container\">\n\t\t\t\t\t<div class=\"elementor-spacer\">\n\t\t\t<div class=\"elementor-spacer-inner\"><\/div>\n\t\t<\/div>\n\t\t\t\t<\/div>\n\t\t\t\t<\/div>\n\t\t\t\t\t<\/div>\n\t\t<\/div>\n\t\t\t\t\t\t\t<\/div>\n\t\t<\/section>\n\t\t\t\t<section class=\"elementor-section elementor-top-section elementor-element elementor-element-42f4a63f elementor-section-boxed elementor-section-height-default elementor-section-height-default\" data-id=\"42f4a63f\" data-element_type=\"section\">\n\t\t\t\t\t\t<div class=\"elementor-container elementor-column-gap-default\">\n\t\t\t\t\t<div class=\"elementor-column elementor-col-100 elementor-top-column elementor-element elementor-element-55322678\" data-id=\"55322678\" data-element_type=\"column\">\n\t\t\t<div class=\"elementor-widget-wrap elementor-element-populated\">\n\t\t\t\t\t\t\t\t<div class=\"elementor-element elementor-element-1679a910 elementor-widget-divider--view-line elementor-widget elementor-widget-divider\" data-id=\"1679a910\" data-element_type=\"widget\" data-widget_type=\"divider.default\">\n\t\t\t\t<div class=\"elementor-widget-container\">\n\t\t\t\t\t<div class=\"elementor-divider\">\n\t\t\t<span class=\"elementor-divider-separator\">\n\t\t\t\t\t\t<\/span>\n\t\t<\/div>\n\t\t\t\t<\/div>\n\t\t\t\t<\/div>\n\t\t\t\t\t<\/div>\n\t\t<\/div>\n\t\t\t\t\t\t\t<\/div>\n\t\t<\/section>\n\t\t\t\t<section class=\"elementor-section elementor-top-section elementor-element elementor-element-51b3cc1f elementor-section-boxed elementor-section-height-default elementor-section-height-default\" data-id=\"51b3cc1f\" data-element_type=\"section\">\n\t\t\t\t\t\t<div class=\"elementor-container elementor-column-gap-default\">\n\t\t\t\t\t<div class=\"elementor-column elementor-col-100 elementor-top-column elementor-element elementor-element-57a54e61\" data-id=\"57a54e61\" data-element_type=\"column\">\n\t\t\t<div class=\"elementor-widget-wrap elementor-element-populated\">\n\t\t\t\t\t\t\t\t<div class=\"elementor-element elementor-element-3b020321 elementor-widget elementor-widget-spacer\" data-id=\"3b020321\" data-element_type=\"widget\" data-widget_type=\"spacer.default\">\n\t\t\t\t<div class=\"elementor-widget-container\">\n\t\t\t\t\t<div class=\"elementor-spacer\">\n\t\t\t<div class=\"elementor-spacer-inner\"><\/div>\n\t\t<\/div>\n\t\t\t\t<\/div>\n\t\t\t\t<\/div>\n\t\t\t\t\t<\/div>\n\t\t<\/div>\n\t\t\t\t\t\t\t<\/div>\n\t\t<\/section>\n\t\t\t\t<section class=\"elementor-section elementor-top-section elementor-element elementor-element-605526eb elementor-section-boxed elementor-section-height-default elementor-section-height-default\" data-id=\"605526eb\" data-element_type=\"section\">\n\t\t\t\t\t\t<div class=\"elementor-container elementor-column-gap-default\">\n\t\t\t\t\t<div class=\"elementor-column elementor-col-100 elementor-top-column elementor-element elementor-element-774d7c9d\" data-id=\"774d7c9d\" data-element_type=\"column\">\n\t\t\t<div class=\"elementor-widget-wrap elementor-element-populated\">\n\t\t\t\t\t\t\t\t<div class=\"elementor-element elementor-element-dda8a3b elementor-widget elementor-widget-text-editor\" data-id=\"dda8a3b\" data-element_type=\"widget\" data-widget_type=\"text-editor.default\">\n\t\t\t\t<div class=\"elementor-widget-container\">\n\t\t\t\t\t\t\t\t<p>La vita notturna \u00e8 spesso un problema per le Amministrazioni cittadine, e Varese non \u00e8 da meno. Quando la vita notturna viene lasciata sbocciare pu\u00f2 essere una risorsa, che incontra il consenso della citt\u00e0 e ne caratterizza la comunit\u00e0; quando viene<br \/>abbandonata a s\u00e9 stessa, pu\u00f2 generare fastidi e criminalit\u00e0; se viene repressa infine, il rischio \u00e8 quello di eliminare, creando un vuoto, una parte vitale dell&#8217;esperienza cittadina di molte persone.<\/p><p>\u00a0<\/p><p>Pensiamo che l\u2019Amministrazione cittadina abbia bisogno di una guida dedicata che\u00a0<span style=\"color: var(--global--color-primary); font-size: var(--global--font-size-base); font-family: var(--global--font-secondary);\">la supporti nella gestione della vita notturna cittadina, nei suoi aspetti creativi e\u00a0<\/span><span style=\"color: var(--global--color-primary); font-size: var(--global--font-size-base); font-family: var(--global--font-secondary);\">conflittuali. Questo perch\u00e9 chi si occupa prettamente di politica non sempre ha<\/span><\/p><p>familiarit\u00e0 con tutti gli aspetti della vita notturna cittadina, o non conosce i numerosi\u00a0<span style=\"color: var(--global--color-primary); font-size: var(--global--font-size-base); font-family: var(--global--font-secondary);\">elementi, anche professionali, che ruotano intorno alla sua organizzazione. Troppo\u00a0<\/span><span style=\"color: var(--global--color-primary); font-size: var(--global--font-size-base); font-family: var(--global--font-secondary);\">spesso si tratta la vita notturna esclusivamente come un problema, quando invece\u00a0<\/span><span style=\"color: var(--global--color-primary); font-size: var(--global--font-size-base); font-family: var(--global--font-secondary);\">essa pu\u00f2 essere un\u2019opportunit\u00e0 per costruire una citt\u00e0 nuova e migliore, pi\u00f9\u00a0<\/span><span style=\"color: var(--global--color-primary); font-size: var(--global--font-size-base); font-family: var(--global--font-secondary);\">viva e inclusiva. Per questo motivo, abbiamo pensato di proporre l\u2019istituzione di una\u00a0<\/span><span style=\"color: var(--global--color-primary); font-size: var(--global--font-size-base); font-family: var(--global--font-secondary);\">nuova figura: il\/la Sindaco\/a della notte, gi\u00e0 attivo in altre citt\u00e0 europee e al momento\u00a0<\/span><span style=\"color: var(--global--color-primary); font-size: var(--global--font-size-base); font-family: var(--global--font-secondary);\">in discussione in alcune citt\u00e0 italiane, che ha il compito di facilitare e coordinare la\u00a0<\/span><span style=\"color: var(--global--color-primary); font-size: var(--global--font-size-base); font-family: var(--global--font-secondary);\">relazione tra residenti, Amministrazione, utenti notturni e gli altri attori della vita\u00a0<\/span><span style=\"color: var(--global--color-primary); font-size: var(--global--font-size-base); font-family: var(--global--font-secondary);\">cittadina.<\/span><\/p><p><span style=\"color: var(--global--color-primary); font-size: var(--global--font-size-base); font-family: var(--global--font-secondary);\">\u00a0<\/span><\/p><p>Varese ha sempre espresso un approccio votato all\u2019imprenditorialit\u00e0, declinando il\u00a0<span style=\"color: var(--global--color-primary); font-size: var(--global--font-size-base); font-family: var(--global--font-secondary);\">tempo libero esclusivamente negli ambiti dello sport e del turismo. Ora, dopo l\u2019avvento\u00a0<\/span><span style=\"color: var(--global--color-primary); font-size: var(--global--font-size-base); font-family: var(--global--font-secondary);\">della crisi da COVID19, pensiamo sia arrivato il momento di promuovere modalit\u00e0 di\u00a0<\/span><span style=\"color: var(--global--color-primary); font-size: var(--global--font-size-base); font-family: var(--global--font-secondary);\">fruizione del territorio cittadino nuove e libere dall\u2019obbligo del consumo.\u00a0<\/span><span style=\"color: var(--global--color-primary); font-size: var(--global--font-size-base); font-family: var(--global--font-secondary);\">Questa esigenza \u00e8 particolarmente pressante per i giovani e le minoranze, per i quali\u00a0<\/span><span style=\"color: var(--global--color-primary); font-size: var(--global--font-size-base); font-family: var(--global--font-secondary);\">mancano luoghi di aggregazione e interazione liberi in citt\u00e0. Pensiamo sia necessario\u00a0<\/span><span style=\"color: var(--global--color-primary); font-size: var(--global--font-size-base); font-family: var(--global--font-secondary);\">tornare a confrontarsi e interagire di persona, sfruttando ogni centimetro della citt\u00e0,\u00a0<\/span><span style=\"color: var(--global--color-primary); font-size: var(--global--font-size-base); font-family: var(--global--font-secondary);\">riappropriandosi delle strade, oltre che di spazi nuovi e non esclusivi, e immaginando\u00a0<\/span><span style=\"color: var(--global--color-primary); font-size: var(--global--font-size-base); font-family: var(--global--font-secondary);\">un rapporto collaborativo con le forze dell\u2019ordine. Una citt\u00e0 dovrebbe essere il centro\u00a0<\/span><span style=\"color: var(--global--color-primary); font-size: var(--global--font-size-base); font-family: var(--global--font-secondary);\">attorno al quale gravita tutta la popolazione del territorio circostante, creando\u00a0<\/span><span style=\"color: var(--global--color-primary); font-size: var(--global--font-size-base); font-family: var(--global--font-secondary);\">opportunit\u00e0 e arricchendosi di conseguenza.<\/span><\/p><p><span style=\"color: var(--global--color-primary); font-size: var(--global--font-size-base); font-family: var(--global--font-secondary);\">\u00a0<\/span><\/p><p>Il\/la Sindaco\/a della notte avr\u00e0 alle spalle un comitato consultivo che\u00a0<span style=\"color: var(--global--color-primary); font-size: var(--global--font-size-base); font-family: var(--global--font-secondary);\">comprender\u00e0 alcuni stakeholders (artisti, lavoratori della vita notturna,\u00a0<\/span><span style=\"color: var(--global--color-primary); font-size: var(--global--font-size-base); font-family: var(--global--font-secondary);\">rappresentanti della comunit\u00e0, esperti di zonizzazione, sociologi, tra gli altri) e un hub di\u00a0<\/span><span style=\"color: var(--global--color-primary); font-size: var(--global--font-size-base); font-family: var(--global--font-secondary);\">partecipazione pi\u00f9 ampio che si potrebbe interfacciare con i Consigli di Quartiere.<\/span><\/p>\t\t\t\t\t\t<\/div>\n\t\t\t\t<\/div>\n\t\t\t\t\t<\/div>\n\t\t<\/div>\n\t\t\t\t\t\t\t<\/div>\n\t\t<\/section>\n\t\t\t\t<section class=\"elementor-section elementor-top-section elementor-element elementor-element-7bb280ee elementor-section-boxed elementor-section-height-default elementor-section-height-default\" data-id=\"7bb280ee\" data-element_type=\"section\">\n\t\t\t\t\t\t<div class=\"elementor-container elementor-column-gap-default\">\n\t\t\t\t\t<div class=\"elementor-column elementor-col-100 elementor-top-column elementor-element elementor-element-7a1b96d2\" data-id=\"7a1b96d2\" data-element_type=\"column\">\n\t\t\t<div class=\"elementor-widget-wrap elementor-element-populated\">\n\t\t\t\t\t\t\t\t<div class=\"elementor-element elementor-element-56bfbfd6 elementor-widget elementor-widget-spacer\" data-id=\"56bfbfd6\" data-element_type=\"widget\" data-widget_type=\"spacer.default\">\n\t\t\t\t<div class=\"elementor-widget-container\">\n\t\t\t\t\t<div class=\"elementor-spacer\">\n\t\t\t<div class=\"elementor-spacer-inner\"><\/div>\n\t\t<\/div>\n\t\t\t\t<\/div>\n\t\t\t\t<\/div>\n\t\t\t\t\t<\/div>\n\t\t<\/div>\n\t\t\t\t\t\t\t<\/div>\n\t\t<\/section>\n\t\t\t\t<section class=\"elementor-section elementor-top-section elementor-element elementor-element-52e1572b elementor-section-boxed elementor-section-height-default elementor-section-height-default\" data-id=\"52e1572b\" data-element_type=\"section\" data-settings=\"{&quot;background_background&quot;:&quot;classic&quot;,&quot;shape_divider_top&quot;:&quot;opacity-tilt&quot;}\">\n\t\t\t\t\t<div class=\"elementor-shape elementor-shape-top\" data-negative=\"false\">\n\t\t\t<svg xmlns=\"http:\/\/www.w3.org\/2000\/svg\" viewBox=\"0 0 2600 131.1\" preserveAspectRatio=\"none\">\n\t<path class=\"elementor-shape-fill\" d=\"M0 0L2600 0 2600 69.1 0 0z\"\/>\n\t<path class=\"elementor-shape-fill\" style=\"opacity:0.5\" d=\"M0 0L2600 0 2600 69.1 0 69.1z\"\/>\n\t<path class=\"elementor-shape-fill\" style=\"opacity:0.25\" d=\"M2600 0L0 0 0 130.1 2600 69.1z\"\/>\n<\/svg>\t\t<\/div>\n\t\t\t\t\t<div class=\"elementor-container elementor-column-gap-default\">\n\t\t\t\t\t<div class=\"elementor-column elementor-col-100 elementor-top-column elementor-element elementor-element-6f112c16\" data-id=\"6f112c16\" data-element_type=\"column\">\n\t\t\t<div class=\"elementor-widget-wrap elementor-element-populated\">\n\t\t\t\t\t\t\t\t<div class=\"elementor-element elementor-element-1caa7d42 elementor-widget elementor-widget-heading\" data-id=\"1caa7d42\" data-element_type=\"widget\" data-widget_type=\"heading.default\">\n\t\t\t\t<div class=\"elementor-widget-container\">\n\t\t\t<h2 class=\"elementor-heading-title elementor-size-xl\">Tra le attivit\u00e0 di competenza del\/la Sindaco\/a della notte citiamo:<\/h2>\t\t<\/div>\n\t\t\t\t<\/div>\n\t\t\t\t<div class=\"elementor-element elementor-element-5e6e7ae1 elementor-widget elementor-widget-text-editor\" data-id=\"5e6e7ae1\" data-element_type=\"widget\" data-widget_type=\"text-editor.default\">\n\t\t\t\t<div class=\"elementor-widget-container\">\n\t\t\t\t\t\t\t\t<ul><li><strong>La zonizzazione del rumore e l\u2019efficientamento della Pubblica Amministrazione (fornendo strumenti adeguati per sostenere e comprendere l&#8217;imprenditoria culturale).<\/strong><\/li><\/ul><ul><li><strong>L&#8217;adeguamento dei regolamenti comunali ad una visione di citt\u00e0 libera ed inclusiva.<\/strong><\/li><\/ul><ul><li><strong>Lo sviluppo del protagonismo giovanile nell\u2019impresa culturale (attraverso l\u2019affiancamento e la co-progettazione di spazi e iniziative dedicati e costruiti dalle Associazioni e dai gruppi informali).<\/strong><\/li><\/ul><ul><li><strong>Una gestione non securitaria dello spazio pubblico (per esempio favorendo la creazione di presidi notturni, che offrono consigli e aiutano ad arginare potenziali comportamenti antisociali).<\/strong><\/li><\/ul>\t\t\t\t\t\t<\/div>\n\t\t\t\t<\/div>\n\t\t\t\t\t<\/div>\n\t\t<\/div>\n\t\t\t\t\t\t\t<\/div>\n\t\t<\/section>\n\t\t\t\t<section class=\"elementor-section elementor-top-section elementor-element elementor-element-5f35c349 elementor-section-boxed elementor-section-height-default elementor-section-height-default\" data-id=\"5f35c349\" data-element_type=\"section\">\n\t\t\t\t\t\t<div class=\"elementor-container elementor-column-gap-default\">\n\t\t\t\t\t<div class=\"elementor-column elementor-col-100 elementor-top-column elementor-element elementor-element-35af7581\" data-id=\"35af7581\" data-element_type=\"column\">\n\t\t\t<div class=\"elementor-widget-wrap\">\n\t\t\t\t\t\t\t\t\t<\/div>\n\t\t<\/div>\n\t\t\t\t\t\t\t<\/div>\n\t\t<\/section>\n\t\t\t\t<section class=\"elementor-section elementor-top-section elementor-element elementor-element-67681e72 elementor-section-boxed elementor-section-height-default elementor-section-height-default\" data-id=\"67681e72\" data-element_type=\"section\">\n\t\t\t\t\t\t<div class=\"elementor-container elementor-column-gap-default\">\n\t\t\t\t\t<div class=\"elementor-column elementor-col-100 elementor-top-column elementor-element elementor-element-69ec2731\" data-id=\"69ec2731\" data-element_type=\"column\">\n\t\t\t<div class=\"elementor-widget-wrap elementor-element-populated\">\n\t\t\t\t\t\t\t\t<div class=\"elementor-element elementor-element-6240fc61 elementor-widget elementor-widget-spacer\" data-id=\"6240fc61\" data-element_type=\"widget\" data-widget_type=\"spacer.default\">\n\t\t\t\t<div class=\"elementor-widget-container\">\n\t\t\t\t\t<div class=\"elementor-spacer\">\n\t\t\t<div class=\"elementor-spacer-inner\"><\/div>\n\t\t<\/div>\n\t\t\t\t<\/div>\n\t\t\t\t<\/div>\n\t\t\t\t\t<\/div>\n\t\t<\/div>\n\t\t\t\t\t\t\t<\/div>\n\t\t<\/section>\n\t\t\t\t<section class=\"elementor-section elementor-top-section elementor-element elementor-element-73891bec elementor-section-boxed elementor-section-height-default elementor-section-height-default\" data-id=\"73891bec\" data-element_type=\"section\">\n\t\t\t\t\t\t<div class=\"elementor-container elementor-column-gap-default\">\n\t\t\t\t\t<div class=\"elementor-column elementor-col-100 elementor-top-column elementor-element elementor-element-38ecb144\" data-id=\"38ecb144\" data-element_type=\"column\">\n\t\t\t<div class=\"elementor-widget-wrap elementor-element-populated\">\n\t\t\t\t\t\t\t\t<div class=\"elementor-element elementor-element-1963690f elementor-widget elementor-widget-text-editor\" data-id=\"1963690f\" data-element_type=\"widget\" data-widget_type=\"text-editor.default\">\n\t\t\t\t<div class=\"elementor-widget-container\">\n\t\t\t\t\t\t\t\t<p>Il\/la Sindaco\/a della notte dovr\u00e0 cercare di creare un clima in cui il ruolo sociale del\u00a0<span style=\"color: var(--global--color-primary); font-size: var(--global--font-size-base); font-family: var(--global--font-secondary);\">lavoro notturno sia valorizzato e tutelato, affinch\u00e9 la vita notturna prosperi in modo\u00a0<\/span><span style=\"color: var(--global--color-primary); font-size: var(--global--font-size-base); font-family: var(--global--font-secondary);\">responsabile per tutti. Essenziale sar\u00e0 dunque porre in relazione aziende, residenti,<\/span><\/p><p>utenti della vita notturna e figure politiche, e aprire un nuovo spazio in cui la citt\u00e0 possa\u00a0<span style=\"color: var(--global--color-primary); font-size: var(--global--font-size-base); font-family: var(--global--font-secondary);\">discutere in modo costruttivo sullo svolgimento delle attivit\u00e0 notturne.<\/span><\/p><p><span style=\"color: var(--global--color-primary); font-size: var(--global--font-size-base); font-family: var(--global--font-secondary);\">\u00a0<\/span><\/p><p>Fino ad oggi, le tutele di cui hanno usufruito i \u201cresidenti storici\u201d e gli immobiliaristi hanno\u00a0<span style=\"color: var(--global--color-primary); font-size: var(--global--font-size-base); font-family: var(--global--font-secondary);\">portato ad un graduale impoverimento della vita cittadina, svuotando spazi fino a\u00a0<\/span><span style=\"color: var(--global--color-primary); font-size: var(--global--font-size-base); font-family: var(--global--font-secondary);\">creare dei vuoti nel tessuto urbano, o rendendo inaccessibili gli immobili all\u2019impresa\u00a0<\/span><span style=\"color: var(--global--color-primary); font-size: var(--global--font-size-base); font-family: var(--global--font-secondary);\">culturale. La narrazione intorno ai temi del rumore e del degrado continua a\u00a0<\/span><span style=\"color: var(--global--color-primary); font-size: var(--global--font-size-base); font-family: var(--global--font-secondary);\">minacciare le pochissime attivit\u00e0 presenti sul territorio, portandole verso un\u00a0<\/span><span style=\"color: var(--global--color-primary); font-size: var(--global--font-size-base); font-family: var(--global--font-secondary);\">adeguamento al ribasso e accontentando le esigenze di pochi a discapito della vita di\u00a0<\/span><span style=\"color: var(--global--color-primary); font-size: var(--global--font-size-base); font-family: var(--global--font-secondary);\">molti. Tutte le categorie sopra citate verranno ricondotte all\u2019interno di un meccanismo\u00a0<\/span><span style=\"color: var(--global--color-primary); font-size: var(--global--font-size-base); font-family: var(--global--font-secondary);\">decisionale paritario e partecipativo, disinnescando le logiche clientelari che hanno\u00a0<\/span><span style=\"color: var(--global--color-primary); font-size: var(--global--font-size-base); font-family: var(--global--font-secondary);\">governato finora la citt\u00e0.<\/span><\/p>\t\t\t\t\t\t<\/div>\n\t\t\t\t<\/div>\n\t\t\t\t\t<\/div>\n\t\t<\/div>\n\t\t\t\t\t\t\t<\/div>\n\t\t<\/section>\n\t\t\t\t<section class=\"elementor-section elementor-top-section elementor-element elementor-element-695ac91b elementor-section-boxed elementor-section-height-default elementor-section-height-default\" data-id=\"695ac91b\" data-element_type=\"section\">\n\t\t\t\t\t\t<div class=\"elementor-container elementor-column-gap-default\">\n\t\t\t\t\t<div class=\"elementor-column elementor-col-100 elementor-top-column elementor-element elementor-element-6a8c561d\" data-id=\"6a8c561d\" data-element_type=\"column\">\n\t\t\t<div class=\"elementor-widget-wrap elementor-element-populated\">\n\t\t\t\t\t\t\t\t<div class=\"elementor-element elementor-element-1819c413 elementor-widget elementor-widget-spacer\" data-id=\"1819c413\" data-element_type=\"widget\" data-widget_type=\"spacer.default\">\n\t\t\t\t<div class=\"elementor-widget-container\">\n\t\t\t\t\t<div class=\"elementor-spacer\">\n\t\t\t<div class=\"elementor-spacer-inner\"><\/div>\n\t\t<\/div>\n\t\t\t\t<\/div>\n\t\t\t\t<\/div>\n\t\t\t\t\t<\/div>\n\t\t<\/div>\n\t\t\t\t\t\t\t<\/div>\n\t\t<\/section>\n\t\t\t\t\t\t<\/div>\n\t\t\t\t\t<\/div>\n\t\t","protected":false},"excerpt":{"rendered":"<p>Sindaco\/a della notte \/\/ Vita notturna, impresa culturale giovanile e creativit\u00e0 in citt\u00e0 La vita notturna \u00e8 spesso un problema per le Amministrazioni cittadine, e Varese non \u00e8 da meno. Quando la vita notturna viene lasciata sbocciare pu\u00f2 essere una risorsa, che incontra il consenso della citt\u00e0 e ne caratterizza la comunit\u00e0; quando vieneabbandonata a&hellip; <a class=\"more-link\" href=\"https:\/\/progettoconcittadino.it\/?page_id=256\">Continua a leggere <span class=\"screen-reader-text\">Sindaco\/a della notte<\/span><\/a><\/p>\n","protected":false},"author":1,"featured_media":0,"parent":0,"menu_order":0,"comment_status":"closed","ping_status":"closed","template":"elementor_header_footer","meta":{"footnotes":""},"class_list":["post-256","page","type-page","status-publish","hentry","entry"],"yoast_head":"<!-- This site is optimized with the Yoast SEO plugin v16.9 - https:\/\/yoast.com\/wordpress\/plugins\/seo\/ -->\r\n<title>Sindaco\/a della notte - Progetto Concittadino<\/title>\r\n<meta name=\"robots\" content=\"index, follow, max-snippet:-1, max-image-preview:large, max-video-preview:-1\" \/>\r\n<link rel=\"canonical\" href=\"https:\/\/progettoconcittadino.it\/?page_id=256\" \/>\r\n<meta property=\"og:locale\" content=\"it_IT\" \/>\r\n<meta property=\"og:type\" content=\"article\" \/>\r\n<meta property=\"og:title\" content=\"Sindaco\/a della notte - Progetto Concittadino\" \/>\r\n<meta property=\"og:description\" content=\"Sindaco\/a della notte \/\/ Vita notturna, impresa culturale giovanile e creativit\u00e0 in citt\u00e0 La vita notturna \u00e8 spesso un problema per le Amministrazioni cittadine, e Varese non \u00e8 da meno. Quando la vita notturna viene lasciata sbocciare pu\u00f2 essere una risorsa, che incontra il consenso della citt\u00e0 e ne caratterizza la comunit\u00e0; quando vieneabbandonata a&hellip; Continua a leggere Sindaco\/a della notte\" \/>\r\n<meta property=\"og:url\" content=\"https:\/\/progettoconcittadino.it\/?page_id=256\" \/>\r\n<meta property=\"og:site_name\" content=\"Progetto Concittadino\" \/>\r\n<meta property=\"article:modified_time\" content=\"2021-08-15T10:04:15+00:00\" \/>\r\n<meta name=\"twitter:card\" content=\"summary_large_image\" \/>\r\n<meta name=\"twitter:label1\" content=\"Tempo di lettura stimato\" \/>\n\t<meta name=\"twitter:data1\" content=\"3 minuti\" \/>\r\n<script type=\"application\/ld+json\" class=\"yoast-schema-graph\">{\"@context\":\"https:\/\/schema.org\",\"@graph\":[{\"@type\":\"Organization\",\"@id\":\"https:\/\/progettoconcittadino.it\/#organization\",\"name\":\"progetto concittadino\",\"url\":\"https:\/\/progettoconcittadino.it\/\",\"sameAs\":[],\"logo\":{\"@type\":\"ImageObject\",\"@id\":\"https:\/\/progettoconcittadino.it\/#logo\",\"inLanguage\":\"it-IT\",\"url\":\"https:\/\/progettoconcittadino.it\/wp-content\/uploads\/2021\/08\/200546549_125529756329780_4266939049838858618_n-e1628697656256.jpg\",\"contentUrl\":\"https:\/\/progettoconcittadino.it\/wp-content\/uploads\/2021\/08\/200546549_125529756329780_4266939049838858618_n-e1628697656256.jpg\",\"width\":150,\"height\":150,\"caption\":\"progetto concittadino\"},\"image\":{\"@id\":\"https:\/\/progettoconcittadino.it\/#logo\"}},{\"@type\":\"WebSite\",\"@id\":\"https:\/\/progettoconcittadino.it\/#website\",\"url\":\"https:\/\/progettoconcittadino.it\/\",\"name\":\"Progetto Concittadino\",\"description\":\"\",\"publisher\":{\"@id\":\"https:\/\/progettoconcittadino.it\/#organization\"},\"potentialAction\":[{\"@type\":\"SearchAction\",\"target\":{\"@type\":\"EntryPoint\",\"urlTemplate\":\"https:\/\/progettoconcittadino.it\/?s={search_term_string}\"},\"query-input\":\"required name=search_term_string\"}],\"inLanguage\":\"it-IT\"},{\"@type\":\"WebPage\",\"@id\":\"https:\/\/progettoconcittadino.it\/?page_id=256#webpage\",\"url\":\"https:\/\/progettoconcittadino.it\/?page_id=256\",\"name\":\"Sindaco\/a della notte - Progetto Concittadino\",\"isPartOf\":{\"@id\":\"https:\/\/progettoconcittadino.it\/#website\"},\"datePublished\":\"2021-08-15T09:48:48+00:00\",\"dateModified\":\"2021-08-15T10:04:15+00:00\",\"breadcrumb\":{\"@id\":\"https:\/\/progettoconcittadino.it\/?page_id=256#breadcrumb\"},\"inLanguage\":\"it-IT\",\"potentialAction\":[{\"@type\":\"ReadAction\",\"target\":[\"https:\/\/progettoconcittadino.it\/?page_id=256\"]}]},{\"@type\":\"BreadcrumbList\",\"@id\":\"https:\/\/progettoconcittadino.it\/?page_id=256#breadcrumb\",\"itemListElement\":[{\"@type\":\"ListItem\",\"position\":1,\"name\":\"Home\",\"item\":\"https:\/\/progettoconcittadino.it\/\"},{\"@type\":\"ListItem\",\"position\":2,\"name\":\"Sindaco\/a della notte\"}]}]}<\/script>\r\n<!-- \/ Yoast SEO plugin. -->","yoast_head_json":{"title":"Sindaco\/a della notte - Progetto Concittadino","robots":{"index":"index","follow":"follow","max-snippet":"max-snippet:-1","max-image-preview":"max-image-preview:large","max-video-preview":"max-video-preview:-1"},"canonical":"https:\/\/progettoconcittadino.it\/?page_id=256","og_locale":"it_IT","og_type":"article","og_title":"Sindaco\/a della notte - Progetto Concittadino","og_description":"Sindaco\/a della notte \/\/ Vita notturna, impresa culturale giovanile e creativit\u00e0 in citt\u00e0 La vita notturna \u00e8 spesso un problema per le Amministrazioni cittadine, e Varese non \u00e8 da meno. Quando la vita notturna viene lasciata sbocciare pu\u00f2 essere una risorsa, che incontra il consenso della citt\u00e0 e ne caratterizza la comunit\u00e0; quando vieneabbandonata a&hellip; Continua a leggere Sindaco\/a della notte","og_url":"https:\/\/progettoconcittadino.it\/?page_id=256","og_site_name":"Progetto Concittadino","article_modified_time":"2021-08-15T10:04:15+00:00","twitter_card":"summary_large_image","twitter_misc":{"Tempo di lettura stimato":"3 minuti"},"schema":{"@context":"https:\/\/schema.org","@graph":[{"@type":"Organization","@id":"https:\/\/progettoconcittadino.it\/#organization","name":"progetto concittadino","url":"https:\/\/progettoconcittadino.it\/","sameAs":[],"logo":{"@type":"ImageObject","@id":"https:\/\/progettoconcittadino.it\/#logo","inLanguage":"it-IT","url":"https:\/\/progettoconcittadino.it\/wp-content\/uploads\/2021\/08\/200546549_125529756329780_4266939049838858618_n-e1628697656256.jpg","contentUrl":"https:\/\/progettoconcittadino.it\/wp-content\/uploads\/2021\/08\/200546549_125529756329780_4266939049838858618_n-e1628697656256.jpg","width":150,"height":150,"caption":"progetto concittadino"},"image":{"@id":"https:\/\/progettoconcittadino.it\/#logo"}},{"@type":"WebSite","@id":"https:\/\/progettoconcittadino.it\/#website","url":"https:\/\/progettoconcittadino.it\/","name":"Progetto Concittadino","description":"","publisher":{"@id":"https:\/\/progettoconcittadino.it\/#organization"},"potentialAction":[{"@type":"SearchAction","target":{"@type":"EntryPoint","urlTemplate":"https:\/\/progettoconcittadino.it\/?s={search_term_string}"},"query-input":"required name=search_term_string"}],"inLanguage":"it-IT"},{"@type":"WebPage","@id":"https:\/\/progettoconcittadino.it\/?page_id=256#webpage","url":"https:\/\/progettoconcittadino.it\/?page_id=256","name":"Sindaco\/a della notte - Progetto Concittadino","isPartOf":{"@id":"https:\/\/progettoconcittadino.it\/#website"},"datePublished":"2021-08-15T09:48:48+00:00","dateModified":"2021-08-15T10:04:15+00:00","breadcrumb":{"@id":"https:\/\/progettoconcittadino.it\/?page_id=256#breadcrumb"},"inLanguage":"it-IT","potentialAction":[{"@type":"ReadAction","target":["https:\/\/progettoconcittadino.it\/?page_id=256"]}]},{"@type":"BreadcrumbList","@id":"https:\/\/progettoconcittadino.it\/?page_id=256#breadcrumb","itemListElement":[{"@type":"ListItem","position":1,"name":"Home","item":"https:\/\/progettoconcittadino.it\/"},{"@type":"ListItem","position":2,"name":"Sindaco\/a della notte"}]}]}},"_links":{"self":[{"href":"https:\/\/progettoconcittadino.it\/index.php?rest_route=\/wp\/v2\/pages\/256","targetHints":{"allow":["GET"]}}],"collection":[{"href":"https:\/\/progettoconcittadino.it\/index.php?rest_route=\/wp\/v2\/pages"}],"about":[{"href":"https:\/\/progettoconcittadino.it\/index.php?rest_route=\/wp\/v2\/types\/page"}],"author":[{"embeddable":true,"href":"https:\/\/progettoconcittadino.it\/index.php?rest_route=\/wp\/v2\/users\/1"}],"replies":[{"embeddable":true,"href":"https:\/\/progettoconcittadino.it\/index.php?rest_route=%2Fwp%2Fv2%2Fcomments&post=256"}],"version-history":[{"count":10,"href":"https:\/\/progettoconcittadino.it\/index.php?rest_route=\/wp\/v2\/pages\/256\/revisions"}],"predecessor-version":[{"id":270,"href":"https:\/\/progettoconcittadino.it\/index.php?rest_route=\/wp\/v2\/pages\/256\/revisions\/270"}],"wp:attachment":[{"href":"https:\/\/progettoconcittadino.it\/index.php?rest_route=%2Fwp%2Fv2%2Fmedia&parent=256"}],"curies":[{"name":"wp","href":"https:\/\/api.w.org\/{rel}","templated":true}]}}