{"id":247,"date":"2021-08-15T09:22:57","date_gmt":"2021-08-15T09:22:57","guid":{"rendered":"https:\/\/progettoconcittadino.it\/?page_id=247"},"modified":"2021-08-15T09:40:22","modified_gmt":"2021-08-15T09:40:22","slug":"una-citta-che-accoglie","status":"publish","type":"page","link":"https:\/\/progettoconcittadino.it\/?page_id=247","title":{"rendered":"Una citt\u00e0 che accoglie"},"content":{"rendered":"\t\t<div data-elementor-type=\"wp-page\" data-elementor-id=\"247\" class=\"elementor elementor-247\" data-elementor-settings=\"[]\">\n\t\t\t\t\t\t\t<div class=\"elementor-section-wrap\">\n\t\t\t\t\t\t\t<section class=\"elementor-section elementor-top-section elementor-element elementor-element-53e496d7 elementor-section-boxed elementor-section-height-default elementor-section-height-default\" data-id=\"53e496d7\" data-element_type=\"section\">\n\t\t\t\t\t\t<div class=\"elementor-container elementor-column-gap-default\">\n\t\t\t\t\t<div class=\"elementor-column elementor-col-100 elementor-top-column elementor-element elementor-element-583e444\" data-id=\"583e444\" data-element_type=\"column\">\n\t\t\t<div class=\"elementor-widget-wrap elementor-element-populated\">\n\t\t\t\t\t\t\t\t<div class=\"elementor-element elementor-element-d83b7a5 elementor-widget elementor-widget-spacer\" data-id=\"d83b7a5\" data-element_type=\"widget\" data-widget_type=\"spacer.default\">\n\t\t\t\t<div class=\"elementor-widget-container\">\n\t\t\t\t\t<div class=\"elementor-spacer\">\n\t\t\t<div class=\"elementor-spacer-inner\"><\/div>\n\t\t<\/div>\n\t\t\t\t<\/div>\n\t\t\t\t<\/div>\n\t\t\t\t\t<\/div>\n\t\t<\/div>\n\t\t\t\t\t\t\t<\/div>\n\t\t<\/section>\n\t\t\t\t<section class=\"elementor-section elementor-top-section elementor-element elementor-element-20a4691a elementor-section-boxed elementor-section-height-default elementor-section-height-default\" data-id=\"20a4691a\" data-element_type=\"section\">\n\t\t\t\t\t\t<div class=\"elementor-container elementor-column-gap-default\">\n\t\t\t\t\t<div class=\"elementor-column elementor-col-100 elementor-top-column elementor-element elementor-element-2238d154\" data-id=\"2238d154\" data-element_type=\"column\">\n\t\t\t<div class=\"elementor-widget-wrap elementor-element-populated\">\n\t\t\t\t\t\t\t\t<div class=\"elementor-element elementor-element-1e9d1db4 elementor-widget elementor-widget-heading\" data-id=\"1e9d1db4\" data-element_type=\"widget\" data-widget_type=\"heading.default\">\n\t\t\t\t<div class=\"elementor-widget-container\">\n\t\t\t<h3 class=\"elementor-heading-title elementor-size-default\">Una citt\u00e0 che accoglie \/\/ Lotta alle discriminazioni, alla disparit\u00e0 e alla\nviolenza di genere<\/h3>\t\t<\/div>\n\t\t\t\t<\/div>\n\t\t\t\t\t<\/div>\n\t\t<\/div>\n\t\t\t\t\t\t\t<\/div>\n\t\t<\/section>\n\t\t\t\t<section class=\"elementor-section elementor-top-section elementor-element elementor-element-7eab0ffd elementor-section-boxed elementor-section-height-default elementor-section-height-default\" data-id=\"7eab0ffd\" data-element_type=\"section\">\n\t\t\t\t\t\t<div class=\"elementor-container elementor-column-gap-default\">\n\t\t\t\t\t<div class=\"elementor-column elementor-col-100 elementor-top-column elementor-element elementor-element-6933c185\" data-id=\"6933c185\" data-element_type=\"column\">\n\t\t\t<div class=\"elementor-widget-wrap elementor-element-populated\">\n\t\t\t\t\t\t\t\t<div class=\"elementor-element elementor-element-48caf9d3 elementor-widget elementor-widget-spacer\" data-id=\"48caf9d3\" data-element_type=\"widget\" data-widget_type=\"spacer.default\">\n\t\t\t\t<div class=\"elementor-widget-container\">\n\t\t\t\t\t<div class=\"elementor-spacer\">\n\t\t\t<div class=\"elementor-spacer-inner\"><\/div>\n\t\t<\/div>\n\t\t\t\t<\/div>\n\t\t\t\t<\/div>\n\t\t\t\t\t<\/div>\n\t\t<\/div>\n\t\t\t\t\t\t\t<\/div>\n\t\t<\/section>\n\t\t\t\t<section class=\"elementor-section elementor-top-section elementor-element elementor-element-1d7ea127 elementor-section-boxed elementor-section-height-default elementor-section-height-default\" data-id=\"1d7ea127\" data-element_type=\"section\">\n\t\t\t\t\t\t<div class=\"elementor-container elementor-column-gap-default\">\n\t\t\t\t\t<div class=\"elementor-column elementor-col-100 elementor-top-column elementor-element elementor-element-5aa01770\" data-id=\"5aa01770\" data-element_type=\"column\">\n\t\t\t<div class=\"elementor-widget-wrap elementor-element-populated\">\n\t\t\t\t\t\t\t\t<div class=\"elementor-element elementor-element-12e6bbdc elementor-widget-divider--view-line elementor-widget elementor-widget-divider\" data-id=\"12e6bbdc\" data-element_type=\"widget\" data-widget_type=\"divider.default\">\n\t\t\t\t<div class=\"elementor-widget-container\">\n\t\t\t\t\t<div class=\"elementor-divider\">\n\t\t\t<span class=\"elementor-divider-separator\">\n\t\t\t\t\t\t<\/span>\n\t\t<\/div>\n\t\t\t\t<\/div>\n\t\t\t\t<\/div>\n\t\t\t\t\t<\/div>\n\t\t<\/div>\n\t\t\t\t\t\t\t<\/div>\n\t\t<\/section>\n\t\t\t\t<section class=\"elementor-section elementor-top-section elementor-element elementor-element-6003b9f2 elementor-section-boxed elementor-section-height-default elementor-section-height-default\" data-id=\"6003b9f2\" data-element_type=\"section\">\n\t\t\t\t\t\t<div class=\"elementor-container elementor-column-gap-default\">\n\t\t\t\t\t<div class=\"elementor-column elementor-col-100 elementor-top-column elementor-element elementor-element-77b0c9d7\" data-id=\"77b0c9d7\" data-element_type=\"column\">\n\t\t\t<div class=\"elementor-widget-wrap elementor-element-populated\">\n\t\t\t\t\t\t\t\t<div class=\"elementor-element elementor-element-50b5360 elementor-widget elementor-widget-spacer\" data-id=\"50b5360\" data-element_type=\"widget\" data-widget_type=\"spacer.default\">\n\t\t\t\t<div class=\"elementor-widget-container\">\n\t\t\t\t\t<div class=\"elementor-spacer\">\n\t\t\t<div class=\"elementor-spacer-inner\"><\/div>\n\t\t<\/div>\n\t\t\t\t<\/div>\n\t\t\t\t<\/div>\n\t\t\t\t\t<\/div>\n\t\t<\/div>\n\t\t\t\t\t\t\t<\/div>\n\t\t<\/section>\n\t\t\t\t<section class=\"elementor-section elementor-top-section elementor-element elementor-element-2d434011 elementor-section-boxed elementor-section-height-default elementor-section-height-default\" data-id=\"2d434011\" data-element_type=\"section\">\n\t\t\t\t\t\t<div class=\"elementor-container elementor-column-gap-default\">\n\t\t\t\t\t<div class=\"elementor-column elementor-col-100 elementor-top-column elementor-element elementor-element-179b73a5\" data-id=\"179b73a5\" data-element_type=\"column\">\n\t\t\t<div class=\"elementor-widget-wrap elementor-element-populated\">\n\t\t\t\t\t\t\t\t<div class=\"elementor-element elementor-element-73ca50c7 elementor-widget elementor-widget-text-editor\" data-id=\"73ca50c7\" data-element_type=\"widget\" data-widget_type=\"text-editor.default\">\n\t\t\t\t<div class=\"elementor-widget-container\">\n\t\t\t\t\t\t\t\t<p>Riteniamo che la lotta alle discriminazioni e la valorizzazione di tutte le differenze\u00a0<span style=\"color: var(--global--color-primary); font-size: var(--global--font-size-base); font-family: var(--global--font-secondary);\">debbano essere due delle priorit\u00e0 per la futura Amministrazione, non solo per una\u00a0<\/span><span style=\"color: var(--global--color-primary); font-size: var(--global--font-size-base); font-family: var(--global--font-secondary);\">questione di giustizia e rispetto nei confronti di tutte le persone che abitano la citt\u00e0, ma\u00a0<\/span><span style=\"color: var(--global--color-primary); font-size: var(--global--font-size-base); font-family: var(--global--font-secondary);\">anche per sbloccare l\u2019immenso patrimonio sociale, culturale, economico, di idee e di\u00a0<\/span><span style=\"color: var(--global--color-primary); font-size: var(--global--font-size-base); font-family: var(--global--font-secondary);\">impegno collettivo che potrebbe derivare dal mettere a sistema la diversit\u00e0 in ogni sua\u00a0<\/span><span style=\"color: var(--global--color-primary); font-family: var(--global--font-secondary); font-size: var(--global--font-size-base);\">forma.<\/span><\/p><p><span style=\"color: var(--global--color-primary); font-family: var(--global--font-secondary); font-size: var(--global--font-size-base);\">\u00a0<\/span><\/p><p>L\u2019obiettivo di migliorare la vita di chi abita Varese non pu\u00f2 essere raggiunto se, ancora\u00a0<span style=\"color: var(--global--color-primary); font-size: var(--global--font-size-base); font-family: var(--global--font-secondary);\">oggi nel 2021, alcune persone vengono escluse o limitate, in maniera pi\u00f9 o meno\u00a0<\/span><span style=\"color: var(--global--color-primary); font-size: var(--global--font-size-base); font-family: var(--global--font-secondary);\">esplicita, nel loro accesso e uso dei servizi, nel mercato del lavoro e in generale nel<\/span><\/p><p>sistema di opportunit\u00e0 del vivere comune. Parliamo di donne, della comunit\u00e0 LGBTQ+,\u00a0<span style=\"color: var(--global--color-primary); font-size: var(--global--font-size-base); font-family: var(--global--font-secondary);\">delle persone disabili, immigrate e di tutti coloro che si sentono ai margini del vivere\u00a0<\/span><span style=\"color: var(--global--color-primary); font-size: var(--global--font-size-base); font-family: var(--global--font-secondary);\">sociale.<\/span><\/p><p><span style=\"color: var(--global--color-primary); font-size: var(--global--font-size-base); font-family: var(--global--font-secondary);\">\u00a0<\/span><\/p><p>Sebbene negli ultimi anni siano gi\u00e0 stati fatti molti passi avanti in tal senso, siamo\u00a0<span style=\"color: var(--global--color-primary); font-size: var(--global--font-size-base); font-family: var(--global--font-secondary);\">convinti che Varese debba fare un ulteriore sforzo, politico e di sensibilizzazione\u00a0<\/span><span style=\"color: var(--global--color-primary); font-size: var(--global--font-size-base); font-family: var(--global--font-secondary);\">culturale, e prendere posizioni pi\u00f9 nette per garantire che un numero sempre maggiore<\/span><\/p><p>\u00a0<\/p><p>di persone possa sentirsi davvero accolto dal nostro territorio.<\/p><p>\u00a0<\/p><p>Per raggiungere questo obiettivo riteniamo sia fondamentale adottare una visione\u00a0<span style=\"color: var(--global--color-primary); font-size: var(--global--font-size-base); font-family: var(--global--font-secondary);\">universale, trasversale e continuativa, anzich\u00e9 intervenire sulle singole tematiche in\u00a0<\/span><span style=\"color: var(--global--color-primary); font-size: var(--global--font-size-base); font-family: var(--global--font-secondary);\">modo estemporaneo, riconoscendo in tutte le discriminazioni un fil-rouge che affonda\u00a0<\/span><span style=\"color: var(--global--color-primary); font-size: var(--global--font-size-base); font-family: var(--global--font-secondary);\">le sue radici in meccanismi sociali e culturali stereotipati. Si tratta di ragionare in\u00a0<\/span><span style=\"color: var(--global--color-primary); font-size: var(--global--font-size-base); font-family: var(--global--font-secondary);\">ottica cosiddetta intersezionale, ovvero di interpretare situazioni apparentemente\u00a0<\/span><span style=\"color: var(--global--color-primary); font-size: var(--global--font-size-base); font-family: var(--global--font-secondary);\">distanti tra loro (violenza sulle donne, omotransfobia, razzismo, abilismo, bullismo)\u00a0<\/span><span style=\"color: var(--global--color-primary); font-size: var(--global--font-size-base); font-family: var(--global--font-secondary);\">come parti di un medesimo problema, e agire di conseguenza per combatterne le\u00a0<\/span><span style=\"color: var(--global--color-primary); font-size: var(--global--font-size-base); font-family: var(--global--font-secondary);\">cause profonde.<\/span><\/p>\t\t\t\t\t\t<\/div>\n\t\t\t\t<\/div>\n\t\t\t\t\t<\/div>\n\t\t<\/div>\n\t\t\t\t\t\t\t<\/div>\n\t\t<\/section>\n\t\t\t\t<section class=\"elementor-section elementor-top-section elementor-element elementor-element-15cf4af8 elementor-section-boxed elementor-section-height-default elementor-section-height-default\" data-id=\"15cf4af8\" data-element_type=\"section\">\n\t\t\t\t\t\t<div class=\"elementor-container elementor-column-gap-default\">\n\t\t\t\t\t<div class=\"elementor-column elementor-col-100 elementor-top-column elementor-element elementor-element-189347ac\" data-id=\"189347ac\" data-element_type=\"column\">\n\t\t\t<div class=\"elementor-widget-wrap elementor-element-populated\">\n\t\t\t\t\t\t\t\t<div class=\"elementor-element elementor-element-75b161f2 elementor-widget elementor-widget-spacer\" data-id=\"75b161f2\" data-element_type=\"widget\" data-widget_type=\"spacer.default\">\n\t\t\t\t<div class=\"elementor-widget-container\">\n\t\t\t\t\t<div class=\"elementor-spacer\">\n\t\t\t<div class=\"elementor-spacer-inner\"><\/div>\n\t\t<\/div>\n\t\t\t\t<\/div>\n\t\t\t\t<\/div>\n\t\t\t\t\t<\/div>\n\t\t<\/div>\n\t\t\t\t\t\t\t<\/div>\n\t\t<\/section>\n\t\t\t\t<section class=\"elementor-section elementor-top-section elementor-element elementor-element-533d8e94 elementor-section-boxed elementor-section-height-default elementor-section-height-default\" data-id=\"533d8e94\" data-element_type=\"section\" data-settings=\"{&quot;background_background&quot;:&quot;classic&quot;,&quot;shape_divider_top&quot;:&quot;opacity-tilt&quot;}\">\n\t\t\t\t\t<div class=\"elementor-shape elementor-shape-top\" data-negative=\"false\">\n\t\t\t<svg xmlns=\"http:\/\/www.w3.org\/2000\/svg\" viewBox=\"0 0 2600 131.1\" preserveAspectRatio=\"none\">\n\t<path class=\"elementor-shape-fill\" d=\"M0 0L2600 0 2600 69.1 0 0z\"\/>\n\t<path class=\"elementor-shape-fill\" style=\"opacity:0.5\" d=\"M0 0L2600 0 2600 69.1 0 69.1z\"\/>\n\t<path class=\"elementor-shape-fill\" style=\"opacity:0.25\" d=\"M2600 0L0 0 0 130.1 2600 69.1z\"\/>\n<\/svg>\t\t<\/div>\n\t\t\t\t\t<div class=\"elementor-container elementor-column-gap-default\">\n\t\t\t\t\t<div class=\"elementor-column elementor-col-100 elementor-top-column elementor-element elementor-element-45ea2c41\" data-id=\"45ea2c41\" data-element_type=\"column\">\n\t\t\t<div class=\"elementor-widget-wrap elementor-element-populated\">\n\t\t\t\t\t\t\t\t<div class=\"elementor-element elementor-element-6e32ecaa elementor-widget elementor-widget-heading\" data-id=\"6e32ecaa\" data-element_type=\"widget\" data-widget_type=\"heading.default\">\n\t\t\t\t<div class=\"elementor-widget-container\">\n\t\t\t<h2 class=\"elementor-heading-title elementor-size-large\">Per farlo, proponiamo alcune iniziative concrete che vadano ad ampliare e rendere pi\u00f9\nincisiva l\u2019azione dell\u2019Amministrazione, rendendola attenta e sensibile al rispetto e alla\nvalorizzazione di tutte le differenze:<\/h2>\t\t<\/div>\n\t\t\t\t<\/div>\n\t\t\t\t<div class=\"elementor-element elementor-element-3ccfc6b7 elementor-widget elementor-widget-text-editor\" data-id=\"3ccfc6b7\" data-element_type=\"widget\" data-widget_type=\"text-editor.default\">\n\t\t\t\t<div class=\"elementor-widget-container\">\n\t\t\t\t\t\t\t\t<ul><li><strong>Definire delle occasioni di confronto e co-progettazione periodiche tra le realt\u00e0 attive sul territorio e gli enti pubblici (Comune, Istituti Scolastici, ASST, ATS, ecc.), attraverso la creazione di patti inter-istituzionali e tavoli di lavoro tematici, al fine di potenziare l\u2019attivit\u00e0 di ascolto e dialogo con le diverse anime della citt\u00e0.<\/strong><\/li><\/ul><ul><li><strong>Partecipare in maniera pi\u00f9 attiva e proattiva alle iniziative di reti locali, regionali o nazionali a cui il Comune gi\u00e0 aderisce (es. Rete Ready &#8211; Rete nazionale delle Regioni e degli Enti Locali per prevenire e superare l\u2019omotransfobia; Rete Interistituzionale Antiviolenza di Regione Lombardia), al fine di adottare una maggiore apertura verso le iniziative e le buone pratiche messe in atto da altri Comuni o enti pubblici su queste tematiche.<\/strong><\/li><\/ul><ul><li><strong>Creare, a livello comunale, un Osservatorio sulle Discriminazioni che mantenga elevata l\u2019attenzione su queste tematiche, tenga aperto il dialogo con le realt\u00e0 del territorio e lavori costantemente per identificare strategie di mediolungo termine e azioni concrete da adottare da parte dell\u2019Amministrazione comunale.<\/strong><\/li><\/ul><ul><li><strong>Avviare una serie di ricerche quali-quantitative che indaghino i fenomeni di discriminazione sul nostro territorio, sotto vari punti di vista: a scuola, sul luogo di lavoro, nell\u2019accesso ai servizi pubblici, nella vita sociale, nello sport. Queste indagini, ripetute nel tempo, permetterebbero di avere una conoscenza chiara e approfondita della situazione, cos\u00ec da indirizzare correttamente le successive azioni dell\u2019Amministrazione. A breve termine sar\u00e0 poi indispensabile studiare le ripercussioni della pandemia sulle donne del territorio, sia a livello privato che professionale, e tentare di recuperare le donne uscite dal mondo del lavoro a causa\/durante la crisi da COVID19 per il sovraccarico di cura o per la perdita di un posto di lavoro precario, tramite percorsi di reinserimento e\/o formazione pensati ad hoc. Allo stesso modo, riteniamo necessario indagare gli effetti che la pandemia ha avuto su tutti i soggetti fragili\/discriminati e sugli appartenenti alle diverse minoranze del nostro territorio (disabili, comunit\u00e0 di migranti, persone trans).<\/strong><\/li><li><strong>Adottare lo strumento del bilancio di genere per analizzare le politiche di allocazione delle risorse dell\u2019Amministrazione e sviluppare nuovi e pi\u00f9 efficaci strumenti di programmazione delle politiche locali secondo le indicazioni europee in materia di gender mainstreaming. L\u2019analisi di genere del bilancio consiste infatti nella riclassificazione delle voci di bilancio di un ente pubblico per aree direttamente o indirettamente sensibili al genere. Leggere una azione di governo con l\u2019ottica di genere vuol dire essere consapevoli delle differenze personali, familiari, sociali, lavorative ed economiche che insistono su donne e uomini e saper valutare, anche dal punto di vista dell\u2019impatto economico e sociale, come i differenti stili di vita, le diverse esigenze e preferenze che ne caratterizzano l\u2019agire quotidiano, determinano un impatto differenziato rispetto a un intervento pubblico. Un\u2019attenzione particolare sar\u00e0 poi dovuta alle donne con una storia migratoria che non riescono ad accedere a molti servizi di base a causa di barriere linguistiche, tecnologiche e culturali.<\/strong><\/li><li><strong>Rinnovata attenzione dovr\u00e0 essere posta alla salute riproduttiva e sessuale delle donne, tornando a garantire quantit\u00e0 e qualit\u00e0 dei consultori presenti sul territorio, la presenza di figure professionali chiave e l\u2019adempimento di diritti quali quello all\u2019informazione e alle scelte consapevoli in materia riproduttiva (metodi anticoncezionali, aborto, malattie a trasmissione sessuale e violenza ostetrica in primis). Per fare questo, come gi\u00e0 sottolineato, sar\u00e0 necessario investire maggiormente nei percorsi di programmazione territoriale delle ASST. Varese, infatti, oltre a essere capoluogo di Provincia \u00e8 attualmente anche ente capofila per la programmazione del Piano di Zona, svolgendo quindi un importante ruolo di traino e di indirizzo: pensiamo sarebbe opportuno creare un ufficio programmazione che possa anche sostenere iniziative attraverso il recepimento di bandi di livello europeo e nazionale.<\/strong><\/li><li><strong>L\u2019intolleranza e la violenza nascono spesso dalla mancanza di conoscenza: crediamo che l\u2019Amministrazione debba farsi promotrice in prima persona di iniziative concrete di sensibilizzazione su tutte le tematiche legate a discriminazione e violenza di genere, omotransfobia, abilismo, razzismo, bullismo, con l\u2019obiettivo di diffondere maggiore cultura su questi temi, avvalendosi della collaborazione e delle competenze delle realt\u00e0 che gi\u00e0 lavorano su questi temi nel territorio. La lotta alla violenza e alle discriminazioni legate a sesso, identit\u00e0 di genere e orientamento sessuale deve iniziare dentro la scuola, come percorso culturale, anche attraverso dei piani di Educazione ai sentimenti, alla sessualit\u00e0, alle differenze e alla parit\u00e0 di genere. Riteniamo inoltre che questa battaglia culturale debba entrare a fare parte della vita degli adulti e di coloro che si trovano fuori dalle istituzioni educative, tramite percorsi di formazione di tipo lifelong learning specificamente pensati per loro<\/strong><\/li><li><strong>Oltre ai programmi per le scuole e a quelli per adulti, proponiamo di avviare campagne di comunicazione pubbliche, incontri con le aziende e le societ\u00e0 sportive del territorio e momenti di formazione specifici per il personale degli Uffici Pubblici e interno all\u2019Amministrazione cos\u00ec da creare un patrimonio di conoscenza condivisa che faciliti il dialogo, il rispetto e l\u2019inclusione di tutti.<\/strong><\/li><li><strong>Sarebbe fondamentale, inoltre, che l\u2019Amministrazione si facesse promotrice di percorsi di formazione e aggiornamento professionale del personale educativo e scolastico, dei genitori e di tutta la comunit\u00e0 educante, perch\u00e9 tutelare i diritti e<\/strong><br \/><strong>la soggettivit\u00e0 di tutti significa iniziare a cambiare gli schemi culturali e cognitivi con i quali cresciamo le nostre bambine e i nostri bambini, nelle scuole e fuori. Fondamentale diventa evitare la riproduzione di stereotipi e ruoli di genere, che condizionano non solo la formazione identitaria ma anche le aspirazioni intellettuali e professionali, e consentire fin dai primi anni di vita il pieno sviluppo delle potenzialit\u00e0 e delle caratteristiche individuali per non predisporre alla disparit\u00e0 di potere. Un buon esempio potrebbero essere progetti educativi specifici volti a incentivare le bambine e le ragazze a conoscere e studiare le discipline STEM (Science, Technology, Engineering and Mathematics).<\/strong><\/li><li><strong>Riteniamo indispensabile che l\u2019Amministrazione supporti con ogni mezzo (burocratico, economico, logistico) le realt\u00e0 di sostegno alle donne vittime di violenza gi\u00e0 esistenti sul territorio comunale e inserisca delle specifiche agevolazioni per l\u2019accesso all\u2019edilizia sociale delle donne in uscita da situazioni di violenza o dalle case rifugio. Riteniamo che le donne debbano essere messe al centro di politiche specificamente pensate per loro e da loro, non essere le destinatarie residuali di politiche indirizzate ad altri settori della popolazione; in questo senso \u00e8 fondamentale che le donne e le Associazioni in cui le donne sono organizzate entrino a far parte dei tavoli di governance che andranno a gestire e monitorare l\u2019utilizzo dei fondi derivanti dal NGEU. Riteniamo inoltre che liberare il tempo delle donne e garantire loro il diritto all\u2019autonomia e all\u2019autodeterminazione economica, professionale, relazionale e sanitaria significhi investire non solo sulle potenzialit\u00e0 femminili in termini di crescita di PIL del territorio, non solo risparmiare in spesa sanitaria di ritorno, ma anche garantire il diritto-dovere delle donne alla cittadinanza e alla partecipazione politica del proprio territorio e Paese. Per ottenere questo risultato, proponiamo che l\u2019Amministrazione si faccia apripista per un Piano di Conciliazione interno per le sue dipendenti e che promuova nuovi strumenti di partecipazione femminile come ad esempio le Consultazioni delle Donne dei Quartieri.<\/strong><\/li><li><strong>Riteniamo inoltre imprescindibile che il Comune adotti iniziative, simboliche e di sostanza, che dimostrino la centralit\u00e0 delle tematiche fin qui affrontate, come un maggior supporto al Varese Pride, una maggiore attenzione alla\u00a0<\/strong><strong>toponomastica femminile della citt\u00e0 e altre<\/strong><\/li><\/ul>\t\t\t\t\t\t<\/div>\n\t\t\t\t<\/div>\n\t\t\t\t\t<\/div>\n\t\t<\/div>\n\t\t\t\t\t\t\t<\/div>\n\t\t<\/section>\n\t\t\t\t<section class=\"elementor-section elementor-top-section elementor-element elementor-element-27f96d8c elementor-section-boxed elementor-section-height-default elementor-section-height-default\" data-id=\"27f96d8c\" data-element_type=\"section\">\n\t\t\t\t\t\t<div class=\"elementor-container elementor-column-gap-default\">\n\t\t\t\t\t<div class=\"elementor-column elementor-col-100 elementor-top-column elementor-element elementor-element-1728d193\" data-id=\"1728d193\" data-element_type=\"column\">\n\t\t\t<div class=\"elementor-widget-wrap\">\n\t\t\t\t\t\t\t\t\t<\/div>\n\t\t<\/div>\n\t\t\t\t\t\t\t<\/div>\n\t\t<\/section>\n\t\t\t\t<section class=\"elementor-section elementor-top-section elementor-element elementor-element-48a6eefd elementor-section-boxed elementor-section-height-default elementor-section-height-default\" data-id=\"48a6eefd\" data-element_type=\"section\">\n\t\t\t\t\t\t<div class=\"elementor-container elementor-column-gap-default\">\n\t\t\t\t\t<div class=\"elementor-column elementor-col-100 elementor-top-column elementor-element elementor-element-3cf30f5c\" data-id=\"3cf30f5c\" data-element_type=\"column\">\n\t\t\t<div class=\"elementor-widget-wrap elementor-element-populated\">\n\t\t\t\t\t\t\t\t<div class=\"elementor-element elementor-element-17d7fa1b elementor-widget elementor-widget-spacer\" data-id=\"17d7fa1b\" data-element_type=\"widget\" data-widget_type=\"spacer.default\">\n\t\t\t\t<div class=\"elementor-widget-container\">\n\t\t\t\t\t<div class=\"elementor-spacer\">\n\t\t\t<div class=\"elementor-spacer-inner\"><\/div>\n\t\t<\/div>\n\t\t\t\t<\/div>\n\t\t\t\t<\/div>\n\t\t\t\t\t<\/div>\n\t\t<\/div>\n\t\t\t\t\t\t\t<\/div>\n\t\t<\/section>\n\t\t\t\t<section class=\"elementor-section elementor-top-section elementor-element elementor-element-44009183 elementor-section-boxed elementor-section-height-default elementor-section-height-default\" data-id=\"44009183\" data-element_type=\"section\">\n\t\t\t\t\t\t<div class=\"elementor-container elementor-column-gap-default\">\n\t\t\t\t\t<div class=\"elementor-column elementor-col-100 elementor-top-column elementor-element elementor-element-908feb5\" data-id=\"908feb5\" data-element_type=\"column\">\n\t\t\t<div class=\"elementor-widget-wrap elementor-element-populated\">\n\t\t\t\t\t\t\t\t<div class=\"elementor-element elementor-element-7742b51 elementor-widget elementor-widget-text-editor\" data-id=\"7742b51\" data-element_type=\"widget\" data-widget_type=\"text-editor.default\">\n\t\t\t\t<div class=\"elementor-widget-container\">\n\t\t\t\t\t\t\t\t<p>Per fare tutto questo, riteniamo che una delega alle Pari Opportunit\u00e0 inserita dentro\u00a0<span style=\"color: var(--global--color-primary); font-size: var(--global--font-size-base); font-family: var(--global--font-secondary);\">all\u2019Assessorato ai Servizi Educativi non sia pi\u00f9 sufficiente: riteniamo auspicabile la\u00a0<\/span><span style=\"color: var(--global--color-primary); font-size: var(--global--font-size-base); font-family: var(--global--font-secondary);\">creazione di un Assessorato alle Politiche di Genere e all\u2019Inclusione scorporato<\/span><\/p><p>da altri Assessorati.<\/p><p>\u00a0<\/p><p>Per quanto riguarda l\u2019inclusione delle comunit\u00e0 e dei cittadini stranieri, siamo\u00a0<span style=\"color: var(--global--color-primary); font-size: var(--global--font-size-base); font-family: var(--global--font-secondary);\">convinti che lavorare sul tema dell\u2019immigrazione significhi impegnarsi nel creare le\u00a0<\/span><span style=\"color: var(--global--color-primary); font-size: var(--global--font-size-base); font-family: var(--global--font-secondary);\">condizioni per lo sviluppo di una comunit\u00e0 aperta e accogliente, considerando italiani<\/span><\/p><p>e stranieri che vivono sul territorio come parti di uno stesso tessuto sociale che ha tutto\u00a0<span style=\"color: var(--global--color-primary); font-size: var(--global--font-size-base); font-family: var(--global--font-secondary);\">da guadagnare se diventa pi\u00f9 inclusivo e armonico.<\/span><\/p><p><span style=\"color: var(--global--color-primary); font-size: var(--global--font-size-base); font-family: var(--global--font-secondary);\">\u00a0<\/span><\/p><p>Questo obiettivo si declina in tre aree di lavoro: creare le condizioni materiali che\u00a0<span style=\"color: var(--global--color-primary); font-size: var(--global--font-size-base); font-family: var(--global--font-secondary);\">consentano alle persone straniere, siano esse richiedenti asilo o immigrati di lunga\u00a0<\/span><span style=\"color: var(--global--color-primary); font-size: var(--global--font-size-base); font-family: var(--global--font-secondary);\">data, di condurre un\u2019esistenza dignitosa, a cominciare dall\u2019accesso ai servizi; favorire lo<\/span><\/p><p>sviluppo di una coscienza collettiva aperta all\u2019immigrazione e di un dibattito\u00a0<span style=\"color: var(--global--color-primary); font-size: var(--global--font-size-base); font-family: var(--global--font-secondary);\">pubblico sano sul tema, attraverso campagne di educazione e sensibilizzazione;\u00a0<\/span><span style=\"color: var(--global--color-primary); font-size: var(--global--font-size-base); font-family: var(--global--font-secondary);\">favorire un dialogo fecondo tra comunit\u00e0 e tra persone creando occasioni di<\/span><\/p><p>\u00a0<\/p><p>contatto e collaborazione tra immigrati e cittadini autoctoni.<\/p><p>\u00a0<\/p><p>Sebbene molti aspetti della gestione dell\u2019immigrazione esulino dalle competenze di\u00a0<span style=\"color: var(--global--color-primary); font-size: var(--global--font-size-base); font-family: var(--global--font-secondary);\">un\u2019Amministrazione cittadina, siamo convinti che il Comune possa avere un ruolo\u00a0<\/span><span style=\"color: var(--global--color-primary); font-size: var(--global--font-size-base); font-family: var(--global--font-secondary);\">fondamentale nella realizzazione di questi obiettivi se si pone come agente attivo e\u00a0<\/span><span style=\"color: var(--global--color-primary); font-size: var(--global--font-size-base); font-family: var(--global--font-secondary);\">referente istituzionale nel monitoraggio, nel sostegno e nel coordinamento delle\u00a0<\/span><span style=\"color: var(--global--color-primary); font-size: var(--global--font-size-base); font-family: var(--global--font-secondary);\">pratiche e delle iniziative in atto sul suo territorio. Per questo motivo vorremmo che le\u00a0<\/span><span style=\"color: var(--global--color-primary); font-size: var(--global--font-size-base); font-family: var(--global--font-secondary);\">politiche per la co-integrazione diventassero parte integrante del lavoro<\/span><\/p><p>dell\u2019Amministrazione attraverso la creazione di un\u2019area di lavoro dedicata, che si\u00a0<span style=\"color: var(--global--color-primary); font-size: var(--global--font-size-base); font-family: var(--global--font-secondary);\">occupi di supportare le persone straniere nei percorsi burocratici di accesso ai servizi,\u00a0<\/span><span style=\"color: var(--global--color-primary); font-size: var(--global--font-size-base); font-family: var(--global--font-secondary);\">svolgere un\u2019azione di monitoraggio degli enti che li erogano e intervenire in caso di<\/span><\/p><p>necessit\u00e0, porsi come interlocutore delle realt\u00e0 del terzo settore che realizzano iniziative\u00a0<span style=\"color: var(--global--color-primary); font-size: var(--global--font-size-base); font-family: var(--global--font-secondary);\">di inclusione e integrazione, e impegnarsi nella promozione di campagne di\u00a0<\/span><span style=\"color: var(--global--color-primary); font-size: var(--global--font-size-base); font-family: var(--global--font-secondary);\">educazione e sensibilizzazione a tutti i livelli, dai progetti di Educazione alla Cittadinanza\u00a0<\/span><span style=\"color: var(--global--color-primary); font-size: var(--global--font-size-base); font-family: var(--global--font-secondary);\">Globale nelle scuole agli eventi culturali realizzati anche dalle Associazioni di cittadini<\/span><\/p><p>stranieri.<\/p><p>\u00a0<\/p><p>\u00a0<\/p>\t\t\t\t\t\t<\/div>\n\t\t\t\t<\/div>\n\t\t\t\t\t<\/div>\n\t\t<\/div>\n\t\t\t\t\t\t\t<\/div>\n\t\t<\/section>\n\t\t\t\t<section class=\"elementor-section elementor-top-section elementor-element elementor-element-25afcd9e elementor-section-boxed elementor-section-height-default elementor-section-height-default\" data-id=\"25afcd9e\" data-element_type=\"section\">\n\t\t\t\t\t\t<div class=\"elementor-container elementor-column-gap-default\">\n\t\t\t\t\t<div class=\"elementor-column elementor-col-100 elementor-top-column elementor-element elementor-element-4ab962fb\" data-id=\"4ab962fb\" data-element_type=\"column\">\n\t\t\t<div class=\"elementor-widget-wrap elementor-element-populated\">\n\t\t\t\t\t\t\t\t<div class=\"elementor-element elementor-element-28dda120 elementor-widget elementor-widget-spacer\" data-id=\"28dda120\" data-element_type=\"widget\" data-widget_type=\"spacer.default\">\n\t\t\t\t<div class=\"elementor-widget-container\">\n\t\t\t\t\t<div class=\"elementor-spacer\">\n\t\t\t<div class=\"elementor-spacer-inner\"><\/div>\n\t\t<\/div>\n\t\t\t\t<\/div>\n\t\t\t\t<\/div>\n\t\t\t\t\t<\/div>\n\t\t<\/div>\n\t\t\t\t\t\t\t<\/div>\n\t\t<\/section>\n\t\t\t\t\t\t<\/div>\n\t\t\t\t\t<\/div>\n\t\t","protected":false},"excerpt":{"rendered":"<p>Una citt\u00e0 che accoglie \/\/ Lotta alle discriminazioni, alla disparit\u00e0 e alla violenza di genere Riteniamo che la lotta alle discriminazioni e la valorizzazione di tutte le differenze\u00a0debbano essere due delle priorit\u00e0 per la futura Amministrazione, non solo per una\u00a0questione di giustizia e rispetto nei confronti di tutte le persone che abitano la citt\u00e0, ma\u00a0anche&hellip; <a class=\"more-link\" href=\"https:\/\/progettoconcittadino.it\/?page_id=247\">Continua a leggere <span class=\"screen-reader-text\">Una citt\u00e0 che accoglie<\/span><\/a><\/p>\n","protected":false},"author":1,"featured_media":0,"parent":0,"menu_order":0,"comment_status":"closed","ping_status":"closed","template":"elementor_header_footer","meta":{"footnotes":""},"class_list":["post-247","page","type-page","status-publish","hentry","entry"],"yoast_head":"<!-- This site is optimized with the Yoast SEO plugin v16.9 - https:\/\/yoast.com\/wordpress\/plugins\/seo\/ -->\r\n<title>Una citt\u00e0 che accoglie - Progetto Concittadino<\/title>\r\n<meta name=\"robots\" content=\"index, follow, max-snippet:-1, max-image-preview:large, max-video-preview:-1\" \/>\r\n<link rel=\"canonical\" href=\"https:\/\/progettoconcittadino.it\/?page_id=247\" \/>\r\n<meta property=\"og:locale\" content=\"it_IT\" \/>\r\n<meta property=\"og:type\" content=\"article\" \/>\r\n<meta property=\"og:title\" content=\"Una citt\u00e0 che accoglie - Progetto Concittadino\" \/>\r\n<meta property=\"og:description\" content=\"Una citt\u00e0 che accoglie \/\/ Lotta alle discriminazioni, alla disparit\u00e0 e alla violenza di genere Riteniamo che la lotta alle discriminazioni e la valorizzazione di tutte le differenze\u00a0debbano essere due delle priorit\u00e0 per la futura Amministrazione, non solo per una\u00a0questione di giustizia e rispetto nei confronti di tutte le persone che abitano la citt\u00e0, ma\u00a0anche&hellip; Continua a leggere Una citt\u00e0 che accoglie\" \/>\r\n<meta property=\"og:url\" content=\"https:\/\/progettoconcittadino.it\/?page_id=247\" \/>\r\n<meta property=\"og:site_name\" content=\"Progetto Concittadino\" \/>\r\n<meta property=\"article:modified_time\" content=\"2021-08-15T09:40:22+00:00\" \/>\r\n<meta name=\"twitter:card\" content=\"summary_large_image\" \/>\r\n<meta name=\"twitter:label1\" content=\"Tempo di lettura stimato\" \/>\n\t<meta name=\"twitter:data1\" content=\"9 minuti\" \/>\r\n<script type=\"application\/ld+json\" class=\"yoast-schema-graph\">{\"@context\":\"https:\/\/schema.org\",\"@graph\":[{\"@type\":\"Organization\",\"@id\":\"https:\/\/progettoconcittadino.it\/#organization\",\"name\":\"progetto concittadino\",\"url\":\"https:\/\/progettoconcittadino.it\/\",\"sameAs\":[],\"logo\":{\"@type\":\"ImageObject\",\"@id\":\"https:\/\/progettoconcittadino.it\/#logo\",\"inLanguage\":\"it-IT\",\"url\":\"https:\/\/progettoconcittadino.it\/wp-content\/uploads\/2021\/08\/200546549_125529756329780_4266939049838858618_n-e1628697656256.jpg\",\"contentUrl\":\"https:\/\/progettoconcittadino.it\/wp-content\/uploads\/2021\/08\/200546549_125529756329780_4266939049838858618_n-e1628697656256.jpg\",\"width\":150,\"height\":150,\"caption\":\"progetto concittadino\"},\"image\":{\"@id\":\"https:\/\/progettoconcittadino.it\/#logo\"}},{\"@type\":\"WebSite\",\"@id\":\"https:\/\/progettoconcittadino.it\/#website\",\"url\":\"https:\/\/progettoconcittadino.it\/\",\"name\":\"Progetto Concittadino\",\"description\":\"\",\"publisher\":{\"@id\":\"https:\/\/progettoconcittadino.it\/#organization\"},\"potentialAction\":[{\"@type\":\"SearchAction\",\"target\":{\"@type\":\"EntryPoint\",\"urlTemplate\":\"https:\/\/progettoconcittadino.it\/?s={search_term_string}\"},\"query-input\":\"required name=search_term_string\"}],\"inLanguage\":\"it-IT\"},{\"@type\":\"WebPage\",\"@id\":\"https:\/\/progettoconcittadino.it\/?page_id=247#webpage\",\"url\":\"https:\/\/progettoconcittadino.it\/?page_id=247\",\"name\":\"Una citt\\u00e0 che accoglie - Progetto Concittadino\",\"isPartOf\":{\"@id\":\"https:\/\/progettoconcittadino.it\/#website\"},\"datePublished\":\"2021-08-15T09:22:57+00:00\",\"dateModified\":\"2021-08-15T09:40:22+00:00\",\"breadcrumb\":{\"@id\":\"https:\/\/progettoconcittadino.it\/?page_id=247#breadcrumb\"},\"inLanguage\":\"it-IT\",\"potentialAction\":[{\"@type\":\"ReadAction\",\"target\":[\"https:\/\/progettoconcittadino.it\/?page_id=247\"]}]},{\"@type\":\"BreadcrumbList\",\"@id\":\"https:\/\/progettoconcittadino.it\/?page_id=247#breadcrumb\",\"itemListElement\":[{\"@type\":\"ListItem\",\"position\":1,\"name\":\"Home\",\"item\":\"https:\/\/progettoconcittadino.it\/\"},{\"@type\":\"ListItem\",\"position\":2,\"name\":\"Una citt\\u00e0 che accoglie\"}]}]}<\/script>\r\n<!-- \/ Yoast SEO plugin. -->","yoast_head_json":{"title":"Una citt\u00e0 che accoglie - Progetto Concittadino","robots":{"index":"index","follow":"follow","max-snippet":"max-snippet:-1","max-image-preview":"max-image-preview:large","max-video-preview":"max-video-preview:-1"},"canonical":"https:\/\/progettoconcittadino.it\/?page_id=247","og_locale":"it_IT","og_type":"article","og_title":"Una citt\u00e0 che accoglie - Progetto Concittadino","og_description":"Una citt\u00e0 che accoglie \/\/ Lotta alle discriminazioni, alla disparit\u00e0 e alla violenza di genere Riteniamo che la lotta alle discriminazioni e la valorizzazione di tutte le differenze\u00a0debbano essere due delle priorit\u00e0 per la futura Amministrazione, non solo per una\u00a0questione di giustizia e rispetto nei confronti di tutte le persone che abitano la citt\u00e0, ma\u00a0anche&hellip; Continua a leggere Una citt\u00e0 che accoglie","og_url":"https:\/\/progettoconcittadino.it\/?page_id=247","og_site_name":"Progetto Concittadino","article_modified_time":"2021-08-15T09:40:22+00:00","twitter_card":"summary_large_image","twitter_misc":{"Tempo di lettura stimato":"9 minuti"},"schema":{"@context":"https:\/\/schema.org","@graph":[{"@type":"Organization","@id":"https:\/\/progettoconcittadino.it\/#organization","name":"progetto concittadino","url":"https:\/\/progettoconcittadino.it\/","sameAs":[],"logo":{"@type":"ImageObject","@id":"https:\/\/progettoconcittadino.it\/#logo","inLanguage":"it-IT","url":"https:\/\/progettoconcittadino.it\/wp-content\/uploads\/2021\/08\/200546549_125529756329780_4266939049838858618_n-e1628697656256.jpg","contentUrl":"https:\/\/progettoconcittadino.it\/wp-content\/uploads\/2021\/08\/200546549_125529756329780_4266939049838858618_n-e1628697656256.jpg","width":150,"height":150,"caption":"progetto concittadino"},"image":{"@id":"https:\/\/progettoconcittadino.it\/#logo"}},{"@type":"WebSite","@id":"https:\/\/progettoconcittadino.it\/#website","url":"https:\/\/progettoconcittadino.it\/","name":"Progetto Concittadino","description":"","publisher":{"@id":"https:\/\/progettoconcittadino.it\/#organization"},"potentialAction":[{"@type":"SearchAction","target":{"@type":"EntryPoint","urlTemplate":"https:\/\/progettoconcittadino.it\/?s={search_term_string}"},"query-input":"required name=search_term_string"}],"inLanguage":"it-IT"},{"@type":"WebPage","@id":"https:\/\/progettoconcittadino.it\/?page_id=247#webpage","url":"https:\/\/progettoconcittadino.it\/?page_id=247","name":"Una citt\u00e0 che accoglie - Progetto Concittadino","isPartOf":{"@id":"https:\/\/progettoconcittadino.it\/#website"},"datePublished":"2021-08-15T09:22:57+00:00","dateModified":"2021-08-15T09:40:22+00:00","breadcrumb":{"@id":"https:\/\/progettoconcittadino.it\/?page_id=247#breadcrumb"},"inLanguage":"it-IT","potentialAction":[{"@type":"ReadAction","target":["https:\/\/progettoconcittadino.it\/?page_id=247"]}]},{"@type":"BreadcrumbList","@id":"https:\/\/progettoconcittadino.it\/?page_id=247#breadcrumb","itemListElement":[{"@type":"ListItem","position":1,"name":"Home","item":"https:\/\/progettoconcittadino.it\/"},{"@type":"ListItem","position":2,"name":"Una citt\u00e0 che accoglie"}]}]}},"_links":{"self":[{"href":"https:\/\/progettoconcittadino.it\/index.php?rest_route=\/wp\/v2\/pages\/247","targetHints":{"allow":["GET"]}}],"collection":[{"href":"https:\/\/progettoconcittadino.it\/index.php?rest_route=\/wp\/v2\/pages"}],"about":[{"href":"https:\/\/progettoconcittadino.it\/index.php?rest_route=\/wp\/v2\/types\/page"}],"author":[{"embeddable":true,"href":"https:\/\/progettoconcittadino.it\/index.php?rest_route=\/wp\/v2\/users\/1"}],"replies":[{"embeddable":true,"href":"https:\/\/progettoconcittadino.it\/index.php?rest_route=%2Fwp%2Fv2%2Fcomments&post=247"}],"version-history":[{"count":7,"href":"https:\/\/progettoconcittadino.it\/index.php?rest_route=\/wp\/v2\/pages\/247\/revisions"}],"predecessor-version":[{"id":254,"href":"https:\/\/progettoconcittadino.it\/index.php?rest_route=\/wp\/v2\/pages\/247\/revisions\/254"}],"wp:attachment":[{"href":"https:\/\/progettoconcittadino.it\/index.php?rest_route=%2Fwp%2Fv2%2Fmedia&parent=247"}],"curies":[{"name":"wp","href":"https:\/\/api.w.org\/{rel}","templated":true}]}}