{"id":235,"date":"2021-08-15T09:01:23","date_gmt":"2021-08-15T09:01:23","guid":{"rendered":"https:\/\/progettoconcittadino.it\/?page_id=235"},"modified":"2021-08-15T09:22:01","modified_gmt":"2021-08-15T09:22:01","slug":"la-scuola-al-centro-della-citta","status":"publish","type":"page","link":"https:\/\/progettoconcittadino.it\/?page_id=235","title":{"rendered":"La scuola al centro della citt\u00e0"},"content":{"rendered":"\t\t<div data-elementor-type=\"wp-page\" data-elementor-id=\"235\" class=\"elementor elementor-235\" data-elementor-settings=\"[]\">\n\t\t\t\t\t\t\t<div class=\"elementor-section-wrap\">\n\t\t\t\t\t\t\t<section class=\"elementor-section elementor-top-section elementor-element elementor-element-5db0f9e4 elementor-section-boxed elementor-section-height-default elementor-section-height-default\" data-id=\"5db0f9e4\" data-element_type=\"section\">\n\t\t\t\t\t\t<div class=\"elementor-container elementor-column-gap-default\">\n\t\t\t\t\t<div class=\"elementor-column elementor-col-100 elementor-top-column elementor-element elementor-element-69b3a2e7\" data-id=\"69b3a2e7\" data-element_type=\"column\">\n\t\t\t<div class=\"elementor-widget-wrap elementor-element-populated\">\n\t\t\t\t\t\t\t\t<div class=\"elementor-element elementor-element-2e07bdc elementor-widget elementor-widget-spacer\" data-id=\"2e07bdc\" data-element_type=\"widget\" data-widget_type=\"spacer.default\">\n\t\t\t\t<div class=\"elementor-widget-container\">\n\t\t\t\t\t<div class=\"elementor-spacer\">\n\t\t\t<div class=\"elementor-spacer-inner\"><\/div>\n\t\t<\/div>\n\t\t\t\t<\/div>\n\t\t\t\t<\/div>\n\t\t\t\t\t<\/div>\n\t\t<\/div>\n\t\t\t\t\t\t\t<\/div>\n\t\t<\/section>\n\t\t\t\t<section class=\"elementor-section elementor-top-section elementor-element elementor-element-5f93c5f7 elementor-section-boxed elementor-section-height-default elementor-section-height-default\" data-id=\"5f93c5f7\" data-element_type=\"section\">\n\t\t\t\t\t\t<div class=\"elementor-container elementor-column-gap-default\">\n\t\t\t\t\t<div class=\"elementor-column elementor-col-100 elementor-top-column elementor-element elementor-element-54cce709\" data-id=\"54cce709\" data-element_type=\"column\">\n\t\t\t<div class=\"elementor-widget-wrap elementor-element-populated\">\n\t\t\t\t\t\t\t\t<div class=\"elementor-element elementor-element-1759a33c elementor-widget elementor-widget-heading\" data-id=\"1759a33c\" data-element_type=\"widget\" data-widget_type=\"heading.default\">\n\t\t\t\t<div class=\"elementor-widget-container\">\n\t\t\t<h3 class=\"elementor-heading-title elementor-size-default\">La scuola al centro della citt\u00e0 \/\/ Asili nido, contrasto alla povert\u00e0\neducativa, scuole aperte e coprogettazione<\/h3>\t\t<\/div>\n\t\t\t\t<\/div>\n\t\t\t\t\t<\/div>\n\t\t<\/div>\n\t\t\t\t\t\t\t<\/div>\n\t\t<\/section>\n\t\t\t\t<section class=\"elementor-section elementor-top-section elementor-element elementor-element-695d31ad elementor-section-boxed elementor-section-height-default elementor-section-height-default\" data-id=\"695d31ad\" data-element_type=\"section\">\n\t\t\t\t\t\t<div class=\"elementor-container elementor-column-gap-default\">\n\t\t\t\t\t<div class=\"elementor-column elementor-col-100 elementor-top-column elementor-element elementor-element-1adbd975\" data-id=\"1adbd975\" data-element_type=\"column\">\n\t\t\t<div class=\"elementor-widget-wrap elementor-element-populated\">\n\t\t\t\t\t\t\t\t<div class=\"elementor-element elementor-element-1378f876 elementor-widget elementor-widget-spacer\" data-id=\"1378f876\" data-element_type=\"widget\" data-widget_type=\"spacer.default\">\n\t\t\t\t<div class=\"elementor-widget-container\">\n\t\t\t\t\t<div class=\"elementor-spacer\">\n\t\t\t<div class=\"elementor-spacer-inner\"><\/div>\n\t\t<\/div>\n\t\t\t\t<\/div>\n\t\t\t\t<\/div>\n\t\t\t\t\t<\/div>\n\t\t<\/div>\n\t\t\t\t\t\t\t<\/div>\n\t\t<\/section>\n\t\t\t\t<section class=\"elementor-section elementor-top-section elementor-element elementor-element-3950c3c5 elementor-section-boxed elementor-section-height-default elementor-section-height-default\" data-id=\"3950c3c5\" data-element_type=\"section\">\n\t\t\t\t\t\t<div class=\"elementor-container elementor-column-gap-default\">\n\t\t\t\t\t<div class=\"elementor-column elementor-col-100 elementor-top-column elementor-element elementor-element-bf90\" data-id=\"bf90\" data-element_type=\"column\">\n\t\t\t<div class=\"elementor-widget-wrap elementor-element-populated\">\n\t\t\t\t\t\t\t\t<div class=\"elementor-element elementor-element-7f243611 elementor-widget-divider--view-line elementor-widget elementor-widget-divider\" data-id=\"7f243611\" data-element_type=\"widget\" data-widget_type=\"divider.default\">\n\t\t\t\t<div class=\"elementor-widget-container\">\n\t\t\t\t\t<div class=\"elementor-divider\">\n\t\t\t<span class=\"elementor-divider-separator\">\n\t\t\t\t\t\t<\/span>\n\t\t<\/div>\n\t\t\t\t<\/div>\n\t\t\t\t<\/div>\n\t\t\t\t\t<\/div>\n\t\t<\/div>\n\t\t\t\t\t\t\t<\/div>\n\t\t<\/section>\n\t\t\t\t<section class=\"elementor-section elementor-top-section elementor-element elementor-element-2ed24425 elementor-section-boxed elementor-section-height-default elementor-section-height-default\" data-id=\"2ed24425\" data-element_type=\"section\">\n\t\t\t\t\t\t<div class=\"elementor-container elementor-column-gap-default\">\n\t\t\t\t\t<div class=\"elementor-column elementor-col-100 elementor-top-column elementor-element elementor-element-4a1a014e\" data-id=\"4a1a014e\" data-element_type=\"column\">\n\t\t\t<div class=\"elementor-widget-wrap elementor-element-populated\">\n\t\t\t\t\t\t\t\t<div class=\"elementor-element elementor-element-39c6d1e1 elementor-widget elementor-widget-spacer\" data-id=\"39c6d1e1\" data-element_type=\"widget\" data-widget_type=\"spacer.default\">\n\t\t\t\t<div class=\"elementor-widget-container\">\n\t\t\t\t\t<div class=\"elementor-spacer\">\n\t\t\t<div class=\"elementor-spacer-inner\"><\/div>\n\t\t<\/div>\n\t\t\t\t<\/div>\n\t\t\t\t<\/div>\n\t\t\t\t\t<\/div>\n\t\t<\/div>\n\t\t\t\t\t\t\t<\/div>\n\t\t<\/section>\n\t\t\t\t<section class=\"elementor-section elementor-top-section elementor-element elementor-element-56a5f6e8 elementor-section-boxed elementor-section-height-default elementor-section-height-default\" data-id=\"56a5f6e8\" data-element_type=\"section\">\n\t\t\t\t\t\t<div class=\"elementor-container elementor-column-gap-default\">\n\t\t\t\t\t<div class=\"elementor-column elementor-col-100 elementor-top-column elementor-element elementor-element-198ce86\" data-id=\"198ce86\" data-element_type=\"column\">\n\t\t\t<div class=\"elementor-widget-wrap elementor-element-populated\">\n\t\t\t\t\t\t\t\t<div class=\"elementor-element elementor-element-54dd73c0 elementor-widget elementor-widget-text-editor\" data-id=\"54dd73c0\" data-element_type=\"widget\" data-widget_type=\"text-editor.default\">\n\t\t\t\t<div class=\"elementor-widget-container\">\n\t\t\t\t\t\t\t\t<p>L&#8217;attenzione delle istituzioni per i minori \u00e8 da sempre uno degli elementi che restituisce\u00a0<span style=\"color: var(--global--color-primary); font-size: var(--global--font-size-base); font-family: var(--global--font-secondary);\">importanti indicazioni sulla qualit\u00e0 della vita in un determinato territorio. La\u00a0<\/span><span style=\"color: var(--global--color-primary); font-size: var(--global--font-size-base); font-family: var(--global--font-secondary);\">disponibilit\u00e0, l&#8217;accessibilit\u00e0 e la qualit\u00e0 dei servizi per l&#8217;infanzia sono fattori decisivi per\u00a0<\/span><span style=\"color: var(--global--color-primary); font-size: var(--global--font-size-base); font-family: var(--global--font-secondary);\">la crescita di una comunit\u00e0, tanto che il Consiglio Europeo, gi\u00e0 dal 2002, ha stabilito\u00a0<\/span><span style=\"color: var(--global--color-primary); font-size: var(--global--font-size-base); font-family: var(--global--font-secondary);\">particolari obiettivi per la diffusione e la crescita di questo tipo di servizi.<\/span><\/p><p><span style=\"color: var(--global--color-primary); font-size: var(--global--font-size-base); font-family: var(--global--font-secondary);\">\u00a0<\/span><\/p><p>Gli asili nido sono uno di questi: per decenni sono stati considerati semplicemente\u00a0<span style=\"color: var(--global--color-primary); font-size: var(--global--font-size-base); font-family: var(--global--font-secondary);\">come un servizio sociale, cio\u00e8 un modo per consentire ai genitori, specialmente alle\u00a0<\/span><span style=\"color: var(--global--color-primary); font-size: var(--global--font-size-base); font-family: var(--global--font-secondary);\">donne, di dedicarsi al lavoro con la certezza di poter affidare a qualcuno i propri figli. Un\u00a0<\/span><span style=\"color: var(--global--color-primary); font-size: var(--global--font-size-base); font-family: var(--global--font-secondary);\">obiettivo ovviamente fondamentale, visto il basso livello di occupazione femminile. Allo\u00a0<\/span><span style=\"color: var(--global--color-primary); font-size: var(--global--font-size-base); font-family: var(--global--font-secondary);\">stesso tempo per\u00f2 asili e servizi per la prima infanzia vanno considerati come un\u00a0<\/span><span style=\"color: var(--global--color-primary); font-size: var(--global--font-size-base); font-family: var(--global--font-secondary);\">servizio educativo a tutti gli effetti: \u00e8 in quell&#8217;et\u00e0 che i bambini gettano le basi dello\u00a0<\/span><span style=\"color: var(--global--color-primary); font-size: var(--global--font-size-base); font-family: var(--global--font-secondary);\">sviluppo successivo, ed \u00e8 da l\u00ec che bisogna partire per non creare divari educativi. In\u00a0<\/span><span style=\"color: var(--global--color-primary); font-size: var(--global--font-size-base); font-family: var(--global--font-secondary);\">particolare se la frequenza del nido \u00e8 condizionata dal reddito dei genitori.\u00a0<\/span><span style=\"color: var(--global--color-primary); font-size: var(--global--font-size-base); font-family: var(--global--font-secondary);\">Il Consiglio Europeo di Barcellona del 2002 ha fissato come target per gli stati UE il\u00a0<\/span><span style=\"color: var(--global--color-primary); font-size: var(--global--font-size-base); font-family: var(--global--font-secondary);\">raggiungimento di almeno 33 posti di asilo nido ogni 100 bambini (sotto i 3 anni), sfida\u00a0<\/span><span style=\"color: var(--global--color-primary); font-size: var(--global--font-size-base); font-family: var(--global--font-secondary);\">poi recepita anche nella normativa nazionale. Varese nel 2016 offriva 30,6 posti ogni 100\u00a0<\/span><span style=\"color: var(--global--color-primary); font-size: var(--global--font-size-base); font-family: var(--global--font-secondary);\">bambini; nel 2018 questa percentuale \u00e8 salita a 34,7 posti ogni 100 bambini. \u00c8\u00a0<\/span><span style=\"color: var(--global--color-primary); font-size: var(--global--font-size-base); font-family: var(--global--font-secondary);\">sicuramente un dato positivo ma non \u00e8 ancora abbastanza, se pensiamo che le dieci\u00a0<\/span><span style=\"color: var(--global--color-primary); font-size: var(--global--font-size-base); font-family: var(--global--font-secondary);\">citt\u00e0 italiane con maggiore copertura di posti offrono tra i 48 e i 68 posti di asilo ogni\u00a0<\/span><span style=\"color: var(--global--color-primary); font-size: var(--global--font-size-base); font-family: var(--global--font-secondary);\">100 bambini.<\/span><\/p><p>Non va meglio per quanto riguarda la percentuale di posti pubblici di asili nido sul\u00a0<span style=\"color: var(--global--color-primary); font-size: var(--global--font-size-base); font-family: var(--global--font-secondary);\">totale dei posti disponibili, che in Provincia di Varese si attestava nel 2017 al 43,1%, n\u00e9\u00a0<\/span><span style=\"color: var(--global--color-primary); font-size: var(--global--font-size-base); font-family: var(--global--font-secondary);\">per le spese comunali destinate agli \u201cinterventi per l&#8217;infanzia e i minori e per asili nido\u201d,\u00a0<\/span><span style=\"color: var(--global--color-primary); font-size: var(--global--font-size-base); font-family: var(--global--font-secondary);\">che nel 2019 \u00e8 stata nel Comune di Varese di 59,58 \u20ac pro capite, sopra la media\u00a0<\/span><span style=\"color: var(--global--color-primary); font-size: var(--global--font-size-base); font-family: var(--global--font-secondary);\">nazionale (15,95 \u20ac), ma ben sotto grandi citt\u00e0 come Trieste (185,96 \u20ac), citt\u00e0 di media\u00a0<\/span><span style=\"color: var(--global--color-primary); font-size: var(--global--font-size-base); font-family: var(--global--font-secondary);\">grandezza come Como (126,90 \u20ac), citt\u00e0 della nostra stessa provincia come Busto\u00a0<\/span><span style=\"color: var(--global--color-primary); font-size: var(--global--font-size-base); font-family: var(--global--font-secondary);\">Arsizio (94,02 \u20ac) e Gallarate (79 \u20ac), o piccoli comuni virtuosi sardi e trentini che\u00a0<\/span><span style=\"color: var(--global--color-primary); font-size: var(--global--font-size-base); font-family: var(--global--font-secondary);\">raggiungono anche i 989 \u20ac pro capite.<\/span><\/p><p>A conferma dell\u2019importanza e della necessit\u00e0 dei posti di asilo nido vi \u00e8 inoltre il dato<\/p><p>secondo il quale alla diminuzione di questi corrisponde un aumento delle richieste di<\/p><p>iscrizioni anticipate alla scuola dell\u2019infanzia (sezioni primavera) oltre che un aumento<\/p><p>della disoccupazione femminile.<\/p><p>La Lombardia \u00e8 la regione italiana con il maggior numero di residenti con meno di 18\u00a0<span style=\"color: var(--global--color-primary); font-size: var(--global--font-size-base); font-family: var(--global--font-secondary);\">anni, la fascia di popolazione che \u00e8 il target delle politiche di contrasto alla povert\u00e0\u00a0<\/span><span style=\"color: var(--global--color-primary); font-size: var(--global--font-size-base); font-family: var(--global--font-secondary);\">educativa. Una condizione (o meglio, una serie di condizioni) in cui il bambino, per\u00a0<\/span><span style=\"color: var(--global--color-primary); font-size: var(--global--font-size-base); font-family: var(--global--font-secondary);\">tante ragioni, si trova privato del diritto all\u2019apprendimento e alla crescita in senso lato.\u00a0<\/span><span style=\"color: var(--global--color-primary); font-size: var(--global--font-size-base); font-family: var(--global--font-secondary);\">L\u2019emergenza COVID19 ha posto inoltre nuove sfide nel contrasto della povert\u00e0\u00a0<\/span><span style=\"color: var(--global--color-primary); font-size: var(--global--font-size-base); font-family: var(--global--font-secondary);\">educativa: fin dalle prime settimane di lockdown, famiglie e minori si sono trovati di\u00a0<\/span><span style=\"color: var(--global--color-primary); font-size: var(--global--font-size-base); font-family: var(--global--font-secondary);\">fronte a numerose necessit\u00e0, come l\u2019importanza di disporre di connessioni domestiche\u00a0<\/span><span style=\"color: var(--global--color-primary); font-size: var(--global--font-size-base); font-family: var(--global--font-secondary);\">veloci e di dispositivi per seguire la didattica a distanza. Il successivo ritorno in classe\u00a0<\/span><span style=\"color: var(--global--color-primary); font-size: var(--global--font-size-base); font-family: var(--global--font-secondary);\">ha poi ribadito e acuito le esigenze di sempre: dal trasporto casa-scuola alla qualit\u00e0\u00a0<\/span><span style=\"color: var(--global--color-primary); font-size: var(--global--font-size-base); font-family: var(--global--font-secondary);\">dell\u2019edilizia scolastica.<\/span><\/p><p><span style=\"color: var(--global--color-primary); font-size: var(--global--font-size-base); font-family: var(--global--font-secondary);\">\u00a0<\/span><\/p><p>Per contrastare la povert\u00e0 educativa riteniamo dunque urgente effettuare una\u00a0<span style=\"color: var(--global--color-primary); font-size: var(--global--font-size-base); font-family: var(--global--font-secondary);\">mappatura dello svantaggio educativo del territorio comunale varesino, in base\u00a0<\/span><span style=\"color: var(--global--color-primary); font-size: var(--global--font-size-base); font-family: var(--global--font-secondary);\">a indicatori quali appunto la copertura dei servizi educativi pubblici per la prima\u00a0<\/span><span style=\"color: var(--global--color-primary); font-size: var(--global--font-size-base); font-family: var(--global--font-secondary);\">infanzia (0-6 anni), la dispersione esplicita (ragazzi tra i 18 e i 24 anni che hanno\u00a0<\/span><span style=\"color: var(--global--color-primary); font-size: var(--global--font-size-base); font-family: var(--global--font-secondary);\">abbandonato prematuramente il loro percorso di studi), la dispersione implicita\u00a0<\/span><span style=\"color: var(--global--color-primary); font-size: var(--global--font-size-base); font-family: var(--global--font-secondary);\">(ragazzi tra i 14 e i 16 anni che non raggiungono le competenze minime in matematica\u00a0<\/span><span style=\"color: var(--global--color-primary); font-size: var(--global--font-size-base); font-family: var(--global--font-secondary);\">e italiano), la percentuale di ragazzi tra i 14 e i 16 le cui famiglie versano in condizioni\u00a0<\/span><span style=\"color: var(--global--color-primary); font-size: var(--global--font-size-base); font-family: var(--global--font-secondary);\">socio-economiche di svantaggio. Sulla base di questi indicatori, secondo l\u2019indagine\u00a0<\/span><span style=\"color: var(--global--color-primary); font-size: var(--global--font-size-base); font-family: var(--global--font-secondary);\">\u201cRiscriviamo il futuro\u201d di Save the Children, la Provincia di Varese si colloca infatti in una\u00a0<\/span><span style=\"color: var(--global--color-primary); font-size: var(--global--font-size-base); font-family: var(--global--font-secondary);\">fascia di rischio educativo medio: i prossimi anni saranno dunque decisivi per\u00a0<\/span><span style=\"color: var(--global--color-primary); font-size: var(--global--font-size-base); font-family: var(--global--font-secondary);\">determinare il futuro di una generazione che rischia di vedere compromesse le proprie\u00a0<\/span><span style=\"color: var(--global--color-primary); font-size: var(--global--font-size-base); font-family: var(--global--font-secondary);\">possibilit\u00e0 di emancipazione socio-economica e culturale a causa della crisi innescata\u00a0<\/span><span style=\"color: var(--global--color-primary); font-size: var(--global--font-size-base); font-family: var(--global--font-secondary);\">dal COVID19.<\/span><\/p>\t\t\t\t\t\t<\/div>\n\t\t\t\t<\/div>\n\t\t\t\t\t<\/div>\n\t\t<\/div>\n\t\t\t\t\t\t\t<\/div>\n\t\t<\/section>\n\t\t\t\t<section class=\"elementor-section elementor-top-section elementor-element elementor-element-14a022e2 elementor-section-boxed elementor-section-height-default elementor-section-height-default\" data-id=\"14a022e2\" data-element_type=\"section\">\n\t\t\t\t\t\t<div class=\"elementor-container elementor-column-gap-default\">\n\t\t\t\t\t<div class=\"elementor-column elementor-col-100 elementor-top-column elementor-element elementor-element-7bf438bf\" data-id=\"7bf438bf\" data-element_type=\"column\">\n\t\t\t<div class=\"elementor-widget-wrap elementor-element-populated\">\n\t\t\t\t\t\t\t\t<div class=\"elementor-element elementor-element-510ca27b elementor-widget elementor-widget-spacer\" data-id=\"510ca27b\" data-element_type=\"widget\" data-widget_type=\"spacer.default\">\n\t\t\t\t<div class=\"elementor-widget-container\">\n\t\t\t\t\t<div class=\"elementor-spacer\">\n\t\t\t<div class=\"elementor-spacer-inner\"><\/div>\n\t\t<\/div>\n\t\t\t\t<\/div>\n\t\t\t\t<\/div>\n\t\t\t\t\t<\/div>\n\t\t<\/div>\n\t\t\t\t\t\t\t<\/div>\n\t\t<\/section>\n\t\t\t\t<section class=\"elementor-section elementor-top-section elementor-element elementor-element-440f51b4 elementor-section-boxed elementor-section-height-default elementor-section-height-default\" data-id=\"440f51b4\" data-element_type=\"section\" data-settings=\"{&quot;background_background&quot;:&quot;classic&quot;,&quot;shape_divider_top&quot;:&quot;opacity-tilt&quot;}\">\n\t\t\t\t\t<div class=\"elementor-shape elementor-shape-top\" data-negative=\"false\">\n\t\t\t<svg xmlns=\"http:\/\/www.w3.org\/2000\/svg\" viewBox=\"0 0 2600 131.1\" preserveAspectRatio=\"none\">\n\t<path class=\"elementor-shape-fill\" d=\"M0 0L2600 0 2600 69.1 0 0z\"\/>\n\t<path class=\"elementor-shape-fill\" style=\"opacity:0.5\" d=\"M0 0L2600 0 2600 69.1 0 69.1z\"\/>\n\t<path class=\"elementor-shape-fill\" style=\"opacity:0.25\" d=\"M2600 0L0 0 0 130.1 2600 69.1z\"\/>\n<\/svg>\t\t<\/div>\n\t\t\t\t\t<div class=\"elementor-container elementor-column-gap-default\">\n\t\t\t\t\t<div class=\"elementor-column elementor-col-100 elementor-top-column elementor-element elementor-element-3d3cd008\" data-id=\"3d3cd008\" data-element_type=\"column\">\n\t\t\t<div class=\"elementor-widget-wrap elementor-element-populated\">\n\t\t\t\t\t\t\t\t<div class=\"elementor-element elementor-element-509ebe73 elementor-widget elementor-widget-heading\" data-id=\"509ebe73\" data-element_type=\"widget\" data-widget_type=\"heading.default\">\n\t\t\t\t<div class=\"elementor-widget-container\">\n\t\t\t<h4 class=\"elementor-heading-title elementor-size-large\">Sono necessari dunque interventi mirati e puntuali che coltivino il terreno delle\nopportunit\u00e0, non solo per investire nell\u2019istruzione o per rimodulare gli spazi e i tempi\nscolastici, ma anche per rinsaldare il legame della scuola con le famiglie, la comunit\u00e0 e\nil territorio:<\/h4>\t\t<\/div>\n\t\t\t\t<\/div>\n\t\t\t\t<div class=\"elementor-element elementor-element-5f6057a elementor-widget elementor-widget-text-editor\" data-id=\"5f6057a\" data-element_type=\"widget\" data-widget_type=\"text-editor.default\">\n\t\t\t\t<div class=\"elementor-widget-container\">\n\t\t\t\t\t\t\t\t<ul><li><strong>Aumentare i posti pubblici di asilo nido.<\/strong><\/li><\/ul><ul><li><strong>Garantire a tutti i bambini un accesso inclusivo, semplice ed economicamente sostenibile agli asili nido e alle scuole dell\u2019infanzia.<\/strong><\/li><\/ul><ul><li><strong>Aumentare il numero di scuole che offrono il tempo pieno.<\/strong><\/li><\/ul><ul><li><strong>Garantire un servizio di refezione in grado di raggiungere i bambini in condizione di maggior bisogno<\/strong><\/li><li><strong>Costituire ampie zone verdi, a traffico limitato o pedonalizzate intorno alle scuole, attraverso piani della mobilit\u00e0 ad hoc.<\/strong><\/li><li><strong>Garantire accessibilit\u00e0 a tutte le scuole tramite mezzi pubblici a misura di bambini e dei loro care giver.<\/strong><\/li><li><strong>Attivare patti di comunit\u00e0 educante che permettano alle scuole di aprirsi al territorio e ai quartieri di entrare nelle scuole (scuole aperte nel tempo e nello spazio).<\/strong><\/li><li><strong>Ristrutturare edifici scolastici vetusti attraverso le linee di indirizzo della progettazione partecipata (vedi polo di San Fermo), dell\u2019efficienza energetica e dello spazio come terzo educatore.<\/strong><\/li><li><strong>Garantire capillarit\u00e0 e qualit\u00e0 dei servizi parascolastici, anche attraverso un incremento nelle assunzioni di personale educativo che faccia scendere il rapporto tra numero di bambini ed educatori.<\/strong><\/li><li><strong>Incrementare gli investimenti nell\u2019attivit\u00e0 motoria, attraverso le bussole della pedagogia del corpo e del gioco.<\/strong><\/li><li><strong>Favorire la partecipazione di bambini e ragazzi ai processi decisionali della citt\u00e0.<\/strong><\/li><li><strong>Potenziare l\u2019Informagiovani e l\u2019Informalavoro, che svolgono un ruolo essenziale nell\u2019erogare servizi gratuiti di orientamento e avvicinamento alle politiche attive a favore di giovani e adulti ai margini del mercato del lavoro.<\/strong><\/li><\/ul>\t\t\t\t\t\t<\/div>\n\t\t\t\t<\/div>\n\t\t\t\t\t<\/div>\n\t\t<\/div>\n\t\t\t\t\t\t\t<\/div>\n\t\t<\/section>\n\t\t\t\t<section class=\"elementor-section elementor-top-section elementor-element elementor-element-33c3d90 elementor-section-boxed elementor-section-height-default elementor-section-height-default\" data-id=\"33c3d90\" data-element_type=\"section\">\n\t\t\t\t\t\t<div class=\"elementor-container elementor-column-gap-default\">\n\t\t\t\t\t<div class=\"elementor-column elementor-col-100 elementor-top-column elementor-element elementor-element-69f447d5\" data-id=\"69f447d5\" data-element_type=\"column\">\n\t\t\t<div class=\"elementor-widget-wrap\">\n\t\t\t\t\t\t\t\t\t<\/div>\n\t\t<\/div>\n\t\t\t\t\t\t\t<\/div>\n\t\t<\/section>\n\t\t\t\t<section class=\"elementor-section elementor-top-section elementor-element elementor-element-21112bac elementor-section-boxed elementor-section-height-default elementor-section-height-default\" data-id=\"21112bac\" data-element_type=\"section\">\n\t\t\t\t\t\t<div class=\"elementor-container elementor-column-gap-default\">\n\t\t\t\t\t<div class=\"elementor-column elementor-col-100 elementor-top-column elementor-element elementor-element-12d24654\" data-id=\"12d24654\" data-element_type=\"column\">\n\t\t\t<div class=\"elementor-widget-wrap elementor-element-populated\">\n\t\t\t\t\t\t\t\t<div class=\"elementor-element elementor-element-46e04af8 elementor-widget elementor-widget-spacer\" data-id=\"46e04af8\" data-element_type=\"widget\" data-widget_type=\"spacer.default\">\n\t\t\t\t<div class=\"elementor-widget-container\">\n\t\t\t\t\t<div class=\"elementor-spacer\">\n\t\t\t<div class=\"elementor-spacer-inner\"><\/div>\n\t\t<\/div>\n\t\t\t\t<\/div>\n\t\t\t\t<\/div>\n\t\t\t\t\t<\/div>\n\t\t<\/div>\n\t\t\t\t\t\t\t<\/div>\n\t\t<\/section>\n\t\t\t\t<section class=\"elementor-section elementor-top-section elementor-element elementor-element-6740b2d2 elementor-section-boxed elementor-section-height-default elementor-section-height-default\" data-id=\"6740b2d2\" data-element_type=\"section\">\n\t\t\t\t\t\t<div class=\"elementor-container elementor-column-gap-default\">\n\t\t\t\t\t<div class=\"elementor-column elementor-col-100 elementor-top-column elementor-element elementor-element-770cd558\" data-id=\"770cd558\" data-element_type=\"column\">\n\t\t\t<div class=\"elementor-widget-wrap elementor-element-populated\">\n\t\t\t\t\t\t\t\t<div class=\"elementor-element elementor-element-509964be elementor-widget elementor-widget-text-editor\" data-id=\"509964be\" data-element_type=\"widget\" data-widget_type=\"text-editor.default\">\n\t\t\t\t<div class=\"elementor-widget-container\">\n\t\t\t\t\t\t\t\t<p>Per compiere queste azioni, riteniamo che l\u2019Amministrazione debba circoscrivere e\u00a0<span style=\"color: var(--global--color-primary); font-size: var(--global--font-size-base); font-family: var(--global--font-secondary);\">limitare l\u2019utilizzo dello strumento di affido e fornitura di servizio e prediligere quello della\u00a0<\/span><span style=\"color: var(--global--color-primary); font-size: var(--global--font-size-base); font-family: var(--global--font-secondary);\">coprogettazione. La coprogettazione \u00e8 una procedura ad evidenza pubblica in cui\u00a0<\/span><span style=\"color: var(--global--color-primary); font-size: var(--global--font-size-base); font-family: var(--global--font-secondary);\">sono rispettati i principi di trasparenza, imparzialit\u00e0 e parit\u00e0 di trattamento, ma che\u00a0<\/span><span style=\"color: var(--global--color-primary); font-size: var(--global--font-size-base); font-family: var(--global--font-secondary);\">consente di superare il mero acquisto di prestazioni a favore della realizzazione di un\u00a0<\/span><span style=\"color: var(--global--color-primary); font-size: var(--global--font-size-base); font-family: var(--global--font-secondary);\">progetto condiviso. Si tratta di una procedura complessa in cui i soggetti pubblici e\u00a0<\/span><span style=\"color: var(--global--color-primary); font-size: var(--global--font-size-base); font-family: var(--global--font-secondary);\">privati sono chiamati a condividere idee, risorse, professionalit\u00e0 e saperi per costruire\u00a0<\/span><span style=\"color: var(--global--color-primary); font-size: var(--global--font-size-base); font-family: var(--global--font-secondary);\">obiettivi complementari e creare valore e beneficio per ogni soggetto coinvolto.<\/span><\/p>\t\t\t\t\t\t<\/div>\n\t\t\t\t<\/div>\n\t\t\t\t\t<\/div>\n\t\t<\/div>\n\t\t\t\t\t\t\t<\/div>\n\t\t<\/section>\n\t\t\t\t<section class=\"elementor-section elementor-top-section elementor-element elementor-element-5acdf8d1 elementor-section-boxed elementor-section-height-default elementor-section-height-default\" data-id=\"5acdf8d1\" data-element_type=\"section\">\n\t\t\t\t\t\t<div class=\"elementor-container elementor-column-gap-default\">\n\t\t\t\t\t<div class=\"elementor-column elementor-col-100 elementor-top-column elementor-element elementor-element-45baef9\" data-id=\"45baef9\" data-element_type=\"column\">\n\t\t\t<div class=\"elementor-widget-wrap elementor-element-populated\">\n\t\t\t\t\t\t\t\t<div class=\"elementor-element elementor-element-222f83a7 elementor-widget elementor-widget-spacer\" data-id=\"222f83a7\" data-element_type=\"widget\" data-widget_type=\"spacer.default\">\n\t\t\t\t<div class=\"elementor-widget-container\">\n\t\t\t\t\t<div class=\"elementor-spacer\">\n\t\t\t<div class=\"elementor-spacer-inner\"><\/div>\n\t\t<\/div>\n\t\t\t\t<\/div>\n\t\t\t\t<\/div>\n\t\t\t\t\t<\/div>\n\t\t<\/div>\n\t\t\t\t\t\t\t<\/div>\n\t\t<\/section>\n\t\t\t\t\t\t<\/div>\n\t\t\t\t\t<\/div>\n\t\t","protected":false},"excerpt":{"rendered":"<p>La scuola al centro della citt\u00e0 \/\/ Asili nido, contrasto alla povert\u00e0 educativa, scuole aperte e coprogettazione L&#8217;attenzione delle istituzioni per i minori \u00e8 da sempre uno degli elementi che restituisce\u00a0importanti indicazioni sulla qualit\u00e0 della vita in un determinato territorio. La\u00a0disponibilit\u00e0, l&#8217;accessibilit\u00e0 e la qualit\u00e0 dei servizi per l&#8217;infanzia sono fattori decisivi per\u00a0la crescita di&hellip; <a class=\"more-link\" href=\"https:\/\/progettoconcittadino.it\/?page_id=235\">Continua a leggere <span class=\"screen-reader-text\">La scuola al centro della citt\u00e0<\/span><\/a><\/p>\n","protected":false},"author":1,"featured_media":0,"parent":0,"menu_order":0,"comment_status":"closed","ping_status":"closed","template":"elementor_header_footer","meta":{"footnotes":""},"class_list":["post-235","page","type-page","status-publish","hentry","entry"],"yoast_head":"<!-- This site is optimized with the Yoast SEO plugin v16.9 - https:\/\/yoast.com\/wordpress\/plugins\/seo\/ -->\r\n<title>La scuola al centro della citt\u00e0 - Progetto Concittadino<\/title>\r\n<meta name=\"robots\" content=\"index, follow, max-snippet:-1, max-image-preview:large, max-video-preview:-1\" \/>\r\n<link rel=\"canonical\" href=\"https:\/\/progettoconcittadino.it\/?page_id=235\" \/>\r\n<meta property=\"og:locale\" content=\"it_IT\" \/>\r\n<meta property=\"og:type\" content=\"article\" \/>\r\n<meta property=\"og:title\" content=\"La scuola al centro della citt\u00e0 - Progetto Concittadino\" \/>\r\n<meta property=\"og:description\" content=\"La scuola al centro della citt\u00e0 \/\/ Asili nido, contrasto alla povert\u00e0 educativa, scuole aperte e coprogettazione L&#8217;attenzione delle istituzioni per i minori \u00e8 da sempre uno degli elementi che restituisce\u00a0importanti indicazioni sulla qualit\u00e0 della vita in un determinato territorio. La\u00a0disponibilit\u00e0, l&#8217;accessibilit\u00e0 e la qualit\u00e0 dei servizi per l&#8217;infanzia sono fattori decisivi per\u00a0la crescita di&hellip; Continua a leggere La scuola al centro della citt\u00e0\" \/>\r\n<meta property=\"og:url\" content=\"https:\/\/progettoconcittadino.it\/?page_id=235\" \/>\r\n<meta property=\"og:site_name\" content=\"Progetto Concittadino\" \/>\r\n<meta property=\"article:modified_time\" content=\"2021-08-15T09:22:01+00:00\" \/>\r\n<meta name=\"twitter:card\" content=\"summary_large_image\" \/>\r\n<meta name=\"twitter:label1\" content=\"Tempo di lettura stimato\" \/>\n\t<meta name=\"twitter:data1\" content=\"5 minuti\" \/>\r\n<script type=\"application\/ld+json\" class=\"yoast-schema-graph\">{\"@context\":\"https:\/\/schema.org\",\"@graph\":[{\"@type\":\"Organization\",\"@id\":\"https:\/\/progettoconcittadino.it\/#organization\",\"name\":\"progetto concittadino\",\"url\":\"https:\/\/progettoconcittadino.it\/\",\"sameAs\":[],\"logo\":{\"@type\":\"ImageObject\",\"@id\":\"https:\/\/progettoconcittadino.it\/#logo\",\"inLanguage\":\"it-IT\",\"url\":\"https:\/\/progettoconcittadino.it\/wp-content\/uploads\/2021\/08\/200546549_125529756329780_4266939049838858618_n-e1628697656256.jpg\",\"contentUrl\":\"https:\/\/progettoconcittadino.it\/wp-content\/uploads\/2021\/08\/200546549_125529756329780_4266939049838858618_n-e1628697656256.jpg\",\"width\":150,\"height\":150,\"caption\":\"progetto concittadino\"},\"image\":{\"@id\":\"https:\/\/progettoconcittadino.it\/#logo\"}},{\"@type\":\"WebSite\",\"@id\":\"https:\/\/progettoconcittadino.it\/#website\",\"url\":\"https:\/\/progettoconcittadino.it\/\",\"name\":\"Progetto Concittadino\",\"description\":\"\",\"publisher\":{\"@id\":\"https:\/\/progettoconcittadino.it\/#organization\"},\"potentialAction\":[{\"@type\":\"SearchAction\",\"target\":{\"@type\":\"EntryPoint\",\"urlTemplate\":\"https:\/\/progettoconcittadino.it\/?s={search_term_string}\"},\"query-input\":\"required name=search_term_string\"}],\"inLanguage\":\"it-IT\"},{\"@type\":\"WebPage\",\"@id\":\"https:\/\/progettoconcittadino.it\/?page_id=235#webpage\",\"url\":\"https:\/\/progettoconcittadino.it\/?page_id=235\",\"name\":\"La scuola al centro della citt\\u00e0 - Progetto Concittadino\",\"isPartOf\":{\"@id\":\"https:\/\/progettoconcittadino.it\/#website\"},\"datePublished\":\"2021-08-15T09:01:23+00:00\",\"dateModified\":\"2021-08-15T09:22:01+00:00\",\"breadcrumb\":{\"@id\":\"https:\/\/progettoconcittadino.it\/?page_id=235#breadcrumb\"},\"inLanguage\":\"it-IT\",\"potentialAction\":[{\"@type\":\"ReadAction\",\"target\":[\"https:\/\/progettoconcittadino.it\/?page_id=235\"]}]},{\"@type\":\"BreadcrumbList\",\"@id\":\"https:\/\/progettoconcittadino.it\/?page_id=235#breadcrumb\",\"itemListElement\":[{\"@type\":\"ListItem\",\"position\":1,\"name\":\"Home\",\"item\":\"https:\/\/progettoconcittadino.it\/\"},{\"@type\":\"ListItem\",\"position\":2,\"name\":\"La scuola al centro della citt\\u00e0\"}]}]}<\/script>\r\n<!-- \/ Yoast SEO plugin. -->","yoast_head_json":{"title":"La scuola al centro della citt\u00e0 - Progetto Concittadino","robots":{"index":"index","follow":"follow","max-snippet":"max-snippet:-1","max-image-preview":"max-image-preview:large","max-video-preview":"max-video-preview:-1"},"canonical":"https:\/\/progettoconcittadino.it\/?page_id=235","og_locale":"it_IT","og_type":"article","og_title":"La scuola al centro della citt\u00e0 - Progetto Concittadino","og_description":"La scuola al centro della citt\u00e0 \/\/ Asili nido, contrasto alla povert\u00e0 educativa, scuole aperte e coprogettazione L&#8217;attenzione delle istituzioni per i minori \u00e8 da sempre uno degli elementi che restituisce\u00a0importanti indicazioni sulla qualit\u00e0 della vita in un determinato territorio. La\u00a0disponibilit\u00e0, l&#8217;accessibilit\u00e0 e la qualit\u00e0 dei servizi per l&#8217;infanzia sono fattori decisivi per\u00a0la crescita di&hellip; Continua a leggere La scuola al centro della citt\u00e0","og_url":"https:\/\/progettoconcittadino.it\/?page_id=235","og_site_name":"Progetto Concittadino","article_modified_time":"2021-08-15T09:22:01+00:00","twitter_card":"summary_large_image","twitter_misc":{"Tempo di lettura stimato":"5 minuti"},"schema":{"@context":"https:\/\/schema.org","@graph":[{"@type":"Organization","@id":"https:\/\/progettoconcittadino.it\/#organization","name":"progetto concittadino","url":"https:\/\/progettoconcittadino.it\/","sameAs":[],"logo":{"@type":"ImageObject","@id":"https:\/\/progettoconcittadino.it\/#logo","inLanguage":"it-IT","url":"https:\/\/progettoconcittadino.it\/wp-content\/uploads\/2021\/08\/200546549_125529756329780_4266939049838858618_n-e1628697656256.jpg","contentUrl":"https:\/\/progettoconcittadino.it\/wp-content\/uploads\/2021\/08\/200546549_125529756329780_4266939049838858618_n-e1628697656256.jpg","width":150,"height":150,"caption":"progetto concittadino"},"image":{"@id":"https:\/\/progettoconcittadino.it\/#logo"}},{"@type":"WebSite","@id":"https:\/\/progettoconcittadino.it\/#website","url":"https:\/\/progettoconcittadino.it\/","name":"Progetto Concittadino","description":"","publisher":{"@id":"https:\/\/progettoconcittadino.it\/#organization"},"potentialAction":[{"@type":"SearchAction","target":{"@type":"EntryPoint","urlTemplate":"https:\/\/progettoconcittadino.it\/?s={search_term_string}"},"query-input":"required name=search_term_string"}],"inLanguage":"it-IT"},{"@type":"WebPage","@id":"https:\/\/progettoconcittadino.it\/?page_id=235#webpage","url":"https:\/\/progettoconcittadino.it\/?page_id=235","name":"La scuola al centro della citt\u00e0 - Progetto Concittadino","isPartOf":{"@id":"https:\/\/progettoconcittadino.it\/#website"},"datePublished":"2021-08-15T09:01:23+00:00","dateModified":"2021-08-15T09:22:01+00:00","breadcrumb":{"@id":"https:\/\/progettoconcittadino.it\/?page_id=235#breadcrumb"},"inLanguage":"it-IT","potentialAction":[{"@type":"ReadAction","target":["https:\/\/progettoconcittadino.it\/?page_id=235"]}]},{"@type":"BreadcrumbList","@id":"https:\/\/progettoconcittadino.it\/?page_id=235#breadcrumb","itemListElement":[{"@type":"ListItem","position":1,"name":"Home","item":"https:\/\/progettoconcittadino.it\/"},{"@type":"ListItem","position":2,"name":"La scuola al centro della citt\u00e0"}]}]}},"_links":{"self":[{"href":"https:\/\/progettoconcittadino.it\/index.php?rest_route=\/wp\/v2\/pages\/235","targetHints":{"allow":["GET"]}}],"collection":[{"href":"https:\/\/progettoconcittadino.it\/index.php?rest_route=\/wp\/v2\/pages"}],"about":[{"href":"https:\/\/progettoconcittadino.it\/index.php?rest_route=\/wp\/v2\/types\/page"}],"author":[{"embeddable":true,"href":"https:\/\/progettoconcittadino.it\/index.php?rest_route=\/wp\/v2\/users\/1"}],"replies":[{"embeddable":true,"href":"https:\/\/progettoconcittadino.it\/index.php?rest_route=%2Fwp%2Fv2%2Fcomments&post=235"}],"version-history":[{"count":7,"href":"https:\/\/progettoconcittadino.it\/index.php?rest_route=\/wp\/v2\/pages\/235\/revisions"}],"predecessor-version":[{"id":246,"href":"https:\/\/progettoconcittadino.it\/index.php?rest_route=\/wp\/v2\/pages\/235\/revisions\/246"}],"wp:attachment":[{"href":"https:\/\/progettoconcittadino.it\/index.php?rest_route=%2Fwp%2Fv2%2Fmedia&parent=235"}],"curies":[{"name":"wp","href":"https:\/\/api.w.org\/{rel}","templated":true}]}}