{"id":226,"date":"2021-08-15T08:50:45","date_gmt":"2021-08-15T08:50:45","guid":{"rendered":"https:\/\/progettoconcittadino.it\/?page_id=226"},"modified":"2021-08-15T09:21:00","modified_gmt":"2021-08-15T09:21:00","slug":"una-citta-che-si-prende-cura","status":"publish","type":"page","link":"https:\/\/progettoconcittadino.it\/?page_id=226","title":{"rendered":"Una citt\u00e0 che si prende cura"},"content":{"rendered":"\t\t<div data-elementor-type=\"wp-page\" data-elementor-id=\"226\" class=\"elementor elementor-226\" data-elementor-settings=\"[]\">\n\t\t\t\t\t\t\t<div class=\"elementor-section-wrap\">\n\t\t\t\t\t\t\t<section class=\"elementor-section elementor-top-section elementor-element elementor-element-6968ebe elementor-section-boxed elementor-section-height-default elementor-section-height-default\" data-id=\"6968ebe\" data-element_type=\"section\">\n\t\t\t\t\t\t<div class=\"elementor-container elementor-column-gap-default\">\n\t\t\t\t\t<div class=\"elementor-column elementor-col-100 elementor-top-column elementor-element elementor-element-6150c765\" data-id=\"6150c765\" data-element_type=\"column\">\n\t\t\t<div class=\"elementor-widget-wrap elementor-element-populated\">\n\t\t\t\t\t\t\t\t<div class=\"elementor-element elementor-element-5b938459 elementor-widget elementor-widget-spacer\" data-id=\"5b938459\" data-element_type=\"widget\" data-widget_type=\"spacer.default\">\n\t\t\t\t<div class=\"elementor-widget-container\">\n\t\t\t\t\t<div class=\"elementor-spacer\">\n\t\t\t<div class=\"elementor-spacer-inner\"><\/div>\n\t\t<\/div>\n\t\t\t\t<\/div>\n\t\t\t\t<\/div>\n\t\t\t\t\t<\/div>\n\t\t<\/div>\n\t\t\t\t\t\t\t<\/div>\n\t\t<\/section>\n\t\t\t\t<section class=\"elementor-section elementor-top-section elementor-element elementor-element-33a5829c elementor-section-boxed elementor-section-height-default elementor-section-height-default\" data-id=\"33a5829c\" data-element_type=\"section\">\n\t\t\t\t\t\t<div class=\"elementor-container elementor-column-gap-default\">\n\t\t\t\t\t<div class=\"elementor-column elementor-col-100 elementor-top-column elementor-element elementor-element-26f5eb72\" data-id=\"26f5eb72\" data-element_type=\"column\">\n\t\t\t<div class=\"elementor-widget-wrap elementor-element-populated\">\n\t\t\t\t\t\t\t\t<div class=\"elementor-element elementor-element-5ad96297 elementor-widget elementor-widget-heading\" data-id=\"5ad96297\" data-element_type=\"widget\" data-widget_type=\"heading.default\">\n\t\t\t\t<div class=\"elementor-widget-container\">\n\t\t\t<h3 class=\"elementor-heading-title elementor-size-default\">Una citt\u00e0 che si prende cura \/\/ Assistenza alla non-autosufficienza,\nsostegno all\u2019autonomia in et\u00e0 anziana e progetti di vita per la disabilit\u00e0<\/h3>\t\t<\/div>\n\t\t\t\t<\/div>\n\t\t\t\t\t<\/div>\n\t\t<\/div>\n\t\t\t\t\t\t\t<\/div>\n\t\t<\/section>\n\t\t\t\t<section class=\"elementor-section elementor-top-section elementor-element elementor-element-e6f9307 elementor-section-boxed elementor-section-height-default elementor-section-height-default\" data-id=\"e6f9307\" data-element_type=\"section\">\n\t\t\t\t\t\t<div class=\"elementor-container elementor-column-gap-default\">\n\t\t\t\t\t<div class=\"elementor-column elementor-col-100 elementor-top-column elementor-element elementor-element-3e90aa0f\" data-id=\"3e90aa0f\" data-element_type=\"column\">\n\t\t\t<div class=\"elementor-widget-wrap elementor-element-populated\">\n\t\t\t\t\t\t\t\t<div class=\"elementor-element elementor-element-410f114a elementor-widget elementor-widget-spacer\" data-id=\"410f114a\" data-element_type=\"widget\" data-widget_type=\"spacer.default\">\n\t\t\t\t<div class=\"elementor-widget-container\">\n\t\t\t\t\t<div class=\"elementor-spacer\">\n\t\t\t<div class=\"elementor-spacer-inner\"><\/div>\n\t\t<\/div>\n\t\t\t\t<\/div>\n\t\t\t\t<\/div>\n\t\t\t\t\t<\/div>\n\t\t<\/div>\n\t\t\t\t\t\t\t<\/div>\n\t\t<\/section>\n\t\t\t\t<section class=\"elementor-section elementor-top-section elementor-element elementor-element-3d827273 elementor-section-boxed elementor-section-height-default elementor-section-height-default\" data-id=\"3d827273\" data-element_type=\"section\">\n\t\t\t\t\t\t<div class=\"elementor-container elementor-column-gap-default\">\n\t\t\t\t\t<div class=\"elementor-column elementor-col-100 elementor-top-column elementor-element elementor-element-7100cd2\" data-id=\"7100cd2\" data-element_type=\"column\">\n\t\t\t<div class=\"elementor-widget-wrap elementor-element-populated\">\n\t\t\t\t\t\t\t\t<div class=\"elementor-element elementor-element-7d456f82 elementor-widget-divider--view-line elementor-widget elementor-widget-divider\" data-id=\"7d456f82\" data-element_type=\"widget\" data-widget_type=\"divider.default\">\n\t\t\t\t<div class=\"elementor-widget-container\">\n\t\t\t\t\t<div class=\"elementor-divider\">\n\t\t\t<span class=\"elementor-divider-separator\">\n\t\t\t\t\t\t<\/span>\n\t\t<\/div>\n\t\t\t\t<\/div>\n\t\t\t\t<\/div>\n\t\t\t\t\t<\/div>\n\t\t<\/div>\n\t\t\t\t\t\t\t<\/div>\n\t\t<\/section>\n\t\t\t\t<section class=\"elementor-section elementor-top-section elementor-element elementor-element-6a7d1ae6 elementor-section-boxed elementor-section-height-default elementor-section-height-default\" data-id=\"6a7d1ae6\" data-element_type=\"section\">\n\t\t\t\t\t\t<div class=\"elementor-container elementor-column-gap-default\">\n\t\t\t\t\t<div class=\"elementor-column elementor-col-100 elementor-top-column elementor-element elementor-element-50cc85ea\" data-id=\"50cc85ea\" data-element_type=\"column\">\n\t\t\t<div class=\"elementor-widget-wrap elementor-element-populated\">\n\t\t\t\t\t\t\t\t<div class=\"elementor-element elementor-element-1d4dc99d elementor-widget elementor-widget-spacer\" data-id=\"1d4dc99d\" data-element_type=\"widget\" data-widget_type=\"spacer.default\">\n\t\t\t\t<div class=\"elementor-widget-container\">\n\t\t\t\t\t<div class=\"elementor-spacer\">\n\t\t\t<div class=\"elementor-spacer-inner\"><\/div>\n\t\t<\/div>\n\t\t\t\t<\/div>\n\t\t\t\t<\/div>\n\t\t\t\t\t<\/div>\n\t\t<\/div>\n\t\t\t\t\t\t\t<\/div>\n\t\t<\/section>\n\t\t\t\t<section class=\"elementor-section elementor-top-section elementor-element elementor-element-4496c91b elementor-section-boxed elementor-section-height-default elementor-section-height-default\" data-id=\"4496c91b\" data-element_type=\"section\">\n\t\t\t\t\t\t<div class=\"elementor-container elementor-column-gap-default\">\n\t\t\t\t\t<div class=\"elementor-column elementor-col-100 elementor-top-column elementor-element elementor-element-3683fd21\" data-id=\"3683fd21\" data-element_type=\"column\">\n\t\t\t<div class=\"elementor-widget-wrap elementor-element-populated\">\n\t\t\t\t\t\t\t\t<div class=\"elementor-element elementor-element-559a8341 elementor-widget elementor-widget-text-editor\" data-id=\"559a8341\" data-element_type=\"widget\" data-widget_type=\"text-editor.default\">\n\t\t\t\t<div class=\"elementor-widget-container\">\n\t\t\t\t\t\t\t\t<p>Nel comune di Varese il numero di persone anziane \u00e8 in aumento: insieme all\u2019et\u00e0\u00a0<span style=\"color: var(--global--color-primary); font-size: var(--global--font-size-base); font-family: var(--global--font-secondary);\">cresce anche l\u2019incidenza di patologie croniche e di situazioni di non autosufficienza. Le\u00a0<\/span><span style=\"color: var(--global--color-primary); font-size: var(--global--font-size-base); font-family: var(--global--font-secondary);\">famiglie si trovano a occuparsi dei propri cari destreggiandosi tra i servizi, spesso in\u00a0<\/span><span style=\"color: var(--global--color-primary); font-size: var(--global--font-size-base); font-family: var(--global--font-secondary);\">solitudine, senza una concreta rete di supporto. I servizi sanitari e sociali che\u00a0<\/span><span style=\"color: var(--global--color-primary); font-size: var(--global--font-size-base); font-family: var(--global--font-secondary);\">dovrebbero sostenerle non risultano efficaci perch\u00e9 operano per singole prestazioni e\u00a0<\/span><span style=\"color: var(--global--color-primary); font-size: var(--global--font-size-base); font-family: var(--global--font-secondary);\">non collaborano per una presa in carico complessiva dei bisogni della persona e della\u00a0<\/span><span style=\"color: var(--global--color-primary); font-size: var(--global--font-size-base); font-family: var(--global--font-secondary);\">sua famiglia.<\/span><\/p><p><span style=\"color: var(--global--color-primary); font-size: var(--global--font-size-base); font-family: var(--global--font-secondary);\">\u00a0<\/span><\/p><p>\u00c8 necessario che l\u2019Ospedale, i Medici di Base, i servizi di assistenza domiciliare e le\u00a0<span style=\"color: var(--global--color-primary); font-size: var(--global--font-size-base); font-family: var(--global--font-secondary);\">agenzie di collocamento di assistenti familiari lavorino insieme per supportare le\u00a0<\/span><span style=\"color: var(--global--color-primary); font-size: var(--global--font-size-base); font-family: var(--global--font-secondary);\">famiglie nel lavoro di cura e assistenza. Il Comune deve coordinare patti di\u00a0<\/span><span style=\"color: var(--global--color-primary); font-size: var(--global--font-size-base); font-family: var(--global--font-secondary);\">collaborazione e promuovere progetti, come le dimissioni protette dall\u2019ospedale verso il\u00a0<\/span><span style=\"color: var(--global--color-primary); font-size: var(--global--font-size-base); font-family: var(--global--font-secondary);\">domicilio e le Case di comunit\u00e0.<\/span><\/p><p><span style=\"color: var(--global--color-primary); font-size: var(--global--font-size-base); font-family: var(--global--font-secondary);\">\u00a0<\/span><\/p><p>Le dimissioni protette sono uno strumento volto a garantire la presenza di\u00a0<span style=\"color: var(--global--color-primary); font-size: var(--global--font-size-base); font-family: var(--global--font-secondary);\">un\u2019adeguata organizzazione dell\u2019assistenza domiciliare per le persone non\u00a0<\/span><span style=\"color: var(--global--color-primary); font-size: var(--global--font-size-base); font-family: var(--global--font-secondary);\">autosufficienti in uscita dall\u2019ospedale. Per costruire un piano di assistenza\u00a0<\/span><span style=\"color: var(--global--color-primary); font-size: var(--global--font-size-base); font-family: var(--global--font-secondary);\">domiciliare che tenga conto di tutti i bisogni \u00e8 necessaria una stretta collaborazione\u00a0<\/span><span style=\"color: var(--global--color-primary); font-size: var(--global--font-size-base); font-family: var(--global--font-secondary);\">tra i servizi sociali, il medico di medicina generale e il reparto ospedaliero. Grazie a\u00a0<\/span><span style=\"color: var(--global--color-primary); font-size: var(--global--font-size-base); font-family: var(--global--font-secondary);\">questo, le famiglie sono sostenute nella gestione di aree come l\u2019alimentazione, la\u00a0<\/span><span style=\"color: var(--global--color-primary); font-size: var(--global--font-size-base); font-family: var(--global--font-secondary);\">somministrazione della terapia, la pulizia della persona e degli ambienti, la fornitura di\u00a0<\/span><span style=\"color: var(--global--color-primary); font-size: var(--global--font-size-base); font-family: var(--global--font-secondary);\">ausili specifici (per esempio carrozzina o letto mobile). Il servizio sociale comunale deve\u00a0<\/span><span style=\"color: var(--global--color-primary); font-size: var(--global--font-size-base); font-family: var(--global--font-secondary);\">essere in grado di organizzare l\u2019assistenza sanitaria, sociosanitaria e sociale a domicilio\u00a0<\/span><span style=\"color: var(--global--color-primary); font-size: var(--global--font-size-base); font-family: var(--global--font-secondary);\">utilizzando i patti di collaborazione. In questo modo il cittadino si rivolge a un solo\u00a0<\/span><span style=\"color: var(--global--color-primary); font-size: var(--global--font-size-base); font-family: var(--global--font-secondary);\">servizio che prende in carico l\u2019intera situazione famigliare e che si occupa di coordinare\u00a0<\/span><span style=\"color: var(--global--color-primary); font-size: var(--global--font-size-base); font-family: var(--global--font-secondary);\">l\u2019intervento delle altre strutture.<\/span><\/p><p><span style=\"color: var(--global--color-primary); font-size: var(--global--font-size-base); font-family: var(--global--font-secondary);\">\u00a0<\/span><\/p><p>Le Case di comunit\u00e0 sono strutture sanitarie che accolgono al loro interno diverse\u00a0<span style=\"color: var(--global--color-primary); font-size: var(--global--font-size-base); font-family: var(--global--font-secondary);\">professionalit\u00e0 sanitarie (il medico di medicina generale, l\u2019infermiere di famiglia, il\u00a0<\/span><span style=\"color: var(--global--color-primary); font-size: var(--global--font-size-base); font-family: var(--global--font-secondary);\">pediatra ecc.) e sociali (come l\u2019assistente sociale) in cui il cittadino pu\u00f2 trovare una\u00a0<\/span><span style=\"color: var(--global--color-primary); font-size: var(--global--font-size-base); font-family: var(--global--font-secondary);\">risposta adeguata alle sue esigenze di cura. La sede delle Case di comunit\u00e0 deve\u00a0<\/span><span style=\"color: var(--global--color-primary); font-size: var(--global--font-size-base); font-family: var(--global--font-secondary);\">essere visibile e facilmente accessibile e situata, anche e soprattutto, nei quartieri\u00a0<\/span><span style=\"color: var(--global--color-primary); font-size: var(--global--font-size-base); font-family: var(--global--font-secondary);\">periferici. Il progetto sar\u00e0 realizzato dall\u2019ASST Sette Laghi e verr\u00e0 finanziato attraverso il\u00a0<\/span><span style=\"color: var(--global--color-primary); font-size: var(--global--font-size-base); font-family: var(--global--font-secondary);\">Piano di Ripresa e Resilienza. L\u2019Amministrazione comunale deve garantire l\u2019integrazione\u00a0<\/span><span style=\"color: var(--global--color-primary); font-size: var(--global--font-size-base); font-family: var(--global--font-secondary);\">tra i servizi offerti all\u2019interno delle Case di comunit\u00e0 e quelli offerti dai servizi sociali.<\/span><\/p>\t\t\t\t\t\t<\/div>\n\t\t\t\t<\/div>\n\t\t\t\t\t<\/div>\n\t\t<\/div>\n\t\t\t\t\t\t\t<\/div>\n\t\t<\/section>\n\t\t\t\t<section class=\"elementor-section elementor-top-section elementor-element elementor-element-51984565 elementor-section-boxed elementor-section-height-default elementor-section-height-default\" data-id=\"51984565\" data-element_type=\"section\">\n\t\t\t\t\t\t<div class=\"elementor-container elementor-column-gap-default\">\n\t\t\t\t\t<div class=\"elementor-column elementor-col-100 elementor-top-column elementor-element elementor-element-ee5ba4b\" data-id=\"ee5ba4b\" data-element_type=\"column\">\n\t\t\t<div class=\"elementor-widget-wrap elementor-element-populated\">\n\t\t\t\t\t\t\t\t<div class=\"elementor-element elementor-element-30e1e72f elementor-widget elementor-widget-spacer\" data-id=\"30e1e72f\" data-element_type=\"widget\" data-widget_type=\"spacer.default\">\n\t\t\t\t<div class=\"elementor-widget-container\">\n\t\t\t\t\t<div class=\"elementor-spacer\">\n\t\t\t<div class=\"elementor-spacer-inner\"><\/div>\n\t\t<\/div>\n\t\t\t\t<\/div>\n\t\t\t\t<\/div>\n\t\t\t\t\t<\/div>\n\t\t<\/div>\n\t\t\t\t\t\t\t<\/div>\n\t\t<\/section>\n\t\t\t\t<section class=\"elementor-section elementor-top-section elementor-element elementor-element-55a21dda elementor-section-boxed elementor-section-height-default elementor-section-height-default\" data-id=\"55a21dda\" data-element_type=\"section\" data-settings=\"{&quot;background_background&quot;:&quot;classic&quot;,&quot;shape_divider_top&quot;:&quot;opacity-tilt&quot;}\">\n\t\t\t\t\t<div class=\"elementor-shape elementor-shape-top\" data-negative=\"false\">\n\t\t\t<svg xmlns=\"http:\/\/www.w3.org\/2000\/svg\" viewBox=\"0 0 2600 131.1\" preserveAspectRatio=\"none\">\n\t<path class=\"elementor-shape-fill\" d=\"M0 0L2600 0 2600 69.1 0 0z\"\/>\n\t<path class=\"elementor-shape-fill\" style=\"opacity:0.5\" d=\"M0 0L2600 0 2600 69.1 0 69.1z\"\/>\n\t<path class=\"elementor-shape-fill\" style=\"opacity:0.25\" d=\"M2600 0L0 0 0 130.1 2600 69.1z\"\/>\n<\/svg>\t\t<\/div>\n\t\t\t\t\t<div class=\"elementor-container elementor-column-gap-default\">\n\t\t\t\t\t<div class=\"elementor-column elementor-col-100 elementor-top-column elementor-element elementor-element-3f179463\" data-id=\"3f179463\" data-element_type=\"column\">\n\t\t\t<div class=\"elementor-widget-wrap elementor-element-populated\">\n\t\t\t\t\t\t\t\t<div class=\"elementor-element elementor-element-32e16429 elementor-widget elementor-widget-heading\" data-id=\"32e16429\" data-element_type=\"widget\" data-widget_type=\"heading.default\">\n\t\t\t\t<div class=\"elementor-widget-container\">\n\t\t\t<h2 class=\"elementor-heading-title elementor-size-xl\">Politiche sociali rivolte solo alla gestione della non-autosufficienza rischiano di essere poco efficaci. \u00c8 necessario promuovere interventi di prevenzione della cronicit\u00e0, intervenendo sul contesto sociale dei soggetti fragili. In questa direzione vanno interventi di riorganizzazione degli spazi urbani, come lo sviluppo di aree verdi diffuse con caratteristiche architettoniche che le rendano facilmente fruibili e raggiungibili anche da persone con ridotta mobilit\u00e0. Fondamentale \u00e8 anche il rafforzamento della rete sociale dell\u2019anziano.<\/h2>\t\t<\/div>\n\t\t\t\t<\/div>\n\t\t\t\t\t<\/div>\n\t\t<\/div>\n\t\t\t\t\t\t\t<\/div>\n\t\t<\/section>\n\t\t\t\t<section class=\"elementor-section elementor-top-section elementor-element elementor-element-3b3c3b6d elementor-section-boxed elementor-section-height-default elementor-section-height-default\" data-id=\"3b3c3b6d\" data-element_type=\"section\">\n\t\t\t\t\t\t<div class=\"elementor-container elementor-column-gap-default\">\n\t\t\t\t\t<div class=\"elementor-column elementor-col-100 elementor-top-column elementor-element elementor-element-285cdfef\" data-id=\"285cdfef\" data-element_type=\"column\">\n\t\t\t<div class=\"elementor-widget-wrap\">\n\t\t\t\t\t\t\t\t\t<\/div>\n\t\t<\/div>\n\t\t\t\t\t\t\t<\/div>\n\t\t<\/section>\n\t\t\t\t<section class=\"elementor-section elementor-top-section elementor-element elementor-element-7581fe33 elementor-section-boxed elementor-section-height-default elementor-section-height-default\" data-id=\"7581fe33\" data-element_type=\"section\">\n\t\t\t\t\t\t<div class=\"elementor-container elementor-column-gap-default\">\n\t\t\t\t\t<div class=\"elementor-column elementor-col-100 elementor-top-column elementor-element elementor-element-5f29d562\" data-id=\"5f29d562\" data-element_type=\"column\">\n\t\t\t<div class=\"elementor-widget-wrap elementor-element-populated\">\n\t\t\t\t\t\t\t\t<div class=\"elementor-element elementor-element-a9784e7 elementor-widget elementor-widget-spacer\" data-id=\"a9784e7\" data-element_type=\"widget\" data-widget_type=\"spacer.default\">\n\t\t\t\t<div class=\"elementor-widget-container\">\n\t\t\t\t\t<div class=\"elementor-spacer\">\n\t\t\t<div class=\"elementor-spacer-inner\"><\/div>\n\t\t<\/div>\n\t\t\t\t<\/div>\n\t\t\t\t<\/div>\n\t\t\t\t\t<\/div>\n\t\t<\/div>\n\t\t\t\t\t\t\t<\/div>\n\t\t<\/section>\n\t\t\t\t<section class=\"elementor-section elementor-top-section elementor-element elementor-element-52846ea6 elementor-section-boxed elementor-section-height-default elementor-section-height-default\" data-id=\"52846ea6\" data-element_type=\"section\">\n\t\t\t\t\t\t<div class=\"elementor-container elementor-column-gap-default\">\n\t\t\t\t\t<div class=\"elementor-column elementor-col-100 elementor-top-column elementor-element elementor-element-14983cae\" data-id=\"14983cae\" data-element_type=\"column\">\n\t\t\t<div class=\"elementor-widget-wrap elementor-element-populated\">\n\t\t\t\t\t\t\t\t<div class=\"elementor-element elementor-element-50061f3e elementor-widget elementor-widget-text-editor\" data-id=\"50061f3e\" data-element_type=\"widget\" data-widget_type=\"text-editor.default\">\n\t\t\t\t<div class=\"elementor-widget-container\">\n\t\t\t\t\t\t\t\t<p>Non pensiamo che l\u2019et\u00e0 anziana porti solo patologie ma anche competenze e nuove\u00a0<span style=\"color: var(--global--color-primary); font-size: var(--global--font-size-base); font-family: var(--global--font-secondary);\">possibilit\u00e0. Gli anziani sono una risorsa che pu\u00f2 arricchire la societ\u00e0 tutta. Progetti\u00a0<\/span><span style=\"color: var(--global--color-primary); font-size: var(--global--font-size-base); font-family: var(--global--font-secondary);\">come gli orti urbani intergenerazionali e il potenziamento delle possibilit\u00e0 di\u00a0<\/span><span style=\"color: var(--global--color-primary); font-size: var(--global--font-size-base); font-family: var(--global--font-secondary);\">svolgere attivit\u00e0 di volontariato si fondano su quest\u2019idea.<\/span><\/p><p><span style=\"color: var(--global--color-primary); font-size: var(--global--font-size-base); font-family: var(--global--font-secondary);\">\u00a0<\/span><\/p><p>Le attivit\u00e0 di prevenzione e il rafforzamento dei mezzi di assistenza favoriscono, ogni\u00a0<span style=\"color: var(--global--color-primary); font-size: var(--global--font-size-base); font-family: var(--global--font-secondary);\">volta sia possibile, la permanenza delle persone nel proprio domicilio. Rimanere nel\u00a0<\/span><span style=\"color: var(--global--color-primary); font-size: var(--global--font-size-base); font-family: var(--global--font-secondary);\">proprio contesto di appartenenza \u00e8 un fattore fondamentale di benessere e di\u00a0<\/span><span style=\"color: var(--global--color-primary); font-size: var(--global--font-size-base); font-family: var(--global--font-secondary);\">salvaguardia della dignit\u00e0 della persona. La connessione tra patologia e dignit\u00e0 non\u00a0<\/span><span style=\"color: var(--global--color-primary); font-size: var(--global--font-size-base); font-family: var(--global--font-secondary);\">riguarda solo l\u2019et\u00e0 anziana ma anche le persone in situazione di disabilit\u00e0. Occuparsi di\u00a0<\/span><span style=\"color: var(--global--color-primary); font-size: var(--global--font-size-base); font-family: var(--global--font-secondary);\">disabilit\u00e0 per noi significa garantire l\u2019autodeterminazione della persona disabile,\u00a0<\/span><span style=\"color: var(--global--color-primary); font-size: var(--global--font-size-base); font-family: var(--global--font-secondary);\">attraverso l\u2019accompagnamento ad un progetto di vita che ne consenta la piena\u00a0<\/span><span style=\"color: var(--global--color-primary); font-size: var(--global--font-size-base); font-family: var(--global--font-secondary);\">realizzazione. Il Servizio Sociale del Comune di Varese deve offrire servizi, interventi ed\u00a0<\/span><span style=\"color: var(--global--color-primary); font-size: var(--global--font-size-base); font-family: var(--global--font-secondary);\">aiuto in una prospettiva esistenziale che tenga conto dell\u2019et\u00e0, delle caratteristiche, delle\u00a0<\/span><span style=\"color: var(--global--color-primary); font-size: var(--global--font-size-base); font-family: var(--global--font-secondary);\">attitudini e dei desideri della persona nella sua evoluzione. Riteniamo che nei prossimi\u00a0<\/span><span style=\"color: var(--global--color-primary); font-size: var(--global--font-size-base); font-family: var(--global--font-secondary);\">anni di governo della citt\u00e0 sia necessario ampliare le opportunit\u00e0 di vita\u00a0<\/span><span style=\"color: var(--global--color-primary); font-size: var(--global--font-size-base); font-family: var(--global--font-secondary);\">indipendente, sviluppando l\u2019offerta di alloggi in cui la persona disabile possa vivere in\u00a0<\/span><span style=\"color: var(--global--color-primary); font-size: var(--global--font-size-base); font-family: var(--global--font-secondary);\">autonomia, e aumentare le possibilit\u00e0 di collocamento lavorativo e di inserimento\u00a0<\/span><span style=\"color: var(--global--color-primary); font-size: var(--global--font-size-base); font-family: var(--global--font-secondary);\">formativo. Il potenziamento di queste attivit\u00e0 pu\u00f2 essere garantito attraverso i fondi\u00a0<\/span><span style=\"color: var(--global--color-primary); font-size: var(--global--font-size-base); font-family: var(--global--font-secondary);\">stanziati con la legge 112\/2016 conosciuta come \u201cDopo di Noi\u201d e con i finanziamenti per i\u00a0<\/span><span style=\"color: var(--global--color-primary); font-size: var(--global--font-size-base); font-family: var(--global--font-secondary);\">progetti di vita indipendente finanziati con il Fondo Nazionale Non autosufficienze.<\/span><\/p><p><span style=\"color: var(--global--color-primary); font-size: var(--global--font-size-base); font-family: var(--global--font-secondary);\">\u00a0<\/span><\/p><p><span style=\"color: var(--global--color-primary); font-size: var(--global--font-size-base); font-family: var(--global--font-secondary);\">\u00a0<\/span><\/p>\t\t\t\t\t\t<\/div>\n\t\t\t\t<\/div>\n\t\t\t\t\t<\/div>\n\t\t<\/div>\n\t\t\t\t\t\t\t<\/div>\n\t\t<\/section>\n\t\t\t\t<section class=\"elementor-section elementor-top-section elementor-element elementor-element-2865d517 elementor-section-boxed elementor-section-height-default elementor-section-height-default\" data-id=\"2865d517\" data-element_type=\"section\">\n\t\t\t\t\t\t<div class=\"elementor-container elementor-column-gap-default\">\n\t\t\t\t\t<div class=\"elementor-column elementor-col-100 elementor-top-column elementor-element elementor-element-6d7126fc\" data-id=\"6d7126fc\" data-element_type=\"column\">\n\t\t\t<div class=\"elementor-widget-wrap elementor-element-populated\">\n\t\t\t\t\t\t\t\t<div class=\"elementor-element elementor-element-37f87f09 elementor-widget elementor-widget-spacer\" data-id=\"37f87f09\" data-element_type=\"widget\" data-widget_type=\"spacer.default\">\n\t\t\t\t<div class=\"elementor-widget-container\">\n\t\t\t\t\t<div class=\"elementor-spacer\">\n\t\t\t<div class=\"elementor-spacer-inner\"><\/div>\n\t\t<\/div>\n\t\t\t\t<\/div>\n\t\t\t\t<\/div>\n\t\t\t\t\t<\/div>\n\t\t<\/div>\n\t\t\t\t\t\t\t<\/div>\n\t\t<\/section>\n\t\t\t\t\t\t<\/div>\n\t\t\t\t\t<\/div>\n\t\t","protected":false},"excerpt":{"rendered":"<p>Una citt\u00e0 che si prende cura \/\/ Assistenza alla non-autosufficienza, sostegno all\u2019autonomia in et\u00e0 anziana e progetti di vita per la disabilit\u00e0 Nel comune di Varese il numero di persone anziane \u00e8 in aumento: insieme all\u2019et\u00e0\u00a0cresce anche l\u2019incidenza di patologie croniche e di situazioni di non autosufficienza. Le\u00a0famiglie si trovano a occuparsi dei propri cari&hellip; <a class=\"more-link\" href=\"https:\/\/progettoconcittadino.it\/?page_id=226\">Continua a leggere <span class=\"screen-reader-text\">Una citt\u00e0 che si prende cura<\/span><\/a><\/p>\n","protected":false},"author":1,"featured_media":0,"parent":0,"menu_order":0,"comment_status":"closed","ping_status":"closed","template":"elementor_header_footer","meta":{"footnotes":""},"class_list":["post-226","page","type-page","status-publish","hentry","entry"],"yoast_head":"<!-- This site is optimized with the Yoast SEO plugin v16.9 - https:\/\/yoast.com\/wordpress\/plugins\/seo\/ -->\r\n<title>Una citt\u00e0 che si prende cura - Progetto Concittadino<\/title>\r\n<meta name=\"robots\" content=\"index, follow, max-snippet:-1, max-image-preview:large, max-video-preview:-1\" \/>\r\n<link rel=\"canonical\" href=\"https:\/\/progettoconcittadino.it\/?page_id=226\" \/>\r\n<meta property=\"og:locale\" content=\"it_IT\" \/>\r\n<meta property=\"og:type\" content=\"article\" \/>\r\n<meta property=\"og:title\" content=\"Una citt\u00e0 che si prende cura - Progetto Concittadino\" \/>\r\n<meta property=\"og:description\" content=\"Una citt\u00e0 che si prende cura \/\/ Assistenza alla non-autosufficienza, sostegno all\u2019autonomia in et\u00e0 anziana e progetti di vita per la disabilit\u00e0 Nel comune di Varese il numero di persone anziane \u00e8 in aumento: insieme all\u2019et\u00e0\u00a0cresce anche l\u2019incidenza di patologie croniche e di situazioni di non autosufficienza. Le\u00a0famiglie si trovano a occuparsi dei propri cari&hellip; Continua a leggere Una citt\u00e0 che si prende cura\" \/>\r\n<meta property=\"og:url\" content=\"https:\/\/progettoconcittadino.it\/?page_id=226\" \/>\r\n<meta property=\"og:site_name\" content=\"Progetto Concittadino\" \/>\r\n<meta property=\"article:modified_time\" content=\"2021-08-15T09:21:00+00:00\" \/>\r\n<meta name=\"twitter:card\" content=\"summary_large_image\" \/>\r\n<meta name=\"twitter:label1\" content=\"Tempo di lettura stimato\" \/>\n\t<meta name=\"twitter:data1\" content=\"4 minuti\" \/>\r\n<script type=\"application\/ld+json\" class=\"yoast-schema-graph\">{\"@context\":\"https:\/\/schema.org\",\"@graph\":[{\"@type\":\"Organization\",\"@id\":\"https:\/\/progettoconcittadino.it\/#organization\",\"name\":\"progetto concittadino\",\"url\":\"https:\/\/progettoconcittadino.it\/\",\"sameAs\":[],\"logo\":{\"@type\":\"ImageObject\",\"@id\":\"https:\/\/progettoconcittadino.it\/#logo\",\"inLanguage\":\"it-IT\",\"url\":\"https:\/\/progettoconcittadino.it\/wp-content\/uploads\/2021\/08\/200546549_125529756329780_4266939049838858618_n-e1628697656256.jpg\",\"contentUrl\":\"https:\/\/progettoconcittadino.it\/wp-content\/uploads\/2021\/08\/200546549_125529756329780_4266939049838858618_n-e1628697656256.jpg\",\"width\":150,\"height\":150,\"caption\":\"progetto concittadino\"},\"image\":{\"@id\":\"https:\/\/progettoconcittadino.it\/#logo\"}},{\"@type\":\"WebSite\",\"@id\":\"https:\/\/progettoconcittadino.it\/#website\",\"url\":\"https:\/\/progettoconcittadino.it\/\",\"name\":\"Progetto Concittadino\",\"description\":\"\",\"publisher\":{\"@id\":\"https:\/\/progettoconcittadino.it\/#organization\"},\"potentialAction\":[{\"@type\":\"SearchAction\",\"target\":{\"@type\":\"EntryPoint\",\"urlTemplate\":\"https:\/\/progettoconcittadino.it\/?s={search_term_string}\"},\"query-input\":\"required name=search_term_string\"}],\"inLanguage\":\"it-IT\"},{\"@type\":\"WebPage\",\"@id\":\"https:\/\/progettoconcittadino.it\/?page_id=226#webpage\",\"url\":\"https:\/\/progettoconcittadino.it\/?page_id=226\",\"name\":\"Una citt\\u00e0 che si prende cura - Progetto Concittadino\",\"isPartOf\":{\"@id\":\"https:\/\/progettoconcittadino.it\/#website\"},\"datePublished\":\"2021-08-15T08:50:45+00:00\",\"dateModified\":\"2021-08-15T09:21:00+00:00\",\"breadcrumb\":{\"@id\":\"https:\/\/progettoconcittadino.it\/?page_id=226#breadcrumb\"},\"inLanguage\":\"it-IT\",\"potentialAction\":[{\"@type\":\"ReadAction\",\"target\":[\"https:\/\/progettoconcittadino.it\/?page_id=226\"]}]},{\"@type\":\"BreadcrumbList\",\"@id\":\"https:\/\/progettoconcittadino.it\/?page_id=226#breadcrumb\",\"itemListElement\":[{\"@type\":\"ListItem\",\"position\":1,\"name\":\"Home\",\"item\":\"https:\/\/progettoconcittadino.it\/\"},{\"@type\":\"ListItem\",\"position\":2,\"name\":\"Una citt\\u00e0 che si prende cura\"}]}]}<\/script>\r\n<!-- \/ Yoast SEO plugin. -->","yoast_head_json":{"title":"Una citt\u00e0 che si prende cura - Progetto Concittadino","robots":{"index":"index","follow":"follow","max-snippet":"max-snippet:-1","max-image-preview":"max-image-preview:large","max-video-preview":"max-video-preview:-1"},"canonical":"https:\/\/progettoconcittadino.it\/?page_id=226","og_locale":"it_IT","og_type":"article","og_title":"Una citt\u00e0 che si prende cura - Progetto Concittadino","og_description":"Una citt\u00e0 che si prende cura \/\/ Assistenza alla non-autosufficienza, sostegno all\u2019autonomia in et\u00e0 anziana e progetti di vita per la disabilit\u00e0 Nel comune di Varese il numero di persone anziane \u00e8 in aumento: insieme all\u2019et\u00e0\u00a0cresce anche l\u2019incidenza di patologie croniche e di situazioni di non autosufficienza. Le\u00a0famiglie si trovano a occuparsi dei propri cari&hellip; Continua a leggere Una citt\u00e0 che si prende cura","og_url":"https:\/\/progettoconcittadino.it\/?page_id=226","og_site_name":"Progetto Concittadino","article_modified_time":"2021-08-15T09:21:00+00:00","twitter_card":"summary_large_image","twitter_misc":{"Tempo di lettura stimato":"4 minuti"},"schema":{"@context":"https:\/\/schema.org","@graph":[{"@type":"Organization","@id":"https:\/\/progettoconcittadino.it\/#organization","name":"progetto concittadino","url":"https:\/\/progettoconcittadino.it\/","sameAs":[],"logo":{"@type":"ImageObject","@id":"https:\/\/progettoconcittadino.it\/#logo","inLanguage":"it-IT","url":"https:\/\/progettoconcittadino.it\/wp-content\/uploads\/2021\/08\/200546549_125529756329780_4266939049838858618_n-e1628697656256.jpg","contentUrl":"https:\/\/progettoconcittadino.it\/wp-content\/uploads\/2021\/08\/200546549_125529756329780_4266939049838858618_n-e1628697656256.jpg","width":150,"height":150,"caption":"progetto concittadino"},"image":{"@id":"https:\/\/progettoconcittadino.it\/#logo"}},{"@type":"WebSite","@id":"https:\/\/progettoconcittadino.it\/#website","url":"https:\/\/progettoconcittadino.it\/","name":"Progetto Concittadino","description":"","publisher":{"@id":"https:\/\/progettoconcittadino.it\/#organization"},"potentialAction":[{"@type":"SearchAction","target":{"@type":"EntryPoint","urlTemplate":"https:\/\/progettoconcittadino.it\/?s={search_term_string}"},"query-input":"required name=search_term_string"}],"inLanguage":"it-IT"},{"@type":"WebPage","@id":"https:\/\/progettoconcittadino.it\/?page_id=226#webpage","url":"https:\/\/progettoconcittadino.it\/?page_id=226","name":"Una citt\u00e0 che si prende cura - Progetto Concittadino","isPartOf":{"@id":"https:\/\/progettoconcittadino.it\/#website"},"datePublished":"2021-08-15T08:50:45+00:00","dateModified":"2021-08-15T09:21:00+00:00","breadcrumb":{"@id":"https:\/\/progettoconcittadino.it\/?page_id=226#breadcrumb"},"inLanguage":"it-IT","potentialAction":[{"@type":"ReadAction","target":["https:\/\/progettoconcittadino.it\/?page_id=226"]}]},{"@type":"BreadcrumbList","@id":"https:\/\/progettoconcittadino.it\/?page_id=226#breadcrumb","itemListElement":[{"@type":"ListItem","position":1,"name":"Home","item":"https:\/\/progettoconcittadino.it\/"},{"@type":"ListItem","position":2,"name":"Una citt\u00e0 che si prende cura"}]}]}},"_links":{"self":[{"href":"https:\/\/progettoconcittadino.it\/index.php?rest_route=\/wp\/v2\/pages\/226","targetHints":{"allow":["GET"]}}],"collection":[{"href":"https:\/\/progettoconcittadino.it\/index.php?rest_route=\/wp\/v2\/pages"}],"about":[{"href":"https:\/\/progettoconcittadino.it\/index.php?rest_route=\/wp\/v2\/types\/page"}],"author":[{"embeddable":true,"href":"https:\/\/progettoconcittadino.it\/index.php?rest_route=\/wp\/v2\/users\/1"}],"replies":[{"embeddable":true,"href":"https:\/\/progettoconcittadino.it\/index.php?rest_route=%2Fwp%2Fv2%2Fcomments&post=226"}],"version-history":[{"count":7,"href":"https:\/\/progettoconcittadino.it\/index.php?rest_route=\/wp\/v2\/pages\/226\/revisions"}],"predecessor-version":[{"id":242,"href":"https:\/\/progettoconcittadino.it\/index.php?rest_route=\/wp\/v2\/pages\/226\/revisions\/242"}],"wp:attachment":[{"href":"https:\/\/progettoconcittadino.it\/index.php?rest_route=%2Fwp%2Fv2%2Fmedia&parent=226"}],"curies":[{"name":"wp","href":"https:\/\/api.w.org\/{rel}","templated":true}]}}