{"id":204,"date":"2021-08-12T15:21:09","date_gmt":"2021-08-12T15:21:09","guid":{"rendered":"https:\/\/progettoconcittadino.it\/?page_id=204"},"modified":"2021-08-12T15:45:36","modified_gmt":"2021-08-12T15:45:36","slug":"mobilita-sostenibile","status":"publish","type":"page","link":"https:\/\/progettoconcittadino.it\/?page_id=204","title":{"rendered":"Mobilit\u00e0 sostenibile"},"content":{"rendered":"\t\t<div data-elementor-type=\"wp-page\" data-elementor-id=\"204\" class=\"elementor elementor-204\" data-elementor-settings=\"[]\">\n\t\t\t\t\t\t\t<div class=\"elementor-section-wrap\">\n\t\t\t\t\t\t\t<section class=\"elementor-section elementor-top-section elementor-element elementor-element-63254639 elementor-section-boxed elementor-section-height-default elementor-section-height-default\" data-id=\"63254639\" data-element_type=\"section\">\n\t\t\t\t\t\t<div class=\"elementor-container elementor-column-gap-default\">\n\t\t\t\t\t<div class=\"elementor-column elementor-col-100 elementor-top-column elementor-element elementor-element-4b65cef1\" data-id=\"4b65cef1\" data-element_type=\"column\">\n\t\t\t<div class=\"elementor-widget-wrap elementor-element-populated\">\n\t\t\t\t\t\t\t\t<div class=\"elementor-element elementor-element-59fb367f elementor-widget elementor-widget-spacer\" data-id=\"59fb367f\" data-element_type=\"widget\" data-widget_type=\"spacer.default\">\n\t\t\t\t<div class=\"elementor-widget-container\">\n\t\t\t\t\t<div class=\"elementor-spacer\">\n\t\t\t<div class=\"elementor-spacer-inner\"><\/div>\n\t\t<\/div>\n\t\t\t\t<\/div>\n\t\t\t\t<\/div>\n\t\t\t\t\t<\/div>\n\t\t<\/div>\n\t\t\t\t\t\t\t<\/div>\n\t\t<\/section>\n\t\t\t\t<section class=\"elementor-section elementor-top-section elementor-element elementor-element-779d969b elementor-section-boxed elementor-section-height-default elementor-section-height-default\" data-id=\"779d969b\" data-element_type=\"section\">\n\t\t\t\t\t\t<div class=\"elementor-container elementor-column-gap-default\">\n\t\t\t\t\t<div class=\"elementor-column elementor-col-100 elementor-top-column elementor-element elementor-element-6cd98e63\" data-id=\"6cd98e63\" data-element_type=\"column\">\n\t\t\t<div class=\"elementor-widget-wrap elementor-element-populated\">\n\t\t\t\t\t\t\t\t<div class=\"elementor-element elementor-element-22cbe6e3 elementor-widget elementor-widget-heading\" data-id=\"22cbe6e3\" data-element_type=\"widget\" data-widget_type=\"heading.default\">\n\t\t\t\t<div class=\"elementor-widget-container\">\n\t\t\t<h3 class=\"elementor-heading-title elementor-size-default\">Mobilit\u00e0 sostenibile \/\/ Ciclabile Stazione-Universit\u00e0, ampia\npedonalizzazione e mezzi pubblici serali<\/h3>\t\t<\/div>\n\t\t\t\t<\/div>\n\t\t\t\t\t<\/div>\n\t\t<\/div>\n\t\t\t\t\t\t\t<\/div>\n\t\t<\/section>\n\t\t\t\t<section class=\"elementor-section elementor-top-section elementor-element elementor-element-45138b2c elementor-section-boxed elementor-section-height-default elementor-section-height-default\" data-id=\"45138b2c\" data-element_type=\"section\">\n\t\t\t\t\t\t<div class=\"elementor-container elementor-column-gap-default\">\n\t\t\t\t\t<div class=\"elementor-column elementor-col-100 elementor-top-column elementor-element elementor-element-1d0510b8\" data-id=\"1d0510b8\" data-element_type=\"column\">\n\t\t\t<div class=\"elementor-widget-wrap elementor-element-populated\">\n\t\t\t\t\t\t\t\t<div class=\"elementor-element elementor-element-7bdc2502 elementor-widget elementor-widget-spacer\" data-id=\"7bdc2502\" data-element_type=\"widget\" data-widget_type=\"spacer.default\">\n\t\t\t\t<div class=\"elementor-widget-container\">\n\t\t\t\t\t<div class=\"elementor-spacer\">\n\t\t\t<div class=\"elementor-spacer-inner\"><\/div>\n\t\t<\/div>\n\t\t\t\t<\/div>\n\t\t\t\t<\/div>\n\t\t\t\t\t<\/div>\n\t\t<\/div>\n\t\t\t\t\t\t\t<\/div>\n\t\t<\/section>\n\t\t\t\t<section class=\"elementor-section elementor-top-section elementor-element elementor-element-2a1ed3ab elementor-section-boxed elementor-section-height-default elementor-section-height-default\" data-id=\"2a1ed3ab\" data-element_type=\"section\">\n\t\t\t\t\t\t<div class=\"elementor-container elementor-column-gap-default\">\n\t\t\t\t\t<div class=\"elementor-column elementor-col-100 elementor-top-column elementor-element elementor-element-e2d1e96\" data-id=\"e2d1e96\" data-element_type=\"column\">\n\t\t\t<div class=\"elementor-widget-wrap elementor-element-populated\">\n\t\t\t\t\t\t\t\t<div class=\"elementor-element elementor-element-3928fa5c elementor-widget-divider--view-line elementor-widget elementor-widget-divider\" data-id=\"3928fa5c\" data-element_type=\"widget\" data-widget_type=\"divider.default\">\n\t\t\t\t<div class=\"elementor-widget-container\">\n\t\t\t\t\t<div class=\"elementor-divider\">\n\t\t\t<span class=\"elementor-divider-separator\">\n\t\t\t\t\t\t<\/span>\n\t\t<\/div>\n\t\t\t\t<\/div>\n\t\t\t\t<\/div>\n\t\t\t\t\t<\/div>\n\t\t<\/div>\n\t\t\t\t\t\t\t<\/div>\n\t\t<\/section>\n\t\t\t\t<section class=\"elementor-section elementor-top-section elementor-element elementor-element-22bd6bba elementor-section-boxed elementor-section-height-default elementor-section-height-default\" data-id=\"22bd6bba\" data-element_type=\"section\">\n\t\t\t\t\t\t<div class=\"elementor-container elementor-column-gap-default\">\n\t\t\t\t\t<div class=\"elementor-column elementor-col-100 elementor-top-column elementor-element elementor-element-1342a539\" data-id=\"1342a539\" data-element_type=\"column\">\n\t\t\t<div class=\"elementor-widget-wrap elementor-element-populated\">\n\t\t\t\t\t\t\t\t<div class=\"elementor-element elementor-element-1778917e elementor-widget elementor-widget-spacer\" data-id=\"1778917e\" data-element_type=\"widget\" data-widget_type=\"spacer.default\">\n\t\t\t\t<div class=\"elementor-widget-container\">\n\t\t\t\t\t<div class=\"elementor-spacer\">\n\t\t\t<div class=\"elementor-spacer-inner\"><\/div>\n\t\t<\/div>\n\t\t\t\t<\/div>\n\t\t\t\t<\/div>\n\t\t\t\t\t<\/div>\n\t\t<\/div>\n\t\t\t\t\t\t\t<\/div>\n\t\t<\/section>\n\t\t\t\t<section class=\"elementor-section elementor-top-section elementor-element elementor-element-676ca6b4 elementor-section-boxed elementor-section-height-default elementor-section-height-default\" data-id=\"676ca6b4\" data-element_type=\"section\">\n\t\t\t\t\t\t<div class=\"elementor-container elementor-column-gap-default\">\n\t\t\t\t\t<div class=\"elementor-column elementor-col-100 elementor-top-column elementor-element elementor-element-6b69ab3e\" data-id=\"6b69ab3e\" data-element_type=\"column\">\n\t\t\t<div class=\"elementor-widget-wrap elementor-element-populated\">\n\t\t\t\t\t\t\t\t<div class=\"elementor-element elementor-element-6ef79340 elementor-widget elementor-widget-text-editor\" data-id=\"6ef79340\" data-element_type=\"widget\" data-widget_type=\"text-editor.default\">\n\t\t\t\t<div class=\"elementor-widget-container\">\n\t\t\t\t\t\t\t\t<p>Il modello su cui abbiamo costruito le nostre abitudini di mobilit\u00e0 si sta rivelando sempre meno sostenibile sotto molti di vista. Non solo perch\u00e9 l\u2019eccessivo, scorretto e irrazionale utilizzo degli autoveicoli mette in gioco i concetti stessi di vivibilit\u00e0 urbana e<br \/>di tutela ambientale, ma anche perch\u00e9 il traffico autoveicolare \u00e8 uno dei responsabili delle emissioni e concentrazioni in ambiente dei contaminanti pi\u00f9 tossici e nocivi.<\/p><p>\u00a0<\/p><p>La pedonalit\u00e0 e la ciclabilit\u00e0 sono i due aspetti che andranno maggiormente\u00a0<span style=\"color: var(--global--color-primary); font-size: var(--global--font-size-base); font-family: var(--global--font-secondary);\">studiati e sviluppati per rispondere a questi problemi; non parliamo di mobilit\u00e0\u00a0<\/span><span style=\"color: var(--global--color-primary); font-size: var(--global--font-size-base); font-family: var(--global--font-secondary);\">sostenibile solo a scopo ludico\/turistico, ma anche e soprattutto come modalit\u00e0<\/span><\/p><p>convenzionale di ogni spostamento, per raggiungere il lavoro, la scuola e ogni punto\u00a0<span style=\"color: var(--global--color-primary); font-size: var(--global--font-size-base); font-family: var(--global--font-secondary);\">della citt\u00e0 partendo ad esempio dal percorso ancora inesistente della ciclabile\u00a0<\/span><span style=\"color: var(--global--color-primary); font-size: var(--global--font-size-base); font-family: var(--global--font-secondary);\">Stazioni-Universit\u00e0, senza lasciare che le salite e la morfologia della citt\u00e0 vengano<\/span><\/p><p>usate come scusa per attardarsi in superati modelli auto-centrici. Si dovranno restituire\u00a0<span style=\"color: var(--global--color-primary); font-size: var(--global--font-size-base); font-family: var(--global--font-secondary);\">gli spazi sottratti ai cittadini e concessi esclusivamente alle auto, attraverso\u00a0<\/span><span style=\"color: var(--global--color-primary); font-size: var(--global--font-size-base); font-family: var(--global--font-secondary);\">l\u2019istituzione di zone 30, \u201cisole ambientali\u201d caratterizzate da interventi di moderazione<\/span><\/p><p>del traffico urbano, ma soprattutto creando una rete di percorsi diretti e sicuri tramite\u00a0<span style=\"color: var(--global--color-primary); font-size: var(--global--font-size-base); font-family: var(--global--font-secondary);\">la ricucitura delle possibili vie di ciclo-pedonalit\u00e0 nelle zone dove esistono interruzioni,\u00a0<\/span><span style=\"color: var(--global--color-primary); font-size: var(--global--font-size-base); font-family: var(--global--font-secondary);\">con la prospettiva di creare un continuum che possa far raggiungere ogni luogo del\u00a0<\/span><span style=\"color: var(--global--color-primary); font-size: var(--global--font-size-base); font-family: var(--global--font-secondary);\">Comune e dei centri urbani vicini.<\/span><\/p><p>Immaginiamo un centro citt\u00e0 ampiamente pedonalizzato, con un\u2019area che vada\u00a0<span style=\"color: var(--global--color-primary); font-size: var(--global--font-size-base); font-family: var(--global--font-secondary);\">dalle Stazioni a Piazza della Motta, ricollegando e valorizzando secondo una visione\u00a0<\/span><span style=\"color: var(--global--color-primary); font-size: var(--global--font-size-base); font-family: var(--global--font-secondary);\">progettuale d\u2019insieme le zone pedonali gi\u00e0 esistenti, per permettere ai cittadini di fruire<\/span><\/p><p>degli spazi dove \u00e8 concentrata la maggior parte delle attivit\u00e0 commerciali in modo\u00a0<span style=\"color: var(--global--color-primary); font-size: var(--global--font-size-base); font-family: var(--global--font-secondary);\">sicuro, piacevole e sostenibile.<\/span><\/p><p><span style=\"color: var(--global--color-primary); font-size: var(--global--font-size-base); font-family: var(--global--font-secondary);\">\u00a0<\/span><\/p><p>Parallelamente agli interventi di ciclo-pedonalit\u00e0, occorre poi intervenire sul sistema\u00a0<span style=\"color: var(--global--color-primary); font-size: var(--global--font-size-base); font-family: var(--global--font-secondary);\">di trasporto pubblico attraverso azioni che facilitino, incentivino e implementino\u00a0<\/span><span style=\"color: var(--global--color-primary); font-size: var(--global--font-size-base); font-family: var(--global--font-secondary);\">l\u2019utilizzo dei mezzi: presenza di corse ogni 15\u2019 e orari dilatati con inserimento di<\/span><\/p><p>autobus serali sono esempi di un primo passo che immaginiamo possa innescare\u00a0<span style=\"color: var(--global--color-primary); font-size: var(--global--font-size-base); font-family: var(--global--font-secondary);\">un positivo ripensamento della mobilit\u00e0 pubblica, come vera e competitiva alternativa\u00a0<\/span><span style=\"color: var(--global--color-primary); font-size: var(--global--font-size-base); font-family: var(--global--font-secondary);\">al mezzo privato e concepita a servizio di cittadini di tutte le et\u00e0 e delle loro esigenze.\u00a0<\/span><span style=\"color: var(--global--color-primary); font-size: var(--global--font-size-base); font-family: var(--global--font-secondary);\">L\u2019uso smodato dell\u2019automobile non pu\u00f2 essere combattuto se non offrendo alternative\u00a0<\/span><span style=\"color: var(--global--color-primary); font-size: var(--global--font-size-base); font-family: var(--global--font-secondary);\">sostenibili ed economiche, e l\u2019investimento sulla rete dei mezzi pubblici \u00e8\u00a0<\/span><span style=\"color: var(--global--color-primary); font-size: var(--global--font-size-base); font-family: var(--global--font-secondary);\">indispensabile.<\/span><\/p><p>\u00a0<\/p><p>\u00a0<\/p>\t\t\t\t\t\t<\/div>\n\t\t\t\t<\/div>\n\t\t\t\t\t<\/div>\n\t\t<\/div>\n\t\t\t\t\t\t\t<\/div>\n\t\t<\/section>\n\t\t\t\t<section class=\"elementor-section elementor-top-section elementor-element elementor-element-122ef78a elementor-section-boxed elementor-section-height-default elementor-section-height-default\" data-id=\"122ef78a\" data-element_type=\"section\">\n\t\t\t\t\t\t<div class=\"elementor-container elementor-column-gap-default\">\n\t\t\t\t\t<div class=\"elementor-column elementor-col-100 elementor-top-column elementor-element elementor-element-3e7cca8\" data-id=\"3e7cca8\" data-element_type=\"column\">\n\t\t\t<div class=\"elementor-widget-wrap elementor-element-populated\">\n\t\t\t\t\t\t\t\t<div class=\"elementor-element elementor-element-611a7cfe elementor-widget elementor-widget-spacer\" data-id=\"611a7cfe\" data-element_type=\"widget\" data-widget_type=\"spacer.default\">\n\t\t\t\t<div class=\"elementor-widget-container\">\n\t\t\t\t\t<div class=\"elementor-spacer\">\n\t\t\t<div class=\"elementor-spacer-inner\"><\/div>\n\t\t<\/div>\n\t\t\t\t<\/div>\n\t\t\t\t<\/div>\n\t\t\t\t\t<\/div>\n\t\t<\/div>\n\t\t\t\t\t\t\t<\/div>\n\t\t<\/section>\n\t\t\t\t<section class=\"elementor-section elementor-top-section elementor-element elementor-element-4b2aec3b elementor-section-boxed elementor-section-height-default elementor-section-height-default\" data-id=\"4b2aec3b\" data-element_type=\"section\" data-settings=\"{&quot;background_background&quot;:&quot;classic&quot;,&quot;shape_divider_top&quot;:&quot;opacity-tilt&quot;}\">\n\t\t\t\t\t<div class=\"elementor-shape elementor-shape-top\" data-negative=\"false\">\n\t\t\t<svg xmlns=\"http:\/\/www.w3.org\/2000\/svg\" viewBox=\"0 0 2600 131.1\" preserveAspectRatio=\"none\">\n\t<path class=\"elementor-shape-fill\" d=\"M0 0L2600 0 2600 69.1 0 0z\"\/>\n\t<path class=\"elementor-shape-fill\" style=\"opacity:0.5\" d=\"M0 0L2600 0 2600 69.1 0 69.1z\"\/>\n\t<path class=\"elementor-shape-fill\" style=\"opacity:0.25\" d=\"M2600 0L0 0 0 130.1 2600 69.1z\"\/>\n<\/svg>\t\t<\/div>\n\t\t\t\t\t<div class=\"elementor-container elementor-column-gap-default\">\n\t\t\t\t\t<div class=\"elementor-column elementor-col-100 elementor-top-column elementor-element elementor-element-e0ea3b7\" data-id=\"e0ea3b7\" data-element_type=\"column\">\n\t\t\t<div class=\"elementor-widget-wrap elementor-element-populated\">\n\t\t\t\t\t\t\t\t<div class=\"elementor-element elementor-element-e7cb42d elementor-widget elementor-widget-heading\" data-id=\"e7cb42d\" data-element_type=\"widget\" data-widget_type=\"heading.default\">\n\t\t\t\t<div class=\"elementor-widget-container\">\n\t\t\t<h2 class=\"elementor-heading-title elementor-size-xl\">Lavorando nella direzione gi\u00e0 intrapresa, crediamo inoltre che quello pubblico debba\ndiventare il mezzo privilegiato per raggiungere anche una serie di luoghi simbolici e\ncaratteristici del nostro territorio, come la frazione di Santa Maria del Monte, il Parco del\nCampo dei Fiori o la zona del lago, che non beneficiano dal punto di vista ambientale\ndella presenza massiccia delle automobili e che potrebbero, ancor di pi\u00f9, diventare in\nquesto modo luoghi attrattivi dal punto di vista turistico.<\/h2>\t\t<\/div>\n\t\t\t\t<\/div>\n\t\t\t\t\t<\/div>\n\t\t<\/div>\n\t\t\t\t\t\t\t<\/div>\n\t\t<\/section>\n\t\t\t\t<section class=\"elementor-section elementor-top-section elementor-element elementor-element-15c20ee6 elementor-section-boxed elementor-section-height-default elementor-section-height-default\" data-id=\"15c20ee6\" data-element_type=\"section\">\n\t\t\t\t\t\t<div class=\"elementor-container elementor-column-gap-default\">\n\t\t\t\t\t<div class=\"elementor-column elementor-col-100 elementor-top-column elementor-element elementor-element-30196905\" data-id=\"30196905\" data-element_type=\"column\">\n\t\t\t<div class=\"elementor-widget-wrap elementor-element-populated\">\n\t\t\t\t\t\t\t\t<div class=\"elementor-element elementor-element-1f365d36 elementor-widget elementor-widget-spacer\" data-id=\"1f365d36\" data-element_type=\"widget\" data-widget_type=\"spacer.default\">\n\t\t\t\t<div class=\"elementor-widget-container\">\n\t\t\t\t\t<div class=\"elementor-spacer\">\n\t\t\t<div class=\"elementor-spacer-inner\"><\/div>\n\t\t<\/div>\n\t\t\t\t<\/div>\n\t\t\t\t<\/div>\n\t\t\t\t\t<\/div>\n\t\t<\/div>\n\t\t\t\t\t\t\t<\/div>\n\t\t<\/section>\n\t\t\t\t<section class=\"elementor-section elementor-top-section elementor-element elementor-element-655f0382 elementor-section-boxed elementor-section-height-default elementor-section-height-default\" data-id=\"655f0382\" data-element_type=\"section\">\n\t\t\t\t\t\t<div class=\"elementor-container elementor-column-gap-default\">\n\t\t\t\t\t<div class=\"elementor-column elementor-col-100 elementor-top-column elementor-element elementor-element-72e21550\" data-id=\"72e21550\" data-element_type=\"column\">\n\t\t\t<div class=\"elementor-widget-wrap elementor-element-populated\">\n\t\t\t\t\t\t\t\t<div class=\"elementor-element elementor-element-1db1a668 elementor-widget elementor-widget-text-editor\" data-id=\"1db1a668\" data-element_type=\"widget\" data-widget_type=\"text-editor.default\">\n\t\t\t\t<div class=\"elementor-widget-container\">\n\t\t\t\t\t\t\t\t<p>Cos\u00ec facendo, adottando un modello nuovo, pi\u00f9 incentrato sui mezzi pubblici, sulla\u00a0<span style=\"color: var(--global--color-primary); font-size: var(--global--font-size-base); font-family: var(--global--font-secondary);\">mobilit\u00e0 dolce, ciclabile e pedonale, e sul valore reale del tempo, avremo un effetto\u00a0<\/span><span style=\"color: var(--global--color-primary); font-size: var(--global--font-size-base); font-family: var(--global--font-secondary);\">importante sulla capacit\u00e0 di godere della nostra citt\u00e0 e di migliorare la salute dei<\/span><\/p><p>cittadini. In questo senso le infrastrutture di mobilit\u00e0 dolce rientrano a pieno titolo negli\u00a0<span style=\"color: var(--global--color-primary); font-size: var(--global--font-size-base); font-family: var(--global--font-secondary);\">interventi di rigenerazione urbana. Ma non solo: oltre a migliorare la qualit\u00e0 della vita, i\u00a0<\/span><span style=\"color: var(--global--color-primary); font-size: var(--global--font-size-base); font-family: var(--global--font-secondary);\">progetti di mobilit\u00e0 lenta contribuiscono pi\u00f9 che positivamente a collocare la persona\u00a0<\/span><span style=\"color: var(--global--color-primary); font-size: var(--global--font-size-base); font-family: var(--global--font-secondary);\">e la sua dimensione di nuovo al centro dell&#8217;attenzione da parte della politica.<\/span><\/p>\t\t\t\t\t\t<\/div>\n\t\t\t\t<\/div>\n\t\t\t\t\t<\/div>\n\t\t<\/div>\n\t\t\t\t\t\t\t<\/div>\n\t\t<\/section>\n\t\t\t\t<section class=\"elementor-section elementor-top-section elementor-element elementor-element-7810cd1c elementor-section-boxed elementor-section-height-default elementor-section-height-default\" data-id=\"7810cd1c\" data-element_type=\"section\">\n\t\t\t\t\t\t<div class=\"elementor-container elementor-column-gap-default\">\n\t\t\t\t\t<div class=\"elementor-column elementor-col-100 elementor-top-column elementor-element elementor-element-2b2bbd9b\" data-id=\"2b2bbd9b\" data-element_type=\"column\">\n\t\t\t<div class=\"elementor-widget-wrap elementor-element-populated\">\n\t\t\t\t\t\t\t\t<div class=\"elementor-element elementor-element-52b632c5 elementor-widget elementor-widget-spacer\" data-id=\"52b632c5\" data-element_type=\"widget\" data-widget_type=\"spacer.default\">\n\t\t\t\t<div class=\"elementor-widget-container\">\n\t\t\t\t\t<div class=\"elementor-spacer\">\n\t\t\t<div class=\"elementor-spacer-inner\"><\/div>\n\t\t<\/div>\n\t\t\t\t<\/div>\n\t\t\t\t<\/div>\n\t\t\t\t\t<\/div>\n\t\t<\/div>\n\t\t\t\t\t\t\t<\/div>\n\t\t<\/section>\n\t\t\t\t\t\t<\/div>\n\t\t\t\t\t<\/div>\n\t\t","protected":false},"excerpt":{"rendered":"<p>Mobilit\u00e0 sostenibile \/\/ Ciclabile Stazione-Universit\u00e0, ampia pedonalizzazione e mezzi pubblici serali Il modello su cui abbiamo costruito le nostre abitudini di mobilit\u00e0 si sta rivelando sempre meno sostenibile sotto molti di vista. Non solo perch\u00e9 l\u2019eccessivo, scorretto e irrazionale utilizzo degli autoveicoli mette in gioco i concetti stessi di vivibilit\u00e0 urbana edi tutela ambientale, ma&hellip; <a class=\"more-link\" href=\"https:\/\/progettoconcittadino.it\/?page_id=204\">Continua a leggere <span class=\"screen-reader-text\">Mobilit\u00e0 sostenibile<\/span><\/a><\/p>\n","protected":false},"author":1,"featured_media":0,"parent":0,"menu_order":0,"comment_status":"closed","ping_status":"closed","template":"elementor_header_footer","meta":{"footnotes":""},"class_list":["post-204","page","type-page","status-publish","hentry","entry"],"yoast_head":"<!-- This site is optimized with the Yoast SEO plugin v16.9 - https:\/\/yoast.com\/wordpress\/plugins\/seo\/ -->\r\n<title>Mobilit\u00e0 sostenibile - Progetto Concittadino<\/title>\r\n<meta name=\"robots\" content=\"index, follow, max-snippet:-1, max-image-preview:large, max-video-preview:-1\" \/>\r\n<link rel=\"canonical\" href=\"https:\/\/progettoconcittadino.it\/?page_id=204\" \/>\r\n<meta property=\"og:locale\" content=\"it_IT\" \/>\r\n<meta property=\"og:type\" content=\"article\" \/>\r\n<meta property=\"og:title\" content=\"Mobilit\u00e0 sostenibile - Progetto Concittadino\" \/>\r\n<meta property=\"og:description\" content=\"Mobilit\u00e0 sostenibile \/\/ Ciclabile Stazione-Universit\u00e0, ampia pedonalizzazione e mezzi pubblici serali Il modello su cui abbiamo costruito le nostre abitudini di mobilit\u00e0 si sta rivelando sempre meno sostenibile sotto molti di vista. Non solo perch\u00e9 l\u2019eccessivo, scorretto e irrazionale utilizzo degli autoveicoli mette in gioco i concetti stessi di vivibilit\u00e0 urbana edi tutela ambientale, ma&hellip; Continua a leggere Mobilit\u00e0 sostenibile\" \/>\r\n<meta property=\"og:url\" content=\"https:\/\/progettoconcittadino.it\/?page_id=204\" \/>\r\n<meta property=\"og:site_name\" content=\"Progetto Concittadino\" \/>\r\n<meta property=\"article:modified_time\" content=\"2021-08-12T15:45:36+00:00\" \/>\r\n<meta name=\"twitter:card\" content=\"summary_large_image\" \/>\r\n<meta name=\"twitter:label1\" content=\"Tempo di lettura stimato\" \/>\n\t<meta name=\"twitter:data1\" content=\"3 minuti\" \/>\r\n<script type=\"application\/ld+json\" class=\"yoast-schema-graph\">{\"@context\":\"https:\/\/schema.org\",\"@graph\":[{\"@type\":\"Organization\",\"@id\":\"https:\/\/progettoconcittadino.it\/#organization\",\"name\":\"progetto concittadino\",\"url\":\"https:\/\/progettoconcittadino.it\/\",\"sameAs\":[],\"logo\":{\"@type\":\"ImageObject\",\"@id\":\"https:\/\/progettoconcittadino.it\/#logo\",\"inLanguage\":\"it-IT\",\"url\":\"https:\/\/progettoconcittadino.it\/wp-content\/uploads\/2021\/08\/200546549_125529756329780_4266939049838858618_n-e1628697656256.jpg\",\"contentUrl\":\"https:\/\/progettoconcittadino.it\/wp-content\/uploads\/2021\/08\/200546549_125529756329780_4266939049838858618_n-e1628697656256.jpg\",\"width\":150,\"height\":150,\"caption\":\"progetto concittadino\"},\"image\":{\"@id\":\"https:\/\/progettoconcittadino.it\/#logo\"}},{\"@type\":\"WebSite\",\"@id\":\"https:\/\/progettoconcittadino.it\/#website\",\"url\":\"https:\/\/progettoconcittadino.it\/\",\"name\":\"Progetto Concittadino\",\"description\":\"\",\"publisher\":{\"@id\":\"https:\/\/progettoconcittadino.it\/#organization\"},\"potentialAction\":[{\"@type\":\"SearchAction\",\"target\":{\"@type\":\"EntryPoint\",\"urlTemplate\":\"https:\/\/progettoconcittadino.it\/?s={search_term_string}\"},\"query-input\":\"required name=search_term_string\"}],\"inLanguage\":\"it-IT\"},{\"@type\":\"WebPage\",\"@id\":\"https:\/\/progettoconcittadino.it\/?page_id=204#webpage\",\"url\":\"https:\/\/progettoconcittadino.it\/?page_id=204\",\"name\":\"Mobilit\\u00e0 sostenibile - Progetto Concittadino\",\"isPartOf\":{\"@id\":\"https:\/\/progettoconcittadino.it\/#website\"},\"datePublished\":\"2021-08-12T15:21:09+00:00\",\"dateModified\":\"2021-08-12T15:45:36+00:00\",\"breadcrumb\":{\"@id\":\"https:\/\/progettoconcittadino.it\/?page_id=204#breadcrumb\"},\"inLanguage\":\"it-IT\",\"potentialAction\":[{\"@type\":\"ReadAction\",\"target\":[\"https:\/\/progettoconcittadino.it\/?page_id=204\"]}]},{\"@type\":\"BreadcrumbList\",\"@id\":\"https:\/\/progettoconcittadino.it\/?page_id=204#breadcrumb\",\"itemListElement\":[{\"@type\":\"ListItem\",\"position\":1,\"name\":\"Home\",\"item\":\"https:\/\/progettoconcittadino.it\/\"},{\"@type\":\"ListItem\",\"position\":2,\"name\":\"Mobilit\\u00e0 sostenibile\"}]}]}<\/script>\r\n<!-- \/ Yoast SEO plugin. -->","yoast_head_json":{"title":"Mobilit\u00e0 sostenibile - Progetto Concittadino","robots":{"index":"index","follow":"follow","max-snippet":"max-snippet:-1","max-image-preview":"max-image-preview:large","max-video-preview":"max-video-preview:-1"},"canonical":"https:\/\/progettoconcittadino.it\/?page_id=204","og_locale":"it_IT","og_type":"article","og_title":"Mobilit\u00e0 sostenibile - Progetto Concittadino","og_description":"Mobilit\u00e0 sostenibile \/\/ Ciclabile Stazione-Universit\u00e0, ampia pedonalizzazione e mezzi pubblici serali Il modello su cui abbiamo costruito le nostre abitudini di mobilit\u00e0 si sta rivelando sempre meno sostenibile sotto molti di vista. Non solo perch\u00e9 l\u2019eccessivo, scorretto e irrazionale utilizzo degli autoveicoli mette in gioco i concetti stessi di vivibilit\u00e0 urbana edi tutela ambientale, ma&hellip; Continua a leggere Mobilit\u00e0 sostenibile","og_url":"https:\/\/progettoconcittadino.it\/?page_id=204","og_site_name":"Progetto Concittadino","article_modified_time":"2021-08-12T15:45:36+00:00","twitter_card":"summary_large_image","twitter_misc":{"Tempo di lettura stimato":"3 minuti"},"schema":{"@context":"https:\/\/schema.org","@graph":[{"@type":"Organization","@id":"https:\/\/progettoconcittadino.it\/#organization","name":"progetto concittadino","url":"https:\/\/progettoconcittadino.it\/","sameAs":[],"logo":{"@type":"ImageObject","@id":"https:\/\/progettoconcittadino.it\/#logo","inLanguage":"it-IT","url":"https:\/\/progettoconcittadino.it\/wp-content\/uploads\/2021\/08\/200546549_125529756329780_4266939049838858618_n-e1628697656256.jpg","contentUrl":"https:\/\/progettoconcittadino.it\/wp-content\/uploads\/2021\/08\/200546549_125529756329780_4266939049838858618_n-e1628697656256.jpg","width":150,"height":150,"caption":"progetto concittadino"},"image":{"@id":"https:\/\/progettoconcittadino.it\/#logo"}},{"@type":"WebSite","@id":"https:\/\/progettoconcittadino.it\/#website","url":"https:\/\/progettoconcittadino.it\/","name":"Progetto Concittadino","description":"","publisher":{"@id":"https:\/\/progettoconcittadino.it\/#organization"},"potentialAction":[{"@type":"SearchAction","target":{"@type":"EntryPoint","urlTemplate":"https:\/\/progettoconcittadino.it\/?s={search_term_string}"},"query-input":"required name=search_term_string"}],"inLanguage":"it-IT"},{"@type":"WebPage","@id":"https:\/\/progettoconcittadino.it\/?page_id=204#webpage","url":"https:\/\/progettoconcittadino.it\/?page_id=204","name":"Mobilit\u00e0 sostenibile - Progetto Concittadino","isPartOf":{"@id":"https:\/\/progettoconcittadino.it\/#website"},"datePublished":"2021-08-12T15:21:09+00:00","dateModified":"2021-08-12T15:45:36+00:00","breadcrumb":{"@id":"https:\/\/progettoconcittadino.it\/?page_id=204#breadcrumb"},"inLanguage":"it-IT","potentialAction":[{"@type":"ReadAction","target":["https:\/\/progettoconcittadino.it\/?page_id=204"]}]},{"@type":"BreadcrumbList","@id":"https:\/\/progettoconcittadino.it\/?page_id=204#breadcrumb","itemListElement":[{"@type":"ListItem","position":1,"name":"Home","item":"https:\/\/progettoconcittadino.it\/"},{"@type":"ListItem","position":2,"name":"Mobilit\u00e0 sostenibile"}]}]}},"_links":{"self":[{"href":"https:\/\/progettoconcittadino.it\/index.php?rest_route=\/wp\/v2\/pages\/204","targetHints":{"allow":["GET"]}}],"collection":[{"href":"https:\/\/progettoconcittadino.it\/index.php?rest_route=\/wp\/v2\/pages"}],"about":[{"href":"https:\/\/progettoconcittadino.it\/index.php?rest_route=\/wp\/v2\/types\/page"}],"author":[{"embeddable":true,"href":"https:\/\/progettoconcittadino.it\/index.php?rest_route=\/wp\/v2\/users\/1"}],"replies":[{"embeddable":true,"href":"https:\/\/progettoconcittadino.it\/index.php?rest_route=%2Fwp%2Fv2%2Fcomments&post=204"}],"version-history":[{"count":7,"href":"https:\/\/progettoconcittadino.it\/index.php?rest_route=\/wp\/v2\/pages\/204\/revisions"}],"predecessor-version":[{"id":223,"href":"https:\/\/progettoconcittadino.it\/index.php?rest_route=\/wp\/v2\/pages\/204\/revisions\/223"}],"wp:attachment":[{"href":"https:\/\/progettoconcittadino.it\/index.php?rest_route=%2Fwp%2Fv2%2Fmedia&parent=204"}],"curies":[{"name":"wp","href":"https:\/\/api.w.org\/{rel}","templated":true}]}}