{"id":186,"date":"2021-08-12T14:50:46","date_gmt":"2021-08-12T14:50:46","guid":{"rendered":"https:\/\/progettoconcittadino.it\/?page_id=186"},"modified":"2021-08-15T10:23:47","modified_gmt":"2021-08-15T10:23:47","slug":"azioni-di-mitigazione-dei-cambiamenti-climatici","status":"publish","type":"page","link":"https:\/\/progettoconcittadino.it\/?page_id=186","title":{"rendered":"Azioni di mitigazione dei cambiamenti climatici"},"content":{"rendered":"\t\t<div data-elementor-type=\"wp-page\" data-elementor-id=\"186\" class=\"elementor elementor-186\" data-elementor-settings=\"[]\">\n\t\t\t\t\t\t\t<div class=\"elementor-section-wrap\">\n\t\t\t\t\t\t\t<section class=\"elementor-section elementor-top-section elementor-element elementor-element-7fd1e23 elementor-section-boxed elementor-section-height-default elementor-section-height-default\" data-id=\"7fd1e23\" data-element_type=\"section\">\n\t\t\t\t\t\t<div class=\"elementor-container elementor-column-gap-default\">\n\t\t\t\t\t<div class=\"elementor-column elementor-col-100 elementor-top-column elementor-element elementor-element-619838c\" data-id=\"619838c\" data-element_type=\"column\">\n\t\t\t<div class=\"elementor-widget-wrap elementor-element-populated\">\n\t\t\t\t\t\t\t\t<div class=\"elementor-element elementor-element-22be987 elementor-widget elementor-widget-spacer\" data-id=\"22be987\" data-element_type=\"widget\" data-widget_type=\"spacer.default\">\n\t\t\t\t<div class=\"elementor-widget-container\">\n\t\t\t\t\t<div class=\"elementor-spacer\">\n\t\t\t<div class=\"elementor-spacer-inner\"><\/div>\n\t\t<\/div>\n\t\t\t\t<\/div>\n\t\t\t\t<\/div>\n\t\t\t\t\t<\/div>\n\t\t<\/div>\n\t\t\t\t\t\t\t<\/div>\n\t\t<\/section>\n\t\t\t\t<section class=\"elementor-section elementor-top-section elementor-element elementor-element-2301dcc elementor-section-boxed elementor-section-height-default elementor-section-height-default\" data-id=\"2301dcc\" data-element_type=\"section\">\n\t\t\t\t\t\t<div class=\"elementor-container elementor-column-gap-default\">\n\t\t\t\t\t<div class=\"elementor-column elementor-col-100 elementor-top-column elementor-element elementor-element-093bf41\" data-id=\"093bf41\" data-element_type=\"column\">\n\t\t\t<div class=\"elementor-widget-wrap elementor-element-populated\">\n\t\t\t\t\t\t\t\t<div class=\"elementor-element elementor-element-83ecdd5 elementor-widget elementor-widget-heading\" data-id=\"83ecdd5\" data-element_type=\"widget\" data-widget_type=\"heading.default\">\n\t\t\t\t<div class=\"elementor-widget-container\">\n\t\t\t<h3 class=\"elementor-heading-title elementor-size-default\">Azioni di mitigazione dei cambiamenti climatici \/\/ Verde urbano, consumo di suolo ed edifici a \u201cimpatto zero\u201d<\/h3>\t\t<\/div>\n\t\t\t\t<\/div>\n\t\t\t\t\t<\/div>\n\t\t<\/div>\n\t\t\t\t\t\t\t<\/div>\n\t\t<\/section>\n\t\t\t\t<section class=\"elementor-section elementor-top-section elementor-element elementor-element-56a02b8 elementor-section-boxed elementor-section-height-default elementor-section-height-default\" data-id=\"56a02b8\" data-element_type=\"section\">\n\t\t\t\t\t\t<div class=\"elementor-container elementor-column-gap-default\">\n\t\t\t\t\t<div class=\"elementor-column elementor-col-100 elementor-top-column elementor-element elementor-element-fb1da77\" data-id=\"fb1da77\" data-element_type=\"column\">\n\t\t\t<div class=\"elementor-widget-wrap elementor-element-populated\">\n\t\t\t\t\t\t\t\t<div class=\"elementor-element elementor-element-a36dba1 elementor-widget elementor-widget-spacer\" data-id=\"a36dba1\" data-element_type=\"widget\" data-widget_type=\"spacer.default\">\n\t\t\t\t<div class=\"elementor-widget-container\">\n\t\t\t\t\t<div class=\"elementor-spacer\">\n\t\t\t<div class=\"elementor-spacer-inner\"><\/div>\n\t\t<\/div>\n\t\t\t\t<\/div>\n\t\t\t\t<\/div>\n\t\t\t\t\t<\/div>\n\t\t<\/div>\n\t\t\t\t\t\t\t<\/div>\n\t\t<\/section>\n\t\t\t\t<section class=\"elementor-section elementor-top-section elementor-element elementor-element-f0496b2 elementor-section-boxed elementor-section-height-default elementor-section-height-default\" data-id=\"f0496b2\" data-element_type=\"section\">\n\t\t\t\t\t\t<div class=\"elementor-container elementor-column-gap-default\">\n\t\t\t\t\t<div class=\"elementor-column elementor-col-100 elementor-top-column elementor-element elementor-element-1cc1505\" data-id=\"1cc1505\" data-element_type=\"column\">\n\t\t\t<div class=\"elementor-widget-wrap elementor-element-populated\">\n\t\t\t\t\t\t\t\t<div class=\"elementor-element elementor-element-958c173 elementor-widget-divider--view-line elementor-widget elementor-widget-divider\" data-id=\"958c173\" data-element_type=\"widget\" data-widget_type=\"divider.default\">\n\t\t\t\t<div class=\"elementor-widget-container\">\n\t\t\t\t\t<div class=\"elementor-divider\">\n\t\t\t<span class=\"elementor-divider-separator\">\n\t\t\t\t\t\t<\/span>\n\t\t<\/div>\n\t\t\t\t<\/div>\n\t\t\t\t<\/div>\n\t\t\t\t\t<\/div>\n\t\t<\/div>\n\t\t\t\t\t\t\t<\/div>\n\t\t<\/section>\n\t\t\t\t<section class=\"elementor-section elementor-top-section elementor-element elementor-element-37d858f elementor-section-boxed elementor-section-height-default elementor-section-height-default\" data-id=\"37d858f\" data-element_type=\"section\">\n\t\t\t\t\t\t<div class=\"elementor-container elementor-column-gap-default\">\n\t\t\t\t\t<div class=\"elementor-column elementor-col-100 elementor-top-column elementor-element elementor-element-0cce67c\" data-id=\"0cce67c\" data-element_type=\"column\">\n\t\t\t<div class=\"elementor-widget-wrap elementor-element-populated\">\n\t\t\t\t\t\t\t\t<div class=\"elementor-element elementor-element-be7ca10 elementor-widget elementor-widget-spacer\" data-id=\"be7ca10\" data-element_type=\"widget\" data-widget_type=\"spacer.default\">\n\t\t\t\t<div class=\"elementor-widget-container\">\n\t\t\t\t\t<div class=\"elementor-spacer\">\n\t\t\t<div class=\"elementor-spacer-inner\"><\/div>\n\t\t<\/div>\n\t\t\t\t<\/div>\n\t\t\t\t<\/div>\n\t\t\t\t\t<\/div>\n\t\t<\/div>\n\t\t\t\t\t\t\t<\/div>\n\t\t<\/section>\n\t\t\t\t<section class=\"elementor-section elementor-top-section elementor-element elementor-element-1b40c4e elementor-section-boxed elementor-section-height-default elementor-section-height-default\" data-id=\"1b40c4e\" data-element_type=\"section\">\n\t\t\t\t\t\t<div class=\"elementor-container elementor-column-gap-default\">\n\t\t\t\t\t<div class=\"elementor-column elementor-col-100 elementor-top-column elementor-element elementor-element-eceb864\" data-id=\"eceb864\" data-element_type=\"column\">\n\t\t\t<div class=\"elementor-widget-wrap elementor-element-populated\">\n\t\t\t\t\t\t\t\t<div class=\"elementor-element elementor-element-b9398f3 elementor-widget elementor-widget-text-editor\" data-id=\"b9398f3\" data-element_type=\"widget\" data-widget_type=\"text-editor.default\">\n\t\t\t\t<div class=\"elementor-widget-container\">\n\t\t\t\t\t\t\t\t<p>In un\u2019epoca di urgenza climatica, che sempre pi\u00f9 frequentemente si manifesta anche sul nostro territorio, ci\u00f2 che davvero occorre \u00e8 un piano chiaro per gli anni che verranno, a partire da ora. Un piano che affianchi alle azioni concrete di mitigazione<br \/>azioni di contrasto ai rischi per le nostre vite, la salute, il lavoro e la giustizia sociale, nell\u2019ottica di avviare una vera conversione, ecologica e giusta. La partita per questo cambiamento non si gioca solamente a livello globale, ma anche e soprattutto a livello<br \/>locale, a partire da noi e da quello che decideremo di fare nei nostri territori.<\/p><p>\u00a0<\/p><p>Il verde urbano \u00e8 il primo elemento che dobbiamo iniziare a considerare come\u00a0<span style=\"color: var(--global--color-primary); font-size: var(--global--font-size-base); font-family: var(--global--font-secondary);\">progettualmente integrato nel paesaggio cittadino. Occorre intervenire affinch\u00e9 i\u00a0<\/span><span style=\"color: var(--global--color-primary); font-size: var(--global--font-size-base); font-family: var(--global--font-secondary);\">principali assi stradali della citt\u00e0, cos\u00ec come parcheggi, zone pedonali ed edifici,<\/span><\/p><p>accolgano coperture alberate con tutti i benefici che ne derivano: miglioramento della\u00a0<span style=\"color: var(--global--color-primary); font-size: var(--global--font-size-base); font-family: var(--global--font-secondary);\">qualit\u00e0 dell\u2019aria, riduzione del calore e delle temperature, maggiore qualit\u00e0 della vita e\u00a0<\/span><span style=\"color: var(--global--color-primary); font-size: var(--global--font-size-base); font-family: var(--global--font-secondary);\">disponibilit\u00e0 di acqua di falda e superficiale.<\/span><\/p><p><span style=\"color: var(--global--color-primary); font-size: var(--global--font-size-base); font-family: var(--global--font-secondary);\">\u00a0<\/span><\/p><p>La citt\u00e0, grazie al verde urbano, si arricchisce inoltre di benefici tanto immateriali\u00a0<span style=\"color: var(--global--color-primary); font-size: var(--global--font-size-base); font-family: var(--global--font-secondary);\">quanto fondamentali legati alla presenza di spazi ricreativi e di aggregazione sociale.\u00a0<\/span><span style=\"color: var(--global--color-primary); font-size: var(--global--font-size-base); font-family: var(--global--font-secondary);\">Tutto ci\u00f2 contribuisce alla trasformazione delle citt\u00e0 in spazi pi\u00f9 sostenibili, nei quali<\/span><\/p><p>\u00a0<\/p><p>diventa allora possibile anche un discorso di tutela della biodiversit\u00e0.<\/p><p>\u00a0<\/p><p>Nell\u2019ottica di preservare e custodire i nostri territori, altro punto per cui \u00e8 necessario un\u00a0<span style=\"color: var(--global--color-primary); font-size: var(--global--font-size-base); font-family: var(--global--font-secondary);\">grande passo di responsabilit\u00e0 \u00e8 quello che riguarda il consumo di suolo. La\u00a0<\/span><span style=\"color: var(--global--color-primary); font-size: var(--global--font-size-base); font-family: var(--global--font-secondary);\">sostituzione di aree naturali e agricole con aree a copertura artificiale (edifici,\u00a0<\/span><span style=\"color: var(--global--color-primary); font-size: var(--global--font-size-base); font-family: var(--global--font-secondary);\">fabbricati, infrastrutture, aree estrattive, discariche, cantieri, etc.) \u00e8 arrivata al 7,11%\u00a0<\/span><span style=\"color: var(--global--color-primary); font-size: var(--global--font-size-base); font-family: var(--global--font-secondary);\">rispetto alla media UE del 4,2%. Le colate di cemento nel 2020 hanno riguardato 56,7 km\u00a0<\/span><span style=\"color: var(--global--color-primary); font-size: var(--global--font-size-base); font-family: var(--global--font-secondary);\">quadrati in Italia.<\/span><\/p><p><span style=\"color: var(--global--color-primary); font-size: var(--global--font-size-base); font-family: var(--global--font-secondary);\">\u00a0<\/span><\/p><p>La Lombardia, dove i comuni con rischio idrogeologico medio-alto sono circa l\u201984% del\u00a0<span style=\"color: var(--global--color-primary); font-size: var(--global--font-size-base); font-family: var(--global--font-secondary);\">totale, \u00e8 una delle regioni dove il consumo di suolo \u00e8 pi\u00f9 elevato e se guardiamo i dati\u00a0<\/span><span style=\"color: var(--global--color-primary); font-size: var(--global--font-size-base); font-family: var(--global--font-secondary);\">nazionali, secondo un\u2019indagine di Coldiretti, Varese \u00e8 in assoluto la quarta provincia\u00a0<\/span><span style=\"color: var(--global--color-primary); font-size: var(--global--font-size-base); font-family: var(--global--font-secondary);\">con il territorio pi\u00f9 cementificato.<\/span><\/p><p><span style=\"color: var(--global--color-primary); font-size: var(--global--font-size-base); font-family: var(--global--font-secondary);\">\u00a0<\/span><\/p><p>A livello europeo l\u2019obiettivo del consumo netto di suolo a zero \u00e8 fissato per il 2050:\u00a0<span style=\"color: var(--global--color-primary); font-size: var(--global--font-size-base); font-family: var(--global--font-secondary);\">questo non significa impedire in assoluto di occupare nuovo territorio, ma\u00a0<\/span><span style=\"color: var(--global--color-primary); font-size: var(--global--font-size-base); font-family: var(--global--font-secondary);\">l\u2019occupazione di spazi liberi \u00e8 consentita purch\u00e9 essa avvenga a saldo zero, desigillando<\/span><\/p><p>o ripristinando a determinati usi agricoli o semi-naturali aree di pari\u00a0<span style=\"color: var(--global--color-primary); font-size: var(--global--font-size-base); font-family: var(--global--font-secondary);\">superficie in precedenza urbanizzate e impermeabilizzate.<\/span><\/p><p><span style=\"color: var(--global--color-primary); font-size: var(--global--font-size-base); font-family: var(--global--font-secondary);\">\u00a0<\/span><\/p>\t\t\t\t\t\t<\/div>\n\t\t\t\t<\/div>\n\t\t\t\t\t<\/div>\n\t\t<\/div>\n\t\t\t\t\t\t\t<\/div>\n\t\t<\/section>\n\t\t\t\t<section class=\"elementor-section elementor-top-section elementor-element elementor-element-cc76bad elementor-section-boxed elementor-section-height-default elementor-section-height-default\" data-id=\"cc76bad\" data-element_type=\"section\">\n\t\t\t\t\t\t<div class=\"elementor-container elementor-column-gap-default\">\n\t\t\t\t\t<div class=\"elementor-column elementor-col-100 elementor-top-column elementor-element elementor-element-3211fce\" data-id=\"3211fce\" data-element_type=\"column\">\n\t\t\t<div class=\"elementor-widget-wrap elementor-element-populated\">\n\t\t\t\t\t\t\t\t<div class=\"elementor-element elementor-element-a60b7cb elementor-widget elementor-widget-spacer\" data-id=\"a60b7cb\" data-element_type=\"widget\" data-widget_type=\"spacer.default\">\n\t\t\t\t<div class=\"elementor-widget-container\">\n\t\t\t\t\t<div class=\"elementor-spacer\">\n\t\t\t<div class=\"elementor-spacer-inner\"><\/div>\n\t\t<\/div>\n\t\t\t\t<\/div>\n\t\t\t\t<\/div>\n\t\t\t\t\t<\/div>\n\t\t<\/div>\n\t\t\t\t\t\t\t<\/div>\n\t\t<\/section>\n\t\t\t\t<section class=\"elementor-section elementor-top-section elementor-element elementor-element-013e168 elementor-section-boxed elementor-section-height-default elementor-section-height-default\" data-id=\"013e168\" data-element_type=\"section\" data-settings=\"{&quot;background_background&quot;:&quot;classic&quot;,&quot;shape_divider_top&quot;:&quot;opacity-tilt&quot;}\">\n\t\t\t\t\t<div class=\"elementor-shape elementor-shape-top\" data-negative=\"false\">\n\t\t\t<svg xmlns=\"http:\/\/www.w3.org\/2000\/svg\" viewBox=\"0 0 2600 131.1\" preserveAspectRatio=\"none\">\n\t<path class=\"elementor-shape-fill\" d=\"M0 0L2600 0 2600 69.1 0 0z\"\/>\n\t<path class=\"elementor-shape-fill\" style=\"opacity:0.5\" d=\"M0 0L2600 0 2600 69.1 0 69.1z\"\/>\n\t<path class=\"elementor-shape-fill\" style=\"opacity:0.25\" d=\"M2600 0L0 0 0 130.1 2600 69.1z\"\/>\n<\/svg>\t\t<\/div>\n\t\t\t\t\t<div class=\"elementor-container elementor-column-gap-default\">\n\t\t\t\t\t<div class=\"elementor-column elementor-col-100 elementor-top-column elementor-element elementor-element-f4e42fb\" data-id=\"f4e42fb\" data-element_type=\"column\">\n\t\t\t<div class=\"elementor-widget-wrap elementor-element-populated\">\n\t\t\t\t\t\t\t\t<div class=\"elementor-element elementor-element-e6db4c2 elementor-widget elementor-widget-heading\" data-id=\"e6db4c2\" data-element_type=\"widget\" data-widget_type=\"heading.default\">\n\t\t\t\t<div class=\"elementor-widget-container\">\n\t\t\t<h2 class=\"elementor-heading-title elementor-size-xl\">Crediamo fortemente che una serie di azioni fondamentali non possano pi\u00f9 essere rimandate, come ad esempio lo spostamento delle risorse (anche e soprattutto economiche) su progetti di rigenerazione urbana e riqualificazione del patrimonio edilizio esistente, favorendo e facilitando interventi di trasformazione delle aree marginali presenti in citt\u00e0.<\/h2>\t\t<\/div>\n\t\t\t\t<\/div>\n\t\t\t\t<section class=\"elementor-section elementor-inner-section elementor-element elementor-element-a01e356 elementor-section-boxed elementor-section-height-default elementor-section-height-default\" data-id=\"a01e356\" data-element_type=\"section\">\n\t\t\t\t\t\t<div class=\"elementor-container elementor-column-gap-default\">\n\t\t\t\t\t<div class=\"elementor-column elementor-col-100 elementor-inner-column elementor-element elementor-element-072d4e8\" data-id=\"072d4e8\" data-element_type=\"column\">\n\t\t\t<div class=\"elementor-widget-wrap elementor-element-populated\">\n\t\t\t\t\t\t\t\t<div class=\"elementor-element elementor-element-2159150 elementor-widget elementor-widget-text-editor\" data-id=\"2159150\" data-element_type=\"widget\" data-widget_type=\"text-editor.default\">\n\t\t\t\t<div class=\"elementor-widget-container\">\n\t\t\t\t\t\t\t\t\t\t\t\t\t\t<\/div>\n\t\t\t\t<\/div>\n\t\t\t\t\t<\/div>\n\t\t<\/div>\n\t\t\t\t\t\t\t<\/div>\n\t\t<\/section>\n\t\t\t\t\t<\/div>\n\t\t<\/div>\n\t\t\t\t\t\t\t<\/div>\n\t\t<\/section>\n\t\t\t\t<section class=\"elementor-section elementor-top-section elementor-element elementor-element-636e6d3 elementor-section-boxed elementor-section-height-default elementor-section-height-default\" data-id=\"636e6d3\" data-element_type=\"section\">\n\t\t\t\t\t\t<div class=\"elementor-container elementor-column-gap-default\">\n\t\t\t\t\t<div class=\"elementor-column elementor-col-100 elementor-top-column elementor-element elementor-element-f038e9d\" data-id=\"f038e9d\" data-element_type=\"column\">\n\t\t\t<div class=\"elementor-widget-wrap elementor-element-populated\">\n\t\t\t\t\t\t\t\t<div class=\"elementor-element elementor-element-2b6e7d7 elementor-widget elementor-widget-spacer\" data-id=\"2b6e7d7\" data-element_type=\"widget\" data-widget_type=\"spacer.default\">\n\t\t\t\t<div class=\"elementor-widget-container\">\n\t\t\t\t\t<div class=\"elementor-spacer\">\n\t\t\t<div class=\"elementor-spacer-inner\"><\/div>\n\t\t<\/div>\n\t\t\t\t<\/div>\n\t\t\t\t<\/div>\n\t\t\t\t\t<\/div>\n\t\t<\/div>\n\t\t\t\t\t\t\t<\/div>\n\t\t<\/section>\n\t\t\t\t<section class=\"elementor-section elementor-top-section elementor-element elementor-element-7adaecb elementor-section-boxed elementor-section-height-default elementor-section-height-default\" data-id=\"7adaecb\" data-element_type=\"section\">\n\t\t\t\t\t\t<div class=\"elementor-container elementor-column-gap-default\">\n\t\t\t\t\t<div class=\"elementor-column elementor-col-100 elementor-top-column elementor-element elementor-element-44520a3\" data-id=\"44520a3\" data-element_type=\"column\">\n\t\t\t<div class=\"elementor-widget-wrap elementor-element-populated\">\n\t\t\t\t\t\t\t\t<div class=\"elementor-element elementor-element-2ec4f62 elementor-widget elementor-widget-text-editor\" data-id=\"2ec4f62\" data-element_type=\"widget\" data-widget_type=\"text-editor.default\">\n\t\t\t\t<div class=\"elementor-widget-container\">\n\t\t\t\t\t\t\t\t<p style=\"line-height: var(--wp--typography--line-height, var(--global--line-height-body));\">Infine, la riqualificazione del patrimonio edilizio, cos\u00ec come la costruzione di nuovi edifici,\u00a0<span style=\"color: var(--global--color-primary); font-size: var(--global--font-size-base); font-family: var(--global--font-secondary);\">deve avvenire secondo lo standard europeo nZEB (nearly Zero Energy\u00a0<\/span><span style=\"color: var(--global--color-primary); font-size: var(--global--font-size-base); font-family: var(--global--font-secondary);\">Building) il cui rispetto \u00e8 obbligatorio dal 2021. L\u2019edificio deve avere una elevata<\/span><\/p><p style=\"line-height: var(--wp--typography--line-height, var(--global--line-height-body));\">prestazione energetica, grazie alla quale il fabbisogno di energia risulta molto basso\u00a0<span style=\"color: var(--global--color-primary); font-size: var(--global--font-size-base); font-family: var(--global--font-secondary);\">(quasi nullo) o comunque prodotto in gran parte mediante fonti rinnovabili e in loco. Un\u00a0<\/span><span style=\"color: var(--global--color-primary); font-size: var(--global--font-size-base); font-family: var(--global--font-secondary);\">brillante esempio di edificio nZEB realizzato a Varese, che deve essere riferimento per\u00a0<\/span><span style=\"color: var(--global--color-primary); font-size: var(--global--font-size-base); font-family: var(--global--font-secondary);\">tutti gli edifici pubblici cittadini, \u00e8 la scuola \u201cSilvio Pellico\u201d, riqualificata secondo tale\u00a0<\/span><span style=\"color: var(--global--color-primary); font-size: var(--global--font-size-base); font-family: var(--global--font-secondary);\">standard e inaugurata nel 2019.\u00a0<\/span><span style=\"color: var(--global--color-primary); font-size: var(--global--font-size-base); font-family: var(--global--font-secondary);\">Lo standard nZEB \u00e8 obbligatorio anche per quanto riguarda i nuovi edifici privati e\u00a0<\/span><span style=\"color: var(--global--color-primary); font-size: var(--global--font-size-base); font-family: var(--global--font-secondary);\">l\u2019Amministrazione dovr\u00e0 facilitarne l&#8217;adozione, per esempio inserendo i parametri di\u00a0<\/span><span style=\"color: var(--global--color-primary); font-size: var(--global--font-size-base); font-family: var(--global--font-secondary);\">riferimento nel Regolamento Edilizio comunale.<\/span><\/p>\t\t\t\t\t\t<\/div>\n\t\t\t\t<\/div>\n\t\t\t\t\t<\/div>\n\t\t<\/div>\n\t\t\t\t\t\t\t<\/div>\n\t\t<\/section>\n\t\t\t\t<section class=\"elementor-section elementor-top-section elementor-element elementor-element-dac815c elementor-section-boxed elementor-section-height-default elementor-section-height-default\" data-id=\"dac815c\" data-element_type=\"section\">\n\t\t\t\t\t\t<div class=\"elementor-container elementor-column-gap-default\">\n\t\t\t\t\t<div class=\"elementor-column elementor-col-100 elementor-top-column elementor-element elementor-element-454963f\" data-id=\"454963f\" data-element_type=\"column\">\n\t\t\t<div class=\"elementor-widget-wrap elementor-element-populated\">\n\t\t\t\t\t\t\t\t<div class=\"elementor-element elementor-element-a947c66 elementor-widget elementor-widget-spacer\" data-id=\"a947c66\" data-element_type=\"widget\" data-widget_type=\"spacer.default\">\n\t\t\t\t<div class=\"elementor-widget-container\">\n\t\t\t\t\t<div class=\"elementor-spacer\">\n\t\t\t<div class=\"elementor-spacer-inner\"><\/div>\n\t\t<\/div>\n\t\t\t\t<\/div>\n\t\t\t\t<\/div>\n\t\t\t\t\t<\/div>\n\t\t<\/div>\n\t\t\t\t\t\t\t<\/div>\n\t\t<\/section>\n\t\t\t\t\t\t<\/div>\n\t\t\t\t\t<\/div>\n\t\t","protected":false},"excerpt":{"rendered":"<p>Azioni di mitigazione dei cambiamenti climatici \/\/ Verde urbano, consumo di suolo ed edifici a \u201cimpatto zero\u201d In un\u2019epoca di urgenza climatica, che sempre pi\u00f9 frequentemente si manifesta anche sul nostro territorio, ci\u00f2 che davvero occorre \u00e8 un piano chiaro per gli anni che verranno, a partire da ora. Un piano che affianchi alle azioni&hellip; <a class=\"more-link\" href=\"https:\/\/progettoconcittadino.it\/?page_id=186\">Continua a leggere <span class=\"screen-reader-text\">Azioni di mitigazione dei cambiamenti climatici<\/span><\/a><\/p>\n","protected":false},"author":1,"featured_media":0,"parent":0,"menu_order":0,"comment_status":"closed","ping_status":"closed","template":"elementor_header_footer","meta":{"footnotes":""},"class_list":["post-186","page","type-page","status-publish","hentry","entry"],"yoast_head":"<!-- This site is optimized with the Yoast SEO plugin v16.9 - https:\/\/yoast.com\/wordpress\/plugins\/seo\/ -->\r\n<title>Azioni di mitigazione dei cambiamenti climatici - Progetto Concittadino<\/title>\r\n<meta name=\"robots\" content=\"index, follow, max-snippet:-1, max-image-preview:large, max-video-preview:-1\" \/>\r\n<link rel=\"canonical\" href=\"https:\/\/progettoconcittadino.it\/?page_id=186\" \/>\r\n<meta property=\"og:locale\" content=\"it_IT\" \/>\r\n<meta property=\"og:type\" content=\"article\" \/>\r\n<meta property=\"og:title\" content=\"Azioni di mitigazione dei cambiamenti climatici - Progetto Concittadino\" \/>\r\n<meta property=\"og:description\" content=\"Azioni di mitigazione dei cambiamenti climatici \/\/ Verde urbano, consumo di suolo ed edifici a \u201cimpatto zero\u201d In un\u2019epoca di urgenza climatica, che sempre pi\u00f9 frequentemente si manifesta anche sul nostro territorio, ci\u00f2 che davvero occorre \u00e8 un piano chiaro per gli anni che verranno, a partire da ora. Un piano che affianchi alle azioni&hellip; Continua a leggere Azioni di mitigazione dei cambiamenti climatici\" \/>\r\n<meta property=\"og:url\" content=\"https:\/\/progettoconcittadino.it\/?page_id=186\" \/>\r\n<meta property=\"og:site_name\" content=\"Progetto Concittadino\" \/>\r\n<meta property=\"article:modified_time\" content=\"2021-08-15T10:23:47+00:00\" \/>\r\n<meta name=\"twitter:card\" content=\"summary_large_image\" \/>\r\n<meta name=\"twitter:label1\" content=\"Tempo di lettura stimato\" \/>\n\t<meta name=\"twitter:data1\" content=\"3 minuti\" \/>\r\n<script type=\"application\/ld+json\" class=\"yoast-schema-graph\">{\"@context\":\"https:\/\/schema.org\",\"@graph\":[{\"@type\":\"Organization\",\"@id\":\"https:\/\/progettoconcittadino.it\/#organization\",\"name\":\"progetto concittadino\",\"url\":\"https:\/\/progettoconcittadino.it\/\",\"sameAs\":[],\"logo\":{\"@type\":\"ImageObject\",\"@id\":\"https:\/\/progettoconcittadino.it\/#logo\",\"inLanguage\":\"it-IT\",\"url\":\"https:\/\/progettoconcittadino.it\/wp-content\/uploads\/2021\/08\/200546549_125529756329780_4266939049838858618_n-e1628697656256.jpg\",\"contentUrl\":\"https:\/\/progettoconcittadino.it\/wp-content\/uploads\/2021\/08\/200546549_125529756329780_4266939049838858618_n-e1628697656256.jpg\",\"width\":150,\"height\":150,\"caption\":\"progetto concittadino\"},\"image\":{\"@id\":\"https:\/\/progettoconcittadino.it\/#logo\"}},{\"@type\":\"WebSite\",\"@id\":\"https:\/\/progettoconcittadino.it\/#website\",\"url\":\"https:\/\/progettoconcittadino.it\/\",\"name\":\"Progetto Concittadino\",\"description\":\"\",\"publisher\":{\"@id\":\"https:\/\/progettoconcittadino.it\/#organization\"},\"potentialAction\":[{\"@type\":\"SearchAction\",\"target\":{\"@type\":\"EntryPoint\",\"urlTemplate\":\"https:\/\/progettoconcittadino.it\/?s={search_term_string}\"},\"query-input\":\"required name=search_term_string\"}],\"inLanguage\":\"it-IT\"},{\"@type\":\"WebPage\",\"@id\":\"https:\/\/progettoconcittadino.it\/?page_id=186#webpage\",\"url\":\"https:\/\/progettoconcittadino.it\/?page_id=186\",\"name\":\"Azioni di mitigazione dei cambiamenti climatici - Progetto Concittadino\",\"isPartOf\":{\"@id\":\"https:\/\/progettoconcittadino.it\/#website\"},\"datePublished\":\"2021-08-12T14:50:46+00:00\",\"dateModified\":\"2021-08-15T10:23:47+00:00\",\"breadcrumb\":{\"@id\":\"https:\/\/progettoconcittadino.it\/?page_id=186#breadcrumb\"},\"inLanguage\":\"it-IT\",\"potentialAction\":[{\"@type\":\"ReadAction\",\"target\":[\"https:\/\/progettoconcittadino.it\/?page_id=186\"]}]},{\"@type\":\"BreadcrumbList\",\"@id\":\"https:\/\/progettoconcittadino.it\/?page_id=186#breadcrumb\",\"itemListElement\":[{\"@type\":\"ListItem\",\"position\":1,\"name\":\"Home\",\"item\":\"https:\/\/progettoconcittadino.it\/\"},{\"@type\":\"ListItem\",\"position\":2,\"name\":\"Azioni di mitigazione dei cambiamenti climatici\"}]}]}<\/script>\r\n<!-- \/ Yoast SEO plugin. -->","yoast_head_json":{"title":"Azioni di mitigazione dei cambiamenti climatici - Progetto Concittadino","robots":{"index":"index","follow":"follow","max-snippet":"max-snippet:-1","max-image-preview":"max-image-preview:large","max-video-preview":"max-video-preview:-1"},"canonical":"https:\/\/progettoconcittadino.it\/?page_id=186","og_locale":"it_IT","og_type":"article","og_title":"Azioni di mitigazione dei cambiamenti climatici - Progetto Concittadino","og_description":"Azioni di mitigazione dei cambiamenti climatici \/\/ Verde urbano, consumo di suolo ed edifici a \u201cimpatto zero\u201d In un\u2019epoca di urgenza climatica, che sempre pi\u00f9 frequentemente si manifesta anche sul nostro territorio, ci\u00f2 che davvero occorre \u00e8 un piano chiaro per gli anni che verranno, a partire da ora. Un piano che affianchi alle azioni&hellip; Continua a leggere Azioni di mitigazione dei cambiamenti climatici","og_url":"https:\/\/progettoconcittadino.it\/?page_id=186","og_site_name":"Progetto Concittadino","article_modified_time":"2021-08-15T10:23:47+00:00","twitter_card":"summary_large_image","twitter_misc":{"Tempo di lettura stimato":"3 minuti"},"schema":{"@context":"https:\/\/schema.org","@graph":[{"@type":"Organization","@id":"https:\/\/progettoconcittadino.it\/#organization","name":"progetto concittadino","url":"https:\/\/progettoconcittadino.it\/","sameAs":[],"logo":{"@type":"ImageObject","@id":"https:\/\/progettoconcittadino.it\/#logo","inLanguage":"it-IT","url":"https:\/\/progettoconcittadino.it\/wp-content\/uploads\/2021\/08\/200546549_125529756329780_4266939049838858618_n-e1628697656256.jpg","contentUrl":"https:\/\/progettoconcittadino.it\/wp-content\/uploads\/2021\/08\/200546549_125529756329780_4266939049838858618_n-e1628697656256.jpg","width":150,"height":150,"caption":"progetto concittadino"},"image":{"@id":"https:\/\/progettoconcittadino.it\/#logo"}},{"@type":"WebSite","@id":"https:\/\/progettoconcittadino.it\/#website","url":"https:\/\/progettoconcittadino.it\/","name":"Progetto Concittadino","description":"","publisher":{"@id":"https:\/\/progettoconcittadino.it\/#organization"},"potentialAction":[{"@type":"SearchAction","target":{"@type":"EntryPoint","urlTemplate":"https:\/\/progettoconcittadino.it\/?s={search_term_string}"},"query-input":"required name=search_term_string"}],"inLanguage":"it-IT"},{"@type":"WebPage","@id":"https:\/\/progettoconcittadino.it\/?page_id=186#webpage","url":"https:\/\/progettoconcittadino.it\/?page_id=186","name":"Azioni di mitigazione dei cambiamenti climatici - Progetto Concittadino","isPartOf":{"@id":"https:\/\/progettoconcittadino.it\/#website"},"datePublished":"2021-08-12T14:50:46+00:00","dateModified":"2021-08-15T10:23:47+00:00","breadcrumb":{"@id":"https:\/\/progettoconcittadino.it\/?page_id=186#breadcrumb"},"inLanguage":"it-IT","potentialAction":[{"@type":"ReadAction","target":["https:\/\/progettoconcittadino.it\/?page_id=186"]}]},{"@type":"BreadcrumbList","@id":"https:\/\/progettoconcittadino.it\/?page_id=186#breadcrumb","itemListElement":[{"@type":"ListItem","position":1,"name":"Home","item":"https:\/\/progettoconcittadino.it\/"},{"@type":"ListItem","position":2,"name":"Azioni di mitigazione dei cambiamenti climatici"}]}]}},"_links":{"self":[{"href":"https:\/\/progettoconcittadino.it\/index.php?rest_route=\/wp\/v2\/pages\/186","targetHints":{"allow":["GET"]}}],"collection":[{"href":"https:\/\/progettoconcittadino.it\/index.php?rest_route=\/wp\/v2\/pages"}],"about":[{"href":"https:\/\/progettoconcittadino.it\/index.php?rest_route=\/wp\/v2\/types\/page"}],"author":[{"embeddable":true,"href":"https:\/\/progettoconcittadino.it\/index.php?rest_route=\/wp\/v2\/users\/1"}],"replies":[{"embeddable":true,"href":"https:\/\/progettoconcittadino.it\/index.php?rest_route=%2Fwp%2Fv2%2Fcomments&post=186"}],"version-history":[{"count":7,"href":"https:\/\/progettoconcittadino.it\/index.php?rest_route=\/wp\/v2\/pages\/186\/revisions"}],"predecessor-version":[{"id":193,"href":"https:\/\/progettoconcittadino.it\/index.php?rest_route=\/wp\/v2\/pages\/186\/revisions\/193"}],"wp:attachment":[{"href":"https:\/\/progettoconcittadino.it\/index.php?rest_route=%2Fwp%2Fv2%2Fmedia&parent=186"}],"curies":[{"name":"wp","href":"https:\/\/api.w.org\/{rel}","templated":true}]}}