{"id":139,"date":"2021-08-11T19:19:47","date_gmt":"2021-08-11T19:19:47","guid":{"rendered":"https:\/\/progettoconcittadino.it\/?page_id=139"},"modified":"2021-08-11T19:49:33","modified_gmt":"2021-08-11T19:49:33","slug":"inclusione","status":"publish","type":"page","link":"https:\/\/progettoconcittadino.it\/?page_id=139","title":{"rendered":"Inclusione"},"content":{"rendered":"\t\t<div data-elementor-type=\"wp-page\" data-elementor-id=\"139\" class=\"elementor elementor-139\" data-elementor-settings=\"[]\">\n\t\t\t\t\t\t\t<div class=\"elementor-section-wrap\">\n\t\t\t\t\t\t\t<section class=\"elementor-section elementor-top-section elementor-element elementor-element-7f1f6c5 elementor-section-boxed elementor-section-height-default elementor-section-height-default\" data-id=\"7f1f6c5\" data-element_type=\"section\">\n\t\t\t\t\t\t<div class=\"elementor-container elementor-column-gap-default\">\n\t\t\t\t\t<div class=\"elementor-column elementor-col-100 elementor-top-column elementor-element elementor-element-55fd364\" data-id=\"55fd364\" data-element_type=\"column\">\n\t\t\t<div class=\"elementor-widget-wrap elementor-element-populated\">\n\t\t\t\t\t\t\t\t<div class=\"elementor-element elementor-element-55a412f elementor-widget elementor-widget-heading\" data-id=\"55a412f\" data-element_type=\"widget\" data-widget_type=\"heading.default\">\n\t\t\t\t<div class=\"elementor-widget-container\">\n\t\t\t<h2 class=\"elementor-heading-title elementor-size-large\">Inclusione<\/h2>\t\t<\/div>\n\t\t\t\t<\/div>\n\t\t\t\t\t<\/div>\n\t\t<\/div>\n\t\t\t\t\t\t\t<\/div>\n\t\t<\/section>\n\t\t\t\t<section class=\"elementor-section elementor-top-section elementor-element elementor-element-93232c8 elementor-section-boxed elementor-section-height-default elementor-section-height-default\" data-id=\"93232c8\" data-element_type=\"section\">\n\t\t\t\t\t\t<div class=\"elementor-container elementor-column-gap-default\">\n\t\t\t\t\t<div class=\"elementor-column elementor-col-100 elementor-top-column elementor-element elementor-element-2c66627\" data-id=\"2c66627\" data-element_type=\"column\">\n\t\t\t<div class=\"elementor-widget-wrap elementor-element-populated\">\n\t\t\t\t\t\t\t\t<div class=\"elementor-element elementor-element-909a185 elementor-widget-divider--view-line elementor-widget elementor-widget-divider\" data-id=\"909a185\" data-element_type=\"widget\" data-widget_type=\"divider.default\">\n\t\t\t\t<div class=\"elementor-widget-container\">\n\t\t\t\t\t<div class=\"elementor-divider\">\n\t\t\t<span class=\"elementor-divider-separator\">\n\t\t\t\t\t\t<\/span>\n\t\t<\/div>\n\t\t\t\t<\/div>\n\t\t\t\t<\/div>\n\t\t\t\t\t<\/div>\n\t\t<\/div>\n\t\t\t\t\t\t\t<\/div>\n\t\t<\/section>\n\t\t\t\t<section class=\"elementor-section elementor-top-section elementor-element elementor-element-6a3630f elementor-section-boxed elementor-section-height-default elementor-section-height-default\" data-id=\"6a3630f\" data-element_type=\"section\">\n\t\t\t\t\t\t<div class=\"elementor-container elementor-column-gap-default\">\n\t\t\t\t\t<div class=\"elementor-column elementor-col-100 elementor-top-column elementor-element elementor-element-7a78936\" data-id=\"7a78936\" data-element_type=\"column\">\n\t\t\t<div class=\"elementor-widget-wrap elementor-element-populated\">\n\t\t\t\t\t\t\t\t<div class=\"elementor-element elementor-element-68f2eef elementor-widget elementor-widget-spacer\" data-id=\"68f2eef\" data-element_type=\"widget\" data-widget_type=\"spacer.default\">\n\t\t\t\t<div class=\"elementor-widget-container\">\n\t\t\t\t\t<div class=\"elementor-spacer\">\n\t\t\t<div class=\"elementor-spacer-inner\"><\/div>\n\t\t<\/div>\n\t\t\t\t<\/div>\n\t\t\t\t<\/div>\n\t\t\t\t\t<\/div>\n\t\t<\/div>\n\t\t\t\t\t\t\t<\/div>\n\t\t<\/section>\n\t\t\t\t<section class=\"elementor-section elementor-top-section elementor-element elementor-element-5240c20 elementor-section-boxed elementor-section-height-default elementor-section-height-default\" data-id=\"5240c20\" data-element_type=\"section\">\n\t\t\t\t\t\t<div class=\"elementor-container elementor-column-gap-default\">\n\t\t\t\t\t<div class=\"elementor-column elementor-col-100 elementor-top-column elementor-element elementor-element-6db5f5f\" data-id=\"6db5f5f\" data-element_type=\"column\">\n\t\t\t<div class=\"elementor-widget-wrap elementor-element-populated\">\n\t\t\t\t\t\t\t\t<div class=\"elementor-element elementor-element-68b91ca elementor-widget elementor-widget-text-editor\" data-id=\"68b91ca\" data-element_type=\"widget\" data-widget_type=\"text-editor.default\">\n\t\t\t\t<div class=\"elementor-widget-container\">\n\t\t\t\t\t\t\t\t<p>Progetto Concittadino e Collettiva* ritengono sia prioritario definire azioni concrete per favorire l\u2019inclusione sociale, condizione necessaria per un pieno sviluppo delle potenzialit\u00e0 umane e della collettivit\u00e0.<br \/>L\u2019emergenza climatica e poi quella pandemica hanno reso sempre pi\u00f9 evidente che per promuovere il benessere e la qualit\u00e0 della vita delle persone \u00e8 necessario utilizzare nuovi paradigmi: responsabilit\u00e0, condivisione, interdipendenza, cura. Quella che<br \/>desideriamo costruire \u00e8 una societ\u00e0 della cura che ponga al centro le esistenze delle persone nelle loro interconnessioni, in quanto soggetti attivi nella co-progettazione delle azioni sociali e nella co-gestione delle risorse economiche a loro rivolte. Si tratta di una societ\u00e0 che non fa della necessit\u00e0 di cura una colpa, ma che si interessa, si prende cura e che cura insieme. I vincoli materiali e simbolici dettati dalle condizioni socio economiche di partenza, dall&#8217;appartenenza ad alcuni gruppi sociali e da eventi di vita avversi si possono contrastare con azioni di comunit\u00e0 capaci di connettere risorse<br \/>individuali e collettive.<br \/><br \/><\/p>\t\t\t\t\t\t<\/div>\n\t\t\t\t<\/div>\n\t\t\t\t\t<\/div>\n\t\t<\/div>\n\t\t\t\t\t\t\t<\/div>\n\t\t<\/section>\n\t\t\t\t<section class=\"elementor-section elementor-top-section elementor-element elementor-element-61a275c elementor-section-boxed elementor-section-height-default elementor-section-height-default\" data-id=\"61a275c\" data-element_type=\"section\">\n\t\t\t\t\t\t<div class=\"elementor-container elementor-column-gap-default\">\n\t\t\t\t\t<div class=\"elementor-column elementor-col-100 elementor-top-column elementor-element elementor-element-7600831\" data-id=\"7600831\" data-element_type=\"column\">\n\t\t\t<div class=\"elementor-widget-wrap elementor-element-populated\">\n\t\t\t\t\t\t\t\t<div class=\"elementor-element elementor-element-dcbe039 elementor-widget elementor-widget-spacer\" data-id=\"dcbe039\" data-element_type=\"widget\" data-widget_type=\"spacer.default\">\n\t\t\t\t<div class=\"elementor-widget-container\">\n\t\t\t\t\t<div class=\"elementor-spacer\">\n\t\t\t<div class=\"elementor-spacer-inner\"><\/div>\n\t\t<\/div>\n\t\t\t\t<\/div>\n\t\t\t\t<\/div>\n\t\t\t\t\t<\/div>\n\t\t<\/div>\n\t\t\t\t\t\t\t<\/div>\n\t\t<\/section>\n\t\t\t\t<section class=\"elementor-section elementor-top-section elementor-element elementor-element-3de1380 elementor-section-boxed elementor-section-height-default elementor-section-height-default\" data-id=\"3de1380\" data-element_type=\"section\" data-settings=\"{&quot;background_background&quot;:&quot;classic&quot;,&quot;shape_divider_top&quot;:&quot;opacity-tilt&quot;}\">\n\t\t\t\t\t<div class=\"elementor-shape elementor-shape-top\" data-negative=\"false\">\n\t\t\t<svg xmlns=\"http:\/\/www.w3.org\/2000\/svg\" viewBox=\"0 0 2600 131.1\" preserveAspectRatio=\"none\">\n\t<path class=\"elementor-shape-fill\" d=\"M0 0L2600 0 2600 69.1 0 0z\"\/>\n\t<path class=\"elementor-shape-fill\" style=\"opacity:0.5\" d=\"M0 0L2600 0 2600 69.1 0 69.1z\"\/>\n\t<path class=\"elementor-shape-fill\" style=\"opacity:0.25\" d=\"M2600 0L0 0 0 130.1 2600 69.1z\"\/>\n<\/svg>\t\t<\/div>\n\t\t\t\t\t<div class=\"elementor-container elementor-column-gap-default\">\n\t\t\t\t\t<div class=\"elementor-column elementor-col-100 elementor-top-column elementor-element elementor-element-f12c89e\" data-id=\"f12c89e\" data-element_type=\"column\">\n\t\t\t<div class=\"elementor-widget-wrap elementor-element-populated\">\n\t\t\t\t\t\t\t\t<div class=\"elementor-element elementor-element-a0a624d elementor-widget elementor-widget-heading\" data-id=\"a0a624d\" data-element_type=\"widget\" data-widget_type=\"heading.default\">\n\t\t\t\t<div class=\"elementor-widget-container\">\n\t\t\t<p class=\"elementor-heading-title elementor-size-large\">Riteniamo che sviluppare oggi, nella citt\u00e0 di Varese, azioni virtuose a favore dell\u2019inclusione sociale significhi realizzare:<\/p>\t\t<\/div>\n\t\t\t\t<\/div>\n\t\t\t\t<section class=\"elementor-section elementor-inner-section elementor-element elementor-element-14762c8 elementor-section-boxed elementor-section-height-default elementor-section-height-default\" data-id=\"14762c8\" data-element_type=\"section\">\n\t\t\t\t\t\t<div class=\"elementor-container elementor-column-gap-default\">\n\t\t\t\t\t<div class=\"elementor-column elementor-col-100 elementor-inner-column elementor-element elementor-element-bb99c21\" data-id=\"bb99c21\" data-element_type=\"column\">\n\t\t\t<div class=\"elementor-widget-wrap elementor-element-populated\">\n\t\t\t\t\t\t\t\t<div class=\"elementor-element elementor-element-c1bf44c elementor-widget elementor-widget-text-editor\" data-id=\"c1bf44c\" data-element_type=\"widget\" data-widget_type=\"text-editor.default\">\n\t\t\t\t<div class=\"elementor-widget-container\">\n\t\t\t\t\t\t\t\t<ul><li><strong>Politiche sociali rivolte all\u2019invecchiamento della popolazione, alla povert\u00e0 educativa, al pieno sviluppo della persona con disabilit\u00e0, alla promozione del\u00a0protagonismo giovanile.<\/strong><\/li><\/ul><p>\u00a0<\/p><ul><li><strong>Politiche abitative, declinate sia come diritto alla casa sia come progettazione di spazi comuni.<\/strong><\/li><\/ul><div>\u00a0<\/div><ul><li><strong>Politiche tese allo sviluppo della partecipazione, della costruzione di percorsi di comunit\u00e0, nonch\u00e9 alla\u00a0 valorizzazione dei beni comuni.<\/strong><\/li><\/ul><p>\u00a0<\/p><ul><li><strong>Politiche volte a garantire il rispetto dei diritti di tutte e tutti, con particolare<\/strong><br \/><strong>attenzione a chi subisce ancora oggi discriminazioni per origine e colore della<\/strong><br \/><strong>pelle, identit\u00e0 di genere e orientamento sessuale.<\/strong><\/li><\/ul><div><strong>\u00a0<\/strong><\/div>\t\t\t\t\t\t<\/div>\n\t\t\t\t<\/div>\n\t\t\t\t\t<\/div>\n\t\t<\/div>\n\t\t\t\t\t\t\t<\/div>\n\t\t<\/section>\n\t\t\t\t\t<\/div>\n\t\t<\/div>\n\t\t\t\t\t\t\t<\/div>\n\t\t<\/section>\n\t\t\t\t<section class=\"elementor-section elementor-top-section elementor-element elementor-element-b0c31fb elementor-section-boxed elementor-section-height-default elementor-section-height-default\" data-id=\"b0c31fb\" data-element_type=\"section\">\n\t\t\t\t\t\t<div class=\"elementor-container elementor-column-gap-default\">\n\t\t\t\t\t<div class=\"elementor-column elementor-col-100 elementor-top-column elementor-element elementor-element-b7935cf\" data-id=\"b7935cf\" data-element_type=\"column\">\n\t\t\t<div class=\"elementor-widget-wrap elementor-element-populated\">\n\t\t\t\t\t\t\t\t<div class=\"elementor-element elementor-element-3dac8e7 elementor-widget elementor-widget-spacer\" data-id=\"3dac8e7\" data-element_type=\"widget\" data-widget_type=\"spacer.default\">\n\t\t\t\t<div class=\"elementor-widget-container\">\n\t\t\t\t\t<div class=\"elementor-spacer\">\n\t\t\t<div class=\"elementor-spacer-inner\"><\/div>\n\t\t<\/div>\n\t\t\t\t<\/div>\n\t\t\t\t<\/div>\n\t\t\t\t\t<\/div>\n\t\t<\/div>\n\t\t\t\t\t\t\t<\/div>\n\t\t<\/section>\n\t\t\t\t<section class=\"elementor-section elementor-top-section elementor-element elementor-element-0d4c46e elementor-section-boxed elementor-section-height-default elementor-section-height-default\" data-id=\"0d4c46e\" data-element_type=\"section\">\n\t\t\t\t\t\t<div class=\"elementor-container elementor-column-gap-default\">\n\t\t\t\t\t<div class=\"elementor-column elementor-col-100 elementor-top-column elementor-element elementor-element-cd277e3\" data-id=\"cd277e3\" data-element_type=\"column\">\n\t\t\t<div class=\"elementor-widget-wrap elementor-element-populated\">\n\t\t\t\t\t\t\t\t<div class=\"elementor-element elementor-element-c34f114 elementor-widget elementor-widget-heading\" data-id=\"c34f114\" data-element_type=\"widget\" data-widget_type=\"heading.default\">\n\t\t\t\t<div class=\"elementor-widget-container\">\n\t\t\t<p class=\"elementor-heading-title elementor-size-large\">Progetto Concittadino e Collettiva* ritengono che due obiettivi siano cos\u00ec importanti da essere traiettorie di fondo dell\u2019intero programma.<\/p>\t\t<\/div>\n\t\t\t\t<\/div>\n\t\t\t\t<div class=\"elementor-element elementor-element-70d0a16 elementor-widget elementor-widget-text-editor\" data-id=\"70d0a16\" data-element_type=\"widget\" data-widget_type=\"text-editor.default\">\n\t\t\t\t<div class=\"elementor-widget-container\">\n\t\t\t\t\t\t\t\t<p>Progetto Concittadino e Collettiva* ritengono sia prioritario definire azioni concrete per favorire l\u2019inclusione sociale, condizione necessaria per un pieno sviluppo delle potenzialit\u00e0 umane e della collettivit\u00e0.<br \/>L\u2019emergenza climatica e poi quella pandemica hanno reso sempre pi\u00f9 evidente che per promuovere il benessere e la qualit\u00e0 della vita delle persone \u00e8 necessario utilizzare nuovi paradigmi: responsabilit\u00e0, condivisione, interdipendenza, cura. Quella che<br \/>desideriamo costruire \u00e8 una societ\u00e0 della cura che ponga al centro le esistenze delle persone nelle loro interconnessioni, in quanto soggetti attivi nella co-progettazione delle azioni sociali e nella co-gestione delle risorse economiche a loro rivolte. Si tratta di una societ\u00e0 che non fa della necessit\u00e0 di cura una colpa, ma che si interessa, si prende cura e che cura insieme. I vincoli materiali e simbolici dettati dalle condizioni socio economiche di partenza, dall&#8217;appartenenza ad alcuni gruppi sociali e da eventi di vita avversi si possono contrastare con azioni di comunit\u00e0 capaci di connettere risorse<br \/>individuali e collettive.<br \/>Riteniamo che sviluppare oggi, nella citt\u00e0 di Varese, azioni virtuose a favore dell\u2019inclusione sociale significhi realizzare:<\/p>\t\t\t\t\t\t<\/div>\n\t\t\t\t<\/div>\n\t\t\t\t<section class=\"elementor-section elementor-inner-section elementor-element elementor-element-cb25e18 elementor-section-boxed elementor-section-height-default elementor-section-height-default\" data-id=\"cb25e18\" data-element_type=\"section\">\n\t\t\t\t\t\t<div class=\"elementor-container elementor-column-gap-default\">\n\t\t\t\t\t<div class=\"elementor-column elementor-col-100 elementor-inner-column elementor-element elementor-element-3e657f4\" data-id=\"3e657f4\" data-element_type=\"column\">\n\t\t\t<div class=\"elementor-widget-wrap elementor-element-populated\">\n\t\t\t\t\t\t\t\t<div class=\"elementor-element elementor-element-3674c78 elementor-widget elementor-widget-text-editor\" data-id=\"3674c78\" data-element_type=\"widget\" data-widget_type=\"text-editor.default\">\n\t\t\t\t<div class=\"elementor-widget-container\">\n\t\t\t\t\t\t\t\t<div><br><\/div>\n<ul>\n<li>Il contrasto al disagio economico e alla povert\u00e0, condizioni esistenziali che si sono aggravate per le conseguenze sociali della pandemia (la povert\u00e0 non \u00e8 mai solo mancanza di risorse economiche, ma si configura anche come esclusione, salute precaria, impossibilit\u00e0 a realizzare i propri talenti).&nbsp;<\/li>\n<\/ul>\n<div><br><\/div>\n<ul>\n<li>Il contrasto alla disparit\u00e0 di genere, intersezionale e quindi trasversale ad ogni azione sociale (la condizione femminile spesso si interseca con altre forme di vulnerabilit\u00e0, legate a differenti condizioni socio-economiche e all\u2019appartenenza a gruppi sociali emarginati).<\/li>\n<\/ul><div><br><\/div><div><br><\/div>\n<div><br><\/div>\n<div>\n<div>\n<div>Riteniamo che la complessit\u00e0 di gestione delle politiche per l\u2019inclusione renda&nbsp;<span style=\"color: var( --e-global-color-60a3726 ); font-size: var(--global--font-size-base); font-family: var(--global--font-secondary);\">imprescindibile la strutturazione di un Piano Regolatore Sociale capace di connettere in&nbsp;<\/span><span style=\"color: var( --e-global-color-60a3726 ); font-size: var(--global--font-size-base); font-family: var(--global--font-secondary);\">modo dinamico i bisogni e le risposte attivando percorsi di partecipazione sociale.<\/span><\/div>\n<\/div>\n<\/div>\t\t\t\t\t\t<\/div>\n\t\t\t\t<\/div>\n\t\t\t\t\t<\/div>\n\t\t<\/div>\n\t\t\t\t\t\t\t<\/div>\n\t\t<\/section>\n\t\t\t\t\t<\/div>\n\t\t<\/div>\n\t\t\t\t\t\t\t<\/div>\n\t\t<\/section>\n\t\t\t\t<section class=\"elementor-section elementor-top-section elementor-element elementor-element-fcac087 elementor-section-boxed elementor-section-height-default elementor-section-height-default\" data-id=\"fcac087\" data-element_type=\"section\">\n\t\t\t\t\t\t<div class=\"elementor-container elementor-column-gap-default\">\n\t\t\t\t\t<div class=\"elementor-column elementor-col-100 elementor-top-column elementor-element elementor-element-73c4085\" data-id=\"73c4085\" data-element_type=\"column\">\n\t\t\t<div class=\"elementor-widget-wrap elementor-element-populated\">\n\t\t\t\t\t\t\t\t<div class=\"elementor-element elementor-element-16449b3 elementor-widget elementor-widget-spacer\" data-id=\"16449b3\" data-element_type=\"widget\" data-widget_type=\"spacer.default\">\n\t\t\t\t<div class=\"elementor-widget-container\">\n\t\t\t\t\t<div class=\"elementor-spacer\">\n\t\t\t<div class=\"elementor-spacer-inner\"><\/div>\n\t\t<\/div>\n\t\t\t\t<\/div>\n\t\t\t\t<\/div>\n\t\t\t\t\t<\/div>\n\t\t<\/div>\n\t\t\t\t\t\t\t<\/div>\n\t\t<\/section>\n\t\t\t\t\t\t<\/div>\n\t\t\t\t\t<\/div>\n\t\t","protected":false},"excerpt":{"rendered":"<p>Inclusione Progetto Concittadino e Collettiva* ritengono sia prioritario definire azioni concrete per favorire l\u2019inclusione sociale, condizione necessaria per un pieno sviluppo delle potenzialit\u00e0 umane e della collettivit\u00e0.L\u2019emergenza climatica e poi quella pandemica hanno reso sempre pi\u00f9 evidente che per promuovere il benessere e la qualit\u00e0 della vita delle persone \u00e8 necessario utilizzare nuovi paradigmi: responsabilit\u00e0,&hellip; <a class=\"more-link\" href=\"https:\/\/progettoconcittadino.it\/?page_id=139\">Continua a leggere <span class=\"screen-reader-text\">Inclusione<\/span><\/a><\/p>\n","protected":false},"author":1,"featured_media":0,"parent":0,"menu_order":0,"comment_status":"closed","ping_status":"closed","template":"elementor_header_footer","meta":{"footnotes":""},"class_list":["post-139","page","type-page","status-publish","hentry","entry"],"yoast_head":"<!-- This site is optimized with the Yoast SEO plugin v16.9 - https:\/\/yoast.com\/wordpress\/plugins\/seo\/ -->\r\n<title>Inclusione - Progetto Concittadino<\/title>\r\n<meta name=\"robots\" content=\"index, follow, max-snippet:-1, max-image-preview:large, max-video-preview:-1\" \/>\r\n<link rel=\"canonical\" href=\"https:\/\/progettoconcittadino.it\/?page_id=139\" \/>\r\n<meta property=\"og:locale\" content=\"it_IT\" \/>\r\n<meta property=\"og:type\" content=\"article\" \/>\r\n<meta property=\"og:title\" content=\"Inclusione - Progetto Concittadino\" \/>\r\n<meta property=\"og:description\" content=\"Inclusione Progetto Concittadino e Collettiva* ritengono sia prioritario definire azioni concrete per favorire l\u2019inclusione sociale, condizione necessaria per un pieno sviluppo delle potenzialit\u00e0 umane e della collettivit\u00e0.L\u2019emergenza climatica e poi quella pandemica hanno reso sempre pi\u00f9 evidente che per promuovere il benessere e la qualit\u00e0 della vita delle persone \u00e8 necessario utilizzare nuovi paradigmi: responsabilit\u00e0,&hellip; Continua a leggere Inclusione\" \/>\r\n<meta property=\"og:url\" content=\"https:\/\/progettoconcittadino.it\/?page_id=139\" \/>\r\n<meta property=\"og:site_name\" content=\"Progetto Concittadino\" \/>\r\n<meta property=\"article:modified_time\" content=\"2021-08-11T19:49:33+00:00\" \/>\r\n<meta name=\"twitter:card\" content=\"summary_large_image\" \/>\r\n<meta name=\"twitter:label1\" content=\"Tempo di lettura stimato\" \/>\n\t<meta name=\"twitter:data1\" content=\"3 minuti\" \/>\r\n<script type=\"application\/ld+json\" class=\"yoast-schema-graph\">{\"@context\":\"https:\/\/schema.org\",\"@graph\":[{\"@type\":\"Organization\",\"@id\":\"https:\/\/progettoconcittadino.it\/#organization\",\"name\":\"progetto concittadino\",\"url\":\"https:\/\/progettoconcittadino.it\/\",\"sameAs\":[],\"logo\":{\"@type\":\"ImageObject\",\"@id\":\"https:\/\/progettoconcittadino.it\/#logo\",\"inLanguage\":\"it-IT\",\"url\":\"https:\/\/progettoconcittadino.it\/wp-content\/uploads\/2021\/08\/200546549_125529756329780_4266939049838858618_n-e1628697656256.jpg\",\"contentUrl\":\"https:\/\/progettoconcittadino.it\/wp-content\/uploads\/2021\/08\/200546549_125529756329780_4266939049838858618_n-e1628697656256.jpg\",\"width\":150,\"height\":150,\"caption\":\"progetto concittadino\"},\"image\":{\"@id\":\"https:\/\/progettoconcittadino.it\/#logo\"}},{\"@type\":\"WebSite\",\"@id\":\"https:\/\/progettoconcittadino.it\/#website\",\"url\":\"https:\/\/progettoconcittadino.it\/\",\"name\":\"Progetto Concittadino\",\"description\":\"\",\"publisher\":{\"@id\":\"https:\/\/progettoconcittadino.it\/#organization\"},\"potentialAction\":[{\"@type\":\"SearchAction\",\"target\":{\"@type\":\"EntryPoint\",\"urlTemplate\":\"https:\/\/progettoconcittadino.it\/?s={search_term_string}\"},\"query-input\":\"required name=search_term_string\"}],\"inLanguage\":\"it-IT\"},{\"@type\":\"WebPage\",\"@id\":\"https:\/\/progettoconcittadino.it\/?page_id=139#webpage\",\"url\":\"https:\/\/progettoconcittadino.it\/?page_id=139\",\"name\":\"Inclusione - Progetto Concittadino\",\"isPartOf\":{\"@id\":\"https:\/\/progettoconcittadino.it\/#website\"},\"datePublished\":\"2021-08-11T19:19:47+00:00\",\"dateModified\":\"2021-08-11T19:49:33+00:00\",\"breadcrumb\":{\"@id\":\"https:\/\/progettoconcittadino.it\/?page_id=139#breadcrumb\"},\"inLanguage\":\"it-IT\",\"potentialAction\":[{\"@type\":\"ReadAction\",\"target\":[\"https:\/\/progettoconcittadino.it\/?page_id=139\"]}]},{\"@type\":\"BreadcrumbList\",\"@id\":\"https:\/\/progettoconcittadino.it\/?page_id=139#breadcrumb\",\"itemListElement\":[{\"@type\":\"ListItem\",\"position\":1,\"name\":\"Home\",\"item\":\"https:\/\/progettoconcittadino.it\/\"},{\"@type\":\"ListItem\",\"position\":2,\"name\":\"Inclusione\"}]}]}<\/script>\r\n<!-- \/ Yoast SEO plugin. -->","yoast_head_json":{"title":"Inclusione - Progetto Concittadino","robots":{"index":"index","follow":"follow","max-snippet":"max-snippet:-1","max-image-preview":"max-image-preview:large","max-video-preview":"max-video-preview:-1"},"canonical":"https:\/\/progettoconcittadino.it\/?page_id=139","og_locale":"it_IT","og_type":"article","og_title":"Inclusione - Progetto Concittadino","og_description":"Inclusione Progetto Concittadino e Collettiva* ritengono sia prioritario definire azioni concrete per favorire l\u2019inclusione sociale, condizione necessaria per un pieno sviluppo delle potenzialit\u00e0 umane e della collettivit\u00e0.L\u2019emergenza climatica e poi quella pandemica hanno reso sempre pi\u00f9 evidente che per promuovere il benessere e la qualit\u00e0 della vita delle persone \u00e8 necessario utilizzare nuovi paradigmi: responsabilit\u00e0,&hellip; Continua a leggere Inclusione","og_url":"https:\/\/progettoconcittadino.it\/?page_id=139","og_site_name":"Progetto Concittadino","article_modified_time":"2021-08-11T19:49:33+00:00","twitter_card":"summary_large_image","twitter_misc":{"Tempo di lettura stimato":"3 minuti"},"schema":{"@context":"https:\/\/schema.org","@graph":[{"@type":"Organization","@id":"https:\/\/progettoconcittadino.it\/#organization","name":"progetto concittadino","url":"https:\/\/progettoconcittadino.it\/","sameAs":[],"logo":{"@type":"ImageObject","@id":"https:\/\/progettoconcittadino.it\/#logo","inLanguage":"it-IT","url":"https:\/\/progettoconcittadino.it\/wp-content\/uploads\/2021\/08\/200546549_125529756329780_4266939049838858618_n-e1628697656256.jpg","contentUrl":"https:\/\/progettoconcittadino.it\/wp-content\/uploads\/2021\/08\/200546549_125529756329780_4266939049838858618_n-e1628697656256.jpg","width":150,"height":150,"caption":"progetto concittadino"},"image":{"@id":"https:\/\/progettoconcittadino.it\/#logo"}},{"@type":"WebSite","@id":"https:\/\/progettoconcittadino.it\/#website","url":"https:\/\/progettoconcittadino.it\/","name":"Progetto Concittadino","description":"","publisher":{"@id":"https:\/\/progettoconcittadino.it\/#organization"},"potentialAction":[{"@type":"SearchAction","target":{"@type":"EntryPoint","urlTemplate":"https:\/\/progettoconcittadino.it\/?s={search_term_string}"},"query-input":"required name=search_term_string"}],"inLanguage":"it-IT"},{"@type":"WebPage","@id":"https:\/\/progettoconcittadino.it\/?page_id=139#webpage","url":"https:\/\/progettoconcittadino.it\/?page_id=139","name":"Inclusione - Progetto Concittadino","isPartOf":{"@id":"https:\/\/progettoconcittadino.it\/#website"},"datePublished":"2021-08-11T19:19:47+00:00","dateModified":"2021-08-11T19:49:33+00:00","breadcrumb":{"@id":"https:\/\/progettoconcittadino.it\/?page_id=139#breadcrumb"},"inLanguage":"it-IT","potentialAction":[{"@type":"ReadAction","target":["https:\/\/progettoconcittadino.it\/?page_id=139"]}]},{"@type":"BreadcrumbList","@id":"https:\/\/progettoconcittadino.it\/?page_id=139#breadcrumb","itemListElement":[{"@type":"ListItem","position":1,"name":"Home","item":"https:\/\/progettoconcittadino.it\/"},{"@type":"ListItem","position":2,"name":"Inclusione"}]}]}},"_links":{"self":[{"href":"https:\/\/progettoconcittadino.it\/index.php?rest_route=\/wp\/v2\/pages\/139","targetHints":{"allow":["GET"]}}],"collection":[{"href":"https:\/\/progettoconcittadino.it\/index.php?rest_route=\/wp\/v2\/pages"}],"about":[{"href":"https:\/\/progettoconcittadino.it\/index.php?rest_route=\/wp\/v2\/types\/page"}],"author":[{"embeddable":true,"href":"https:\/\/progettoconcittadino.it\/index.php?rest_route=\/wp\/v2\/users\/1"}],"replies":[{"embeddable":true,"href":"https:\/\/progettoconcittadino.it\/index.php?rest_route=%2Fwp%2Fv2%2Fcomments&post=139"}],"version-history":[{"count":10,"href":"https:\/\/progettoconcittadino.it\/index.php?rest_route=\/wp\/v2\/pages\/139\/revisions"}],"predecessor-version":[{"id":155,"href":"https:\/\/progettoconcittadino.it\/index.php?rest_route=\/wp\/v2\/pages\/139\/revisions\/155"}],"wp:attachment":[{"href":"https:\/\/progettoconcittadino.it\/index.php?rest_route=%2Fwp%2Fv2%2Fmedia&parent=139"}],"curies":[{"name":"wp","href":"https:\/\/api.w.org\/{rel}","templated":true}]}}